{"id":20,"date":"2022-10-02T12:45:42","date_gmt":"2022-10-02T10:45:42","guid":{"rendered":"https:\/\/www.cellactiva.com\/at-de\/?page_id=20"},"modified":"2023-08-05T08:22:27","modified_gmt":"2023-08-05T06:22:27","slug":"grundlagen","status":"publish","type":"page","link":"https:\/\/www.cellactiva.com\/at-de\/grundlagen\/","title":{"rendered":"Grundlagen"},"content":{"rendered":"<p>[et_pb_section fb_built=&#8220;1&#8243; _builder_version=&#8220;4.18.0&#8243; _module_preset=&#8220;default&#8220; custom_padding=&#8220;||54px|||&#8220; global_colors_info=&#8220;{}&#8220;][et_pb_row _builder_version=&#8220;4.18.1&#8243; _module_preset=&#8220;default&#8220; global_colors_info=&#8220;{}&#8220;][et_pb_column type=&#8220;4_4&#8243; _builder_version=&#8220;4.18.1&#8243; _module_preset=&#8220;default&#8220; global_colors_info=&#8220;{}&#8220;][et_pb_text _builder_version=&#8220;4.18.1&#8243; _module_preset=&#8220;default&#8220; global_colors_info=&#8220;{}&#8220;]<\/p>\n<h1 style=\"text-align: center;\">Grundlagen der <strong>cell<\/strong><em>activa<\/em> <strong>plus<\/strong> Technologie<\/h1>\n<p>[\/et_pb_text][\/et_pb_column][\/et_pb_row][et_pb_row column_structure=&#8220;2_5,3_5&#8243; _builder_version=&#8220;4.18.1&#8243; _module_preset=&#8220;default&#8220; global_colors_info=&#8220;{}&#8220;][et_pb_column type=&#8220;2_5&#8243; _builder_version=&#8220;4.18.1&#8243; _module_preset=&#8220;default&#8220; border_radii=&#8220;off|10px|0px|0px|&#8220; global_colors_info=&#8220;{}&#8220;][et_pb_image src=&#8220;https:\/\/www.cellactiva.com\/at-de\/wp-content\/uploads\/sites\/4\/2022\/11\/cellactiva_Der-Mensch-funktioniert-elektrisch__r.jpg&#8220; title_text=&#8220;cellactiva_Der-Mensch-funktioniert-elektrisch__r&#8220; _builder_version=&#8220;4.19.0&#8243; _module_preset=&#8220;default&#8220; border_radii=&#8220;on|10px|10px|10px|10px&#8220; global_colors_info=&#8220;{}&#8220;][\/et_pb_image][\/et_pb_column][et_pb_column type=&#8220;3_5&#8243; _builder_version=&#8220;4.18.1&#8243; _module_preset=&#8220;default&#8220; border_radii=&#8220;off|0px|10px|10px|0px&#8220; global_colors_info=&#8220;{}&#8220;][et_pb_text _builder_version=&#8220;4.19.5&#8243; _module_preset=&#8220;default&#8220; custom_padding=&#8220;0px|||||&#8220; global_colors_info=&#8220;{}&#8220;]<\/p>\n<h2>Der Mensch funktioniert elektrisch<\/h2>\n<p><strong>Wir schreiben das Jahr 1958.<\/strong> Ein junger Orthop\u00e4de beginnt seine Arbeit am Presbyterian Hospital in Syracuse, NJ, USA. Sein Name ist Dr. med. Robert O. Becker. Er f\u00fchrt Operationen durch, richtet Knochenbr\u00fcche und k\u00fcmmert sich danach aufmerksam um seine Patienten.<\/p>\n<p><strong>Dabei stellt er Merkw\u00fcrdiges fest<\/strong>: Manche Knochenbr\u00fcche heilen schnell, manche langsam und andere wollen \u00fcberhaupt nicht heilen. Offensichtlich blockiert irgendetwas die Heilkr\u00e4fte des K\u00f6rpers. Das macht ihn neugierig und er stellt einen Antrag auf Forschungsgelder. Schlie\u00dflich bekommt er das Budget und beginnt 1961 mit seinen Forschungen.<\/p>\n<p><strong>Er entdeckt unterschiedliche<\/strong> <strong>elektrische Spannungen<\/strong> an Rumpf und Gliedma\u00dfen. Die Spannung \u00e4ndert sich, wenn der K\u00f6rper Wunden oder Knochenbr\u00fcche heilt. Mehr noch: Er entdeckt einen direkten Zusammenhang zwischen elektrischen Spannungen und Heilungsvorg\u00e4ngen. Schon bald kann er schlecht heilende Knochenbr\u00fcche durch leichte Str\u00f6me schneller heilen lassen.<\/p>\n<p><strong>Heute wissen wir:<\/strong><\/p>\n<p>Bestimmte elektrische Str\u00f6me und die daraus entstehenden Magnetfelder k\u00f6nnen den Organismus positiv beeinflussen.<\/p>\n<p>[\/et_pb_text][et_pb_accordion toggle_icon=&#8220;&#xf078;||fa||900&#8243; _builder_version=&#8220;4.19.0&#8243; _module_preset=&#8220;default&#8220; global_colors_info=&#8220;{}&#8220;][et_pb_accordion_item title=&#8220;Elektrische Spannungen am K\u00f6rper&#8220; open=&#8220;on&#8220; _builder_version=&#8220;4.19.0&#8243; _module_preset=&#8220;default&#8220; global_colors_info=&#8220;{}&#8220;]<\/p>\n<p><strong>Zuerst untersucht Dr. Becker Salamander<\/strong>, weil bei ihnen ganze Gliedma\u00dfen nachwachsen k\u00f6nnen. Salamander sind sozusagen die Weltmeister der Selbstheilung. Dr. Becker stellt fest, dass im K\u00f6rper eines gesunden Salamanders eine elektrische Spannung vorhanden ist. Der Kopf ist elektrisch positiv geladen, Gliedma\u00dfen elektrisch negativ.<\/p>\n<p><span style=\"color: #9b111e;\"><img loading=\"lazy\" decoding=\"async\" src=\"https:\/\/www.cellactiva.com\/at-de\/wp-content\/uploads\/sites\/4\/2022\/11\/cellactiva_Elektrische-Spannungen-am-Koerper__r.jpg\" width=\"500\" height=\"982\" alt=\"\" class=\"wp-image-1526 aligncenter size-full\" srcset=\"https:\/\/www.cellactiva.com\/at-de\/wp-content\/uploads\/sites\/4\/2022\/11\/cellactiva_Elektrische-Spannungen-am-Koerper__r.jpg 500w, https:\/\/www.cellactiva.com\/at-de\/wp-content\/uploads\/sites\/4\/2022\/11\/cellactiva_Elektrische-Spannungen-am-Koerper__r-480x943.jpg 480w\" sizes=\"(min-width: 0px) and (max-width: 480px) 480px, (min-width: 481px) 500px, 100vw\" \/><\/span><\/p>\n<p><span style=\"color: #9b111e;\">cellactiva_Elektrische-Spannungen-am-K\u00f6rper<\/span><br \/><span style=\"color: #9b111e;\">[<em>nach Prof. Dr. med. Robert O. Becker<\/em>]<\/span><br \/><span style=\"color: #9b111e;\">\u00a9 <strong>cell<\/strong><em>activa<\/em><\/span><\/p>\n<p><strong>Beim menschlichen K\u00f6rper ist es genauso<\/strong>. Kopf und Rumpf sind elektrisch positiv geladen, Arme und Beine elektrisch negativ.<\/p>\n<p>[\/et_pb_accordion_item][\/et_pb_accordion][et_pb_accordion toggle_icon=&#8220;&#xf078;||fa||900&#8243; _builder_version=&#8220;4.19.0&#8243; _module_preset=&#8220;default&#8220; global_colors_info=&#8220;{}&#8220;][et_pb_accordion_item title=&#8220;Das Wunder der Regeneration&#8220; open=&#8220;on&#8220; _builder_version=&#8220;4.19.0&#8243; _module_preset=&#8220;default&#8220; global_colors_info=&#8220;{}&#8220;]<\/p>\n<p><strong>Als Dr. Becker ein Vorderbein eines Salamanders amputiert<\/strong>, kann er am n\u00e4chsten Tag an der Wunde pl\u00f6tzlich eine positive elektrische Spannung messen. Dr. Becker ist v\u00f6llig \u00fcberrascht. Irgendetwas Geheimnisvolles l\u00e4uft da im K\u00f6rper des Salamanders ab. Dr. Becker setzt seine Messungen \u00fcber mehrere Tage fort.<\/p>\n<p><strong>Ab dem dritten Tag<\/strong> sinkt die elektrische Spannung langsam deutlich in den negativen Bereich. Nachdem das Bein nachgewachsen war, kehrt die elektrische Spannung wieder in den Normalzustand zur\u00fcck.<\/p>\n<p><strong>Beim Grasfrosch<\/strong> fehlt diese starke negative elektrische Spannung. Seine Gliedma\u00dfen wachsen nicht nach.<\/p>\n<p><span style=\"color: #9b111e;\"><img loading=\"lazy\" decoding=\"async\" src=\"https:\/\/www.cellactiva.com\/at-de\/wp-content\/uploads\/sites\/4\/2022\/11\/cellactiva_Das-Wunder-der-Regeneration__r.jpg\" width=\"500\" height=\"425\" alt=\"\" class=\"wp-image-1518 aligncenter size-full\" srcset=\"https:\/\/www.cellactiva.com\/at-de\/wp-content\/uploads\/sites\/4\/2022\/11\/cellactiva_Das-Wunder-der-Regeneration__r.jpg 500w, https:\/\/www.cellactiva.com\/at-de\/wp-content\/uploads\/sites\/4\/2022\/11\/cellactiva_Das-Wunder-der-Regeneration__r-480x408.jpg 480w\" sizes=\"(min-width: 0px) and (max-width: 480px) 480px, (min-width: 481px) 500px, 100vw\" \/>cellactiva_Das-Wunder-der-Regeneration <\/span><br \/><span style=\"color: #9b111e;\">[<em>nach Prof. Dr. med. Robert O. Becker<\/em>]<\/span><br \/><span style=\"color: #9b111e;\">\u00a9 <strong>cell<\/strong><em>activa<\/em><\/span><\/p>\n<p><strong>Dr. Becker f\u00fchrt viele weitere Versuche durch<\/strong>. Das Prinzip ist immer das Gleiche. Es scheint, dass elektrische Str\u00f6me die Heilung von Knochenbr\u00fcchen und Wunden steuern.<\/p>\n<p><strong>Davon motiviert<\/strong>, f\u00fchrt er Messungen auch an seinen Patienten durch. Bei den Patienten mit gut heilenden Knochenbr\u00fcchen sind diese Str\u00f6me deutlich messbar, bei den schlecht heilenden nicht. Diesen Patienten verabreicht er \u00fcber Elektroden einen schwachen elektrischen Strom (<em>Gleichstrom<\/em>). Und was passiert? Jetzt heilen auch diese Knochenbr\u00fcche schneller. Er ist begeistert. Die Fachwelt auch.<\/p>\n<p><strong>Aufgrund seiner bahnbrechenden Forschungsarbeiten<\/strong> wurde Prof. Dr. med. Robert O. Becker sogar zwei Mal zum Nobelpreis f\u00fcr Medizin vorgeschlagen.<\/p>\n<p><strong>Seit Ende der 1960er Jahre<\/strong> werden elektrische Str\u00f6me, insbesondere die dadurch entstehenden Magnetfelder, in der Medizin erfolgreich zur Knochenheilung eingesetzt. Aber nicht nur die Knochenheilung funktioniert elektrisch\u2026<\/p>\n<p style=\"text-align: center;\"><strong>Heute wissen wir:<\/strong><\/p>\n<p><strong>Die Informations\u00fcbertragung der Nerven<\/strong> funktioniert elektrisch, und zwar durch eine \u00c4nderung der elektrischen Spannung in den Nervenzellen. Das ist \u00fcber Messger\u00e4te eindeutig nachweisbar und wird ENG (<em>Elektroneurogramm<\/em>) genannt.<\/p>\n<p><strong>Wenn sich Muskeln zusammenziehen<\/strong>, sind auch elektrische Spannungen messbar. Das EMG (<em>Elektromyogramm<\/em>) macht diese sichtbar.<\/p>\n<p><strong>Am Herzmuskel<\/strong> ist das \u00fcber ein EKG (<em>Elektrokardiogramm<\/em>) besonders deutlich zu messen.<\/p>\n<p><strong>Auch das Gehirn erzeugt Str\u00f6me<\/strong>. Mit dem EEG (<em>Elektroenzephalogramm<\/em>) werden diese Gehirnstr\u00f6me gemessen.<\/p>\n<p style=\"text-align: center;\"><strong>Elektrizit\u00e4t mit ihren elektromagnetischen Kr\u00e4ften heilen Knochenbr\u00fcche!<\/strong><\/p>\n<p style=\"text-align: center;\"><strong>K\u00f6nnen sie m\u00f6glicherweise noch viel mehr heilen?<\/strong><\/p>\n<p>[\/et_pb_accordion_item][\/et_pb_accordion][et_pb_accordion toggle_icon=&#8220;&#xf078;||fa||900&#8243; _builder_version=&#8220;4.21.0&#8243; _module_preset=&#8220;default&#8220; hover_enabled=&#8220;0&#8243; global_colors_info=&#8220;{}&#8220; sticky_enabled=&#8220;0&#8243;][et_pb_accordion_item title=&#8220;Der Weg von Dr. Becker zu cellactiva&#8220; open=&#8220;on&#8220; _builder_version=&#8220;4.21.0&#8243; _module_preset=&#8220;default&#8220; hover_enabled=&#8220;0&#8243; global_colors_info=&#8220;{}&#8220; sticky_enabled=&#8220;0&#8243;]<\/p>\n<p><strong>Die Spuren f\u00fchren jetzt nach Deutschland<\/strong>. Wir schreiben das Jahr 1978. An der Uni Saarbr\u00fcchen <em>(Deutschland)<\/em> beginnen am Institut f\u00fcr Biomedizin-Technik Forschungsarbeiten zum Thema \u201eWirkungen elektromagnetischer Schwingungen und Felder einschlie\u00dflich Licht auf Organismen\u201c.<\/p>\n<p><strong>Einer der Schwerpunkte<\/strong> war die Suche nach einer technischen M\u00f6glichkeit, die Sauerstoffversorgung der K\u00f6rperzellen zu verbessern. Das gelang durch eine gezielte Verschiebung von Wasserstoff-Ionen in den Kapillaren und m\u00fcndete 1991 im Patent \u201eIonentransport\u201c.<\/p>\n<p>In den folgenden 30 Jahren gab es \u00fcber <strong>22 Millionen Anwendungen<\/strong> mit dieser Technologie. Die Studien best\u00e4tigten die Forschungsergebnisse. Degenerierte Zellen konnten ihre Leistungsf\u00e4higkeit verbessern und viele Arten von Gesundheitsst\u00f6rungen konnten erfolgreich behandelt werden. Insbesondere betrifft das Knochenbr\u00fcche, Wundheilung, Entz\u00fcndungen und degenerative St\u00f6rungen.<\/p>\n<p>Diese grundlegenden biomedizinischen Erkenntnisse zum Ionentransport finden Sie im <strong>cell<\/strong><em>activa<\/em> <strong>plus<\/strong>.<\/p>\n<p>[\/et_pb_accordion_item][\/et_pb_accordion][et_pb_accordion toggle_icon=&#8220;&#xf078;||fa||900&#8243; _builder_version=&#8220;4.19.0&#8243; _module_preset=&#8220;default&#8220; global_colors_info=&#8220;{}&#8220;][et_pb_accordion_item title=&#8220;Der Weg von Nikola Tesla zu cellactiva&#8220; open=&#8220;on&#8220; _builder_version=&#8220;4.19.0&#8243; _module_preset=&#8220;default&#8220; global_colors_info=&#8220;{}&#8220;]<\/p>\n<p><strong>Wissenschaftlicher Begleiter<\/strong> und Mitinhaber des Patents zum Ionentransport war Herbert L. K\u00f6nig (1925-1996). Er war Professor f\u00fcr Physik an der Technischen Universit\u00e4t M\u00fcnchen.<\/p>\n<p>Sein Buch &#8222;Unsichtbare Umwelt&#8220; war das Standardwerk f\u00fcr tausende von Physik-Studenten in der zweiten H\u00e4lfte des letzten Jahrhunderts.<\/p>\n<p><img loading=\"lazy\" decoding=\"async\" src=\"https:\/\/www.cellactiva.com\/at-de\/wp-content\/uploads\/sites\/4\/2022\/11\/cellactiva_Unsichtbare-Umwelt__r-212x300.jpg\" width=\"212\" height=\"300\" alt=\"\" class=\"wp-image-1342 alignnone size-medium\" \/><\/p>\n<p><span style=\"color: #9b111e;\">Foto: Buchcover \u201eUnsichtbare Welt\u201c von Prof. Herbert L. K\u00f6nig<\/span><br \/><span style=\"color: #9b111e;\">Quelle: Wikipedia<\/span><\/p>\n<p><strong>Prof. Herbert L. K\u00f6nig war nicht irgendwer<\/strong>. Er war ein Sch\u00fcler von Winfried Otto Schumann, dem Entdecker und Namensgeber der ber\u00fchmten Schumann-Frequenz von 7,83 Hz.<\/p>\n<p><span style=\"color: #9b111e;\"><img loading=\"lazy\" decoding=\"async\" src=\"https:\/\/www.cellactiva.com\/at-de\/wp-content\/uploads\/sites\/4\/2022\/10\/cellactiva_Prof-Herbert-L-Koenig_r-221x300.jpg\" width=\"221\" height=\"300\" alt=\"\" class=\"wp-image-204 alignnone size-medium\" srcset=\"https:\/\/www.cellactiva.com\/at-de\/wp-content\/uploads\/sites\/4\/2022\/10\/cellactiva_Prof-Herbert-L-Koenig_r-221x300.jpg 221w, https:\/\/www.cellactiva.com\/at-de\/wp-content\/uploads\/sites\/4\/2022\/10\/cellactiva_Prof-Herbert-L-Koenig_r.jpg 260w\" sizes=\"(max-width: 221px) 100vw, 221px\" \/><\/span><\/p>\n<p><span style=\"color: #9b111e;\">Foto: Prof. Winfried Otto Schumann<\/span><br \/><span style=\"color: #9b111e;\">Quelle: Wikipedia<\/span><\/p>\n<p><strong>Die Schumann-Frequenz<\/strong> erkl\u00e4rt sich aus dem Abstand der Erdoberfl\u00e4che zur Ionosph\u00e4re in Verbindung mit dem Erdumfang. Es sind schwache elektromagnetische Wellen, die rund um unseren Planeten zwischen Erdoberfl\u00e4che und Ionosph\u00e4re hin und her schwingen. Damit erkl\u00e4rte er eine Entdeckung von Nikola Tesla.<\/p>\n<p><span style=\"color: #9b111e;\"><img loading=\"lazy\" decoding=\"async\" src=\"https:\/\/www.cellactiva.com\/at-de\/wp-content\/uploads\/sites\/4\/2022\/10\/cellactiva_Nikola-Tesla_r-236x300.jpg\" width=\"236\" height=\"300\" alt=\"\" class=\"wp-image-205 alignnone size-medium\" srcset=\"https:\/\/www.cellactiva.com\/at-de\/wp-content\/uploads\/sites\/4\/2022\/10\/cellactiva_Nikola-Tesla_r-236x300.jpg 236w, https:\/\/www.cellactiva.com\/at-de\/wp-content\/uploads\/sites\/4\/2022\/10\/cellactiva_Nikola-Tesla_r.jpg 260w\" sizes=\"(max-width: 236px) 100vw, 236px\" \/><\/span><\/p>\n<p><span style=\"color: #9b111e;\">Foto: Nikola Tesla<\/span><br \/><span style=\"color: #9b111e;\">Quelle: Wikipedia<\/span><\/p>\n<p><strong>1899 experimentierte der weltber\u00fchmte Forscher Nikola Tesla<\/strong> (1856-1943) mit k\u00fcnstlich erzeugten Blitzen. Dabei bemerkte er, dass Blitze eine schwache elektromagnetische Welle von rund 8 Hz erzeugen, konnte sich aber keinen Reim darauf machen, da der Aufbau der Erdatmosph\u00e4re mit ihrer Ionosph\u00e4re noch nicht bekannt war.<\/p>\n<p style=\"text-align: center;\"><strong>Heute wissen wir:<\/strong><\/p>\n<p>Nikola Tesla entdeckte 1899 die Frequenz, die wir heute unter Schumann-Frequenz kennen. Winfried Otto Schumann konnte sie 1952 erkl\u00e4ren. 1960 wurde sie durch ein physikalisches Experiment nachgewiesen. In heutiger Zeit gilt die Schumann-Frequenz f\u00fcr Viele als \u201ePulsschlag der Erde\u201c.<\/p>\n<p>[\/et_pb_accordion_item][\/et_pb_accordion][et_pb_accordion toggle_icon=&#8220;&#xf078;||fa||900&#8243; _builder_version=&#8220;4.19.0&#8243; _module_preset=&#8220;default&#8220; global_colors_info=&#8220;{}&#8220;][et_pb_accordion_item title=&#8220;Wie Ionentransport und Schumann-Frequenz zusammen fanden&#8220; open=&#8220;on&#8220; _builder_version=&#8220;4.19.0&#8243; _module_preset=&#8220;default&#8220; global_colors_info=&#8220;{}&#8220;]<\/p>\n<p><strong>Petra Falke besch\u00e4ftigt sich<\/strong> bereits seit dem Jahr 2000 mit medikamentenfreien Heilungsprozessen. Seit 2011 ist der medizinische Gesundheitsbereich Ihr Arbeitsschwerpunkt.<\/p>\n<p><img loading=\"lazy\" decoding=\"async\" src=\"https:\/\/www.cellactiva.com\/at-de\/wp-content\/uploads\/sites\/4\/2022\/11\/cellactiva_Petra-Falke__r-225x300.jpg\" width=\"225\" height=\"300\" alt=\"\" class=\"wp-image-1338 alignnone size-medium\" \/><\/p>\n<p><span style=\"color: #9b111e;\">Foto: Petra Falke<\/span><br \/><span style=\"color: #9b111e;\">\u00a9 cellactiva<\/span><\/p>\n<p><strong>In den Jahren 2011 bis 2018<\/strong> war sie im Segment Magnetfeldtherapie sowohl f\u00fcr den Marktf\u00fchrer BEMER als auch f\u00fcr den Technologief\u00fchrer Prof. Dr. Fischer AG t\u00e4tig.<\/p>\n<p><strong>Sie erkannte bald<\/strong>, dass nicht nur Durchblutung und Sauerstoffversorgung der K\u00f6rperzellen entscheidend zur Gesunderhaltung und zur Gesundung beitragen.<\/p>\n<p><strong>Sie bemerkte<\/strong>, dass viele Menschen nicht den gew\u00fcnschten Erfolg hatten. Aufgrund ihrer Erfahrung als ausgebildete Hypnosetherapeutin mit Schwerpunkt Selbsthypnose und Mentaltraining wusste sie, dass Entspannung f\u00fcr den Heilungsprozess ebenfalls ein wesentlicher Schl\u00fcssel ist.<\/p>\n<p><strong>Die Kombination von Ionentransport mit Entspannungs\u00fcbungen<\/strong> brachte deutlich bessere Heilungsverl\u00e4ufe. Allerdings ist das Erlernen von Mentaltechniken f\u00fcr viele Menschen schwer. Besonders Kinder und \u00e4ltere Menschen k\u00f6nnen sich nicht so gut konzentrieren.<\/p>\n<p><strong>Gibt es vielleicht eine technische L\u00f6sung? <\/strong>Im entspannten Wachzustand kann man im Gehirn elektromagnetische Wellen mit einer Frequenz von rund 8 Hz messen. Und diese Frequenz entspricht ziemlich genau der Schumann-Frequenz.<\/p>\n<p><strong>In den Jahren 2018 bis 2022<\/strong> entstand die Idee, den Ionentransport und die Schumann-Frequenz in einem Produkt zu vereinen, im <strong>cell<\/strong><em>activa<\/em> plus.<\/p>\n<p>[\/et_pb_accordion_item][\/et_pb_accordion][et_pb_accordion _builder_version=&#8220;4.18.0&#8243; _module_preset=&#8220;default&#8220; custom_css_main_element=&#8220;display: none;&#8220; global_colors_info=&#8220;{}&#8220;][et_pb_accordion_item open=&#8220;on&#8220; _builder_version=&#8220;4.18.0&#8243; _module_preset=&#8220;default&#8220; global_colors_info=&#8220;{}&#8220;][\/et_pb_accordion_item][et_pb_accordion_item title=&#8220;Elektrische Spannungen am K\u00f6rper&#8220; _builder_version=&#8220;4.18.0&#8243; _module_preset=&#8220;default&#8220; global_colors_info=&#8220;{}&#8220; open=&#8220;off&#8220;]<\/p>\n<p><strong>Zuerst untersucht Dr. Becker Salamander<\/strong>, weil bei ihnen ganze Gliedma\u00dfen nachwachsen k\u00f6nnen. Salamander sind sozusagen die Weltmeister der Selbstheilung. Dr. Becker stellt fest, dass im K\u00f6rper eines gesunden Salamanders eine elektrische Spannung vorhanden ist. Der Kopf ist elektrisch positiv geladen, Gliedma\u00dfen elektrisch negativ.<\/p>\n<p><img loading=\"lazy\" decoding=\"async\" src=\"https:\/\/www.cellactiva.com\/at-de\/wp-content\/uploads\/sites\/4\/2022\/10\/Flachspule_Ionen_fett3-1000-comp-300x194.png\" width=\"300\" height=\"194\" alt=\"\" class=\"wp-image-52 alignnone size-medium\" \/><\/p>\n<p><strong>Beim menschlichen K\u00f6rper ist es genauso<\/strong>. Kopf und Rumpf sind elektrisch positiv geladen, Arme und Beine elektrisch negativ.<\/p>\n<p><img loading=\"lazy\" decoding=\"async\" src=\"https:\/\/www.cellactiva.com\/at-de\/wp-content\/uploads\/sites\/4\/2022\/10\/test-1000x1000-1-300x300.jpg\" width=\"300\" height=\"300\" alt=\"\" class=\"wp-image-24 alignnone size-medium\" \/><\/p>\n<p><span style=\"color: #993300;\">cellactiva_Die-elektrische-Spannungsverteilung-auf-der-Haut-beim-Menschen [<em>nach Prof. Dr. med. Robert O. Becker<\/em>]<\/span><\/p>\n<p><span style=\"color: #993300;\">\u00a9 <strong>cell<\/strong><em>activa<\/em><\/span><\/p>\n<p>[\/et_pb_accordion_item][\/et_pb_accordion][\/et_pb_column][\/et_pb_row][et_pb_row column_structure=&#8220;2_5,3_5&#8243; _builder_version=&#8220;4.18.1&#8243; _module_preset=&#8220;default&#8220; global_colors_info=&#8220;{}&#8220;][et_pb_column type=&#8220;2_5&#8243; _builder_version=&#8220;4.18.1&#8243; _module_preset=&#8220;default&#8220; border_radii=&#8220;off|10px|0px|0px|&#8220; global_colors_info=&#8220;{}&#8220;][et_pb_image src=&#8220;https:\/\/www.cellactiva.com\/at-de\/wp-content\/uploads\/sites\/4\/2022\/11\/cellactiva_Der-Mensch-und-seine-Atome__r.jpg&#8220; title_text=&#8220;cellactiva_Der-Mensch-und-seine-Atome__r&#8220; _builder_version=&#8220;4.19.0&#8243; _module_preset=&#8220;default&#8220; border_radii=&#8220;on|10px|10px|10px|10px&#8220; global_colors_info=&#8220;{}&#8220;][\/et_pb_image][\/et_pb_column][et_pb_column type=&#8220;3_5&#8243; _builder_version=&#8220;4.18.1&#8243; _module_preset=&#8220;default&#8220; border_radii=&#8220;off|0px||10px|0px&#8220; global_colors_info=&#8220;{}&#8220;][et_pb_text _builder_version=&#8220;4.19.1&#8243; _module_preset=&#8220;default&#8220; global_colors_info=&#8220;{}&#8220;]<\/p>\n<h2>Der Mensch und seine Atome<\/h2>\n<p><strong>Unser K\u00f6rper besteht aus Zellen.<\/strong> Es k\u00f6nnen bis zu 100 Billionen sein. Unsere Zellen selbst bestehen letztendlich aus Atomen. Eine Zelle kann aus bis zu 60 Billionen Atomen bestehen. Atome wiederum bestehen aus einem Kern mit Protonen, die elektrisch positiv geladen sind und die sie umkreisenden Elektronen, die eine elektrisch negative Ladung haben. Fast alle Atome haben im Kern auch Neutronen. Die sind elektrisch neutral.<\/p>\n<p><strong>Ein Atom hat meist gleich viele Protonen wie Elektronen<\/strong>. Die Ladungen heben sich gegeneinander auf. Darum ist das Atom elektrisch neutral. Es gibt aber auch Atome, denen negativ geladene Elektronen fehlen. Dann sind mehr positive Ladungen vorhanden. Das Atom ist jetzt nicht mehr elektrisch neutral, sondern hat eine positive Ladung.<\/p>\n<p><strong>Zur besseren Unterscheidung wird so ein Atom dann als Ion bezeichnet<\/strong>. Ionen sind also Atome mit elektrisch positiver oder negativer Ladung, weil entweder Elektronen fehlen oder Elektronen dazugekommen sind. Ionen sind im menschlichen Organismus ein wichtiges Steuerungs-Instrument.<\/p>\n<p><strong>Mehrere Atome k\u00f6nnen sich zu Molek\u00fclen verbinden<\/strong>. Molek\u00fcle bilden wiederum Aminos\u00e4uren. Aminos\u00e4uren bilden Proteine, Hormone und Enzyme. Auch Glukose, Fette, Vitamine und Mineralstoffe bestehen letztendlich aus Atomen und Ionen.<\/p>\n<p><strong>Alle Atome<\/strong>, Ionen und gr\u00f6\u00dfere Strukturen werden durch elektrische Kr\u00e4fte zusammengehalten. Ein wichtiges physikalisches Gesetz beschreibt: Gleiche Ladungen sto\u00dfen sich ab (<em>z.B. PLUS und PLUS<\/em>). Ungleiche Ladungen ziehen sich an (<em>PLUS und MINUS<\/em>). Wir kennen diesen Effekt auch von Magneten.<\/p>\n<p>[\/et_pb_text][et_pb_accordion toggle_icon=&#8220;&#xf078;||fa||900&#8243; _builder_version=&#8220;4.21.0&#8243; _module_preset=&#8220;default&#8220; hover_enabled=&#8220;0&#8243; global_colors_info=&#8220;{}&#8220; sticky_enabled=&#8220;0&#8243;][et_pb_accordion_item title=&#8220;Atome&#8220; open=&#8220;on&#8220; _builder_version=&#8220;4.21.0&#8243; _module_preset=&#8220;default&#8220; hover_enabled=&#8220;0&#8243; global_colors_info=&#8220;{}&#8220; content_last_edited=&#8220;off|desktop&#8220; sticky_enabled=&#8220;0&#8243;]<\/p>\n<p><strong>Erinnern Sie sich auch noch an Ihren Physikunterricht?<\/strong> Was ist ein Atom und woraus besteht es? Ein Atom hat immer einen Atomkern und au\u00dfen herum kreisen ein oder mehrere Elektronen.<\/p>\n<p><span style=\"color: #9b111e;\"><strong>Das Wasserstoff-Atom<\/strong><\/span><\/p>\n<p>ist das kleinste Atom, das es gibt. Es besteht aus dem Atomkern mit nur\u00a0<strong>einem Proton<\/strong>, das elektrisch positiv geladen ist und au\u00dfen herum kreist\u00a0<strong>ein\u00a0Elektron<\/strong> mit elektrisch negativer Ladung.<\/p>\n<p><span style=\"color: #9b111e;\"><img loading=\"lazy\" decoding=\"async\" src=\"https:\/\/www.cellactiva.com\/at-de\/wp-content\/uploads\/sites\/4\/2022\/11\/cellactiva_Wasserstoff-Atom-H__r.jpg\" width=\"500\" height=\"371\" alt=\"\" class=\"wp-image-1544 aligncenter size-full\" style=\"display: block; margin-left: auto; margin-right: auto;\" srcset=\"https:\/\/www.cellactiva.com\/at-de\/wp-content\/uploads\/sites\/4\/2022\/11\/cellactiva_Wasserstoff-Atom-H__r.jpg 500w, https:\/\/www.cellactiva.com\/at-de\/wp-content\/uploads\/sites\/4\/2022\/11\/cellactiva_Wasserstoff-Atom-H__r-480x356.jpg 480w\" sizes=\"(min-width: 0px) and (max-width: 480px) 480px, (min-width: 481px) 500px, 100vw\" \/><\/span><\/p>\n<p><span style=\"color: #9b111e;\">cellactiva_Wasserstoff-Atom-(H)<\/span><br \/><span style=\"color: #9b111e;\">(H f\u00fcr Hydrogen, englisch f\u00fcr Wasserstoff)<\/span><br \/><span style=\"color: #9b111e;\">\u00a9 <strong>cell<\/strong><em>activa<\/em><\/span><\/p>\n<p>Es gibt aber auch sehr viel gr\u00f6\u00dfere Atome. Ein Beispiel daf\u00fcr ist das Sauerstoff-Atom.<\/p>\n<p><span style=\"color: #9b111e;\"><strong>Das Sauerstoff-Atom <\/strong><\/span><\/p>\n<p>hat im Atomkern\u00a0<strong>8\u00a0Protonen<\/strong>, die elektrisch positiv geladen sind und\u00a0<strong>8\u00a0Neutronen<\/strong> ohne Ladung (<em>elektrisch neutral<\/em>). Au\u00dfen herum kreisen\u00a0<strong>8\u00a0Elektronen<\/strong> mit elektrisch negativer Ladung. Die Elektronen kreisen auf verschiedenen Umlaufbahnen (<em>Schalen<\/em>) um den Atomkern. Im Fall des Sauerstoff-Atoms sind es zwei Schalen.<\/p>\n<p><span style=\"color: #9b111e;\"><img loading=\"lazy\" decoding=\"async\" src=\"https:\/\/www.cellactiva.com\/at-de\/wp-content\/uploads\/sites\/4\/2022\/11\/cellactiva_Sauerstoff-Atom-O2__r.jpg\" width=\"500\" height=\"411\" alt=\"\" class=\"wp-image-1536 aligncenter size-full\" srcset=\"https:\/\/www.cellactiva.com\/at-de\/wp-content\/uploads\/sites\/4\/2022\/11\/cellactiva_Sauerstoff-Atom-O2__r.jpg 500w, https:\/\/www.cellactiva.com\/at-de\/wp-content\/uploads\/sites\/4\/2022\/11\/cellactiva_Sauerstoff-Atom-O2__r-480x395.jpg 480w\" sizes=\"(min-width: 0px) and (max-width: 480px) 480px, (min-width: 481px) 500px, 100vw\" \/>cellactiva_Sauerstoff-Atom-(O)<\/span><br \/><span style=\"color: #9b111e;\">(O f\u00fcr Oxygen, englisch f\u00fcr Sauerstoff)<\/span><br \/><span style=\"color: #9b111e;\">\u00a9 <strong>cell<\/strong><em>activa<\/em><\/span><\/p>\n<p>Auf der ersten Schale haben nur zwei Elektronen Platz. Auf der zweiten Schale sind es bis zu acht Elektronen. Auf der dritten Schale k\u00f6nnen es schon bis zu 18 Elektronen sein. Aber die verschiedenen Schalen m\u00fcssen nicht vollst\u00e4ndig belegt sein, wie das nachfolgende Beispiel zeigt.<\/p>\n<p><span style=\"color: #9b111e;\"><strong>Das Kalzium-Atom<\/strong><\/span><\/p>\n<p>hat im Atomkern\u00a0<strong>20\u00a0Protonen<\/strong>, die elektrisch positiv geladen sind und\u00a0<strong>20\u00a0Neutronen<\/strong> ohne Ladung. Auf vier Schalen verteilt kreisen\u00a0<strong>20<\/strong>\u00a0elektrisch negativ geladene <strong>Elektronen<\/strong>.<\/p>\n<p style=\"text-align: center;\"><img loading=\"lazy\" decoding=\"async\" src=\"https:\/\/www.cellactiva.com\/at-de\/wp-content\/uploads\/sites\/4\/2023\/08\/cellactiva_Kalzium-Atom-Ca__rr.jpg\" width=\"500\" height=\"406\" alt=\"\" class=\"wp-image-2535 alignnone size-full\" srcset=\"https:\/\/www.cellactiva.com\/at-de\/wp-content\/uploads\/sites\/4\/2023\/08\/cellactiva_Kalzium-Atom-Ca__rr.jpg 500w, https:\/\/www.cellactiva.com\/at-de\/wp-content\/uploads\/sites\/4\/2023\/08\/cellactiva_Kalzium-Atom-Ca__rr-480x390.jpg 480w\" sizes=\"(min-width: 0px) and (max-width: 480px) 480px, (min-width: 481px) 500px, 100vw\" \/><\/p>\n<p style=\"text-align: left;\"><span style=\"color: #9b111e;\">cellactiva_Kalzium-Atom-(Ca)<br \/><\/span><span style=\"color: #9b111e;\">(Ca f\u00fcr Calcium, englisch f\u00fcr Kalzium) <\/span><br \/><span style=\"color: #9b111e;\">\u00a9 <strong>cell<\/strong><em>activa<\/em><\/span><\/p>\n<p>Ein Atomkern besteht also immer aus einem oder mehreren Protonen. Protonen sind immer elektrisch positiv geladen. Au\u00dfer Wasserstoff besitzen alle Atomkerne zudem Neutronen. Diese sind elektrisch neutral. Die Elektronen auf den Schalen sind immer elektrisch negativ geladen. Wenn es in einem Atom gleich viele Protonen wie Elektronen gibt, ist das Atom elektrisch neutral.<\/p>\n<p>[\/et_pb_accordion_item][\/et_pb_accordion][et_pb_accordion toggle_icon=&#8220;&#xf078;||fa||900&#8243; _builder_version=&#8220;4.19.2&#8243; _module_preset=&#8220;default&#8220; global_colors_info=&#8220;{}&#8220;][et_pb_accordion_item title=&#8220;Ionen&#8220; open=&#8220;on&#8220; _builder_version=&#8220;4.19.2&#8243; _module_preset=&#8220;default&#8220; global_colors_info=&#8220;{}&#8220;]<\/p>\n<p><strong>Hat ein Atom mehr Protonen (<em>+<\/em>) als Elektronen (<em>\u2013<\/em>)<\/strong>, dann ist es positiv geladen. Es gibt aber auch Atome, die mehr Elektronen (-) als Protonen (+) haben, diese sind dann negativ geladen.<\/p>\n<p>Diese Atome mit positiver oder negativer Ladung nennt man Ionen.<\/p>\n<p><span style=\"color: #9b111e;\"><img loading=\"lazy\" decoding=\"async\" src=\"https:\/\/www.cellactiva.com\/at-de\/wp-content\/uploads\/sites\/4\/2023\/01\/cellactiva_Kalzium-Ion-Ca_r.jpg\" width=\"500\" height=\"354\" alt=\"\" class=\"wp-image-2268 alignnone size-full\" style=\"display: block; margin-left: auto; margin-right: auto;\" srcset=\"https:\/\/www.cellactiva.com\/at-de\/wp-content\/uploads\/sites\/4\/2023\/01\/cellactiva_Kalzium-Ion-Ca_r.jpg 500w, https:\/\/www.cellactiva.com\/at-de\/wp-content\/uploads\/sites\/4\/2023\/01\/cellactiva_Kalzium-Ion-Ca_r-480x340.jpg 480w\" sizes=\"(min-width: 0px) and (max-width: 480px) 480px, (min-width: 481px) 500px, 100vw\" \/><\/span><span style=\"color: #9b111e;\">cellactiva_Kalzium-Ion-(Ca)<\/span><br \/><span style=\"color: #9b111e;\">(Ca f\u00fcr Calcium, englisch f\u00fcr Kalzium) <\/span><br \/><span style=\"color: #9b111e;\">\u00a9 <strong>cell<\/strong><em>activa<\/em><\/span><\/p>\n<p><strong>Ionen sind also Atome<\/strong>, die nicht elektrisch neutral sind, weil sich die Anzahl der Protonen und Elektronen unterscheidet.<\/p>\n<p>Hier beim Kalzium-Ion fehlen auf der vierten Schale zwei Elektronen. Somit ist mehr positive Ladung vorhanden als negative. Das bedeutet, das Kalzium-Ion ist positiv geladen. In diesem Falle sogar zweifach positiv, weil gleich zwei Elektronen fehlen. Die technische Schreibweise ist Ca<sup>2+<\/sup>.<\/p>\n<p>[\/et_pb_accordion_item][\/et_pb_accordion][et_pb_accordion toggle_icon=&#8220;&#xf078;||fa||900&#8243; _builder_version=&#8220;4.19.0&#8243; _module_preset=&#8220;default&#8220; global_colors_info=&#8220;{}&#8220;][et_pb_accordion_item title=&#8220;Molek\u00fcle&#8220; open=&#8220;on&#8220; _builder_version=&#8220;4.19.0&#8243; _module_preset=&#8220;default&#8220; global_colors_info=&#8220;{}&#8220;]<\/p>\n<p><strong>Atome k\u00f6nnen sich miteinander verbinden<\/strong> und werden dann Molek\u00fcle genannt. Wasser ist sicherlich das bekannteste Molek\u00fcl. Zwei Wasserstoff-Atome und ein Sauerstoff-Atom verbinden sich zum Wassermolek\u00fcl.<strong>\u00a0<\/strong><\/p>\n<p><span style=\"color: #9b111e;\"><img loading=\"lazy\" decoding=\"async\" src=\"https:\/\/www.cellactiva.com\/at-de\/wp-content\/uploads\/sites\/4\/2022\/11\/cellactiva_Wasser-Molekuel-H2O__r.jpg\" width=\"500\" height=\"335\" alt=\"\" class=\"wp-image-1543 aligncenter size-full\" srcset=\"https:\/\/www.cellactiva.com\/at-de\/wp-content\/uploads\/sites\/4\/2022\/11\/cellactiva_Wasser-Molekuel-H2O__r.jpg 500w, https:\/\/www.cellactiva.com\/at-de\/wp-content\/uploads\/sites\/4\/2022\/11\/cellactiva_Wasser-Molekuel-H2O__r-480x322.jpg 480w\" sizes=\"(min-width: 0px) and (max-width: 480px) 480px, (min-width: 481px) 500px, 100vw\" \/>cellactiva_Wasser-Molek\u00fcl-(H<sub>2<\/sub>O)<\/span><br \/><span style=\"color: #9b111e;\">\u00a9 <strong>cell<\/strong><em>activa<\/em><\/span><\/p>\n<p><strong>Die Verbindung von Atomen zu einem Molek\u00fcl<\/strong> entsteht dadurch, dass die Elektronen des einen Atoms auch die Umlaufbahnen (<em>Valenz<\/em>s<em>chalen<\/em>) eines anderen Atoms nutzen. So werden Atome mehr oder weniger stabil aneinander gebunden. Nat\u00fcrlich k\u00f6nnen auch Ionen in Molek\u00fcle eingebunden sein.<\/p>\n<p><strong>Molek\u00fcle k\u00f6nnen auch elektrische Eigenschaften haben<\/strong>. Sie k\u00f6nnen sogar an ihren unterschiedlichen Enden unterschiedliche elektrische Eigenschaften haben. Das Wasser Molek\u00fcl ist an den beiden Wasserstoff-Atomen positiv geladen, weil es seine Elektronen zeitweise an das Sauerstoff-Atom \u201everleiht\u201c. Das entfernte Ende des Sauerstoff-Atoms dagegen ist Dank der \u201egeliehenen\u201c Elektronen negativ geladen.<\/p>\n<p>[\/et_pb_accordion_item][\/et_pb_accordion][et_pb_accordion toggle_icon=&#8220;&#xf078;||fa||900&#8243; _builder_version=&#8220;4.19.0&#8243; _module_preset=&#8220;default&#8220; global_colors_info=&#8220;{}&#8220;][et_pb_accordion_item title=&#8220;Aminos\u00e4uren&#8220; open=&#8220;on&#8220; _builder_version=&#8220;4.19.0&#8243; _module_preset=&#8220;default&#8220; global_colors_info=&#8220;{}&#8220;]<\/p>\n<p><strong>Molek\u00fcle k\u00f6nnen sich zu noch gr\u00f6\u00dferen Einheiten verbinden.<\/strong> Es entstehen sogenannte Makro-Molek\u00fcle, die an verschiedenen Enden unterschiedliche elektrische Eigenschaften haben k\u00f6nnen. So besteht beispielsweise die Aminos\u00e4ure Tryptophan (C<sub>11<\/sub>H<sub>12<\/sub>N<sub>2<\/sub>O<sub>2<\/sub>) aus 27 Atomen.<\/p>\n<p><span style=\"color: #9b111e;\"><img loading=\"lazy\" decoding=\"async\" src=\"https:\/\/www.cellactiva.com\/at-de\/wp-content\/uploads\/sites\/4\/2022\/11\/cellactiva_Aminosaeure-Tryptophan__r.jpg\" width=\"500\" height=\"536\" alt=\"\" class=\"wp-image-1513 aligncenter size-full\" srcset=\"https:\/\/www.cellactiva.com\/at-de\/wp-content\/uploads\/sites\/4\/2022\/11\/cellactiva_Aminosaeure-Tryptophan__r.jpg 500w, https:\/\/www.cellactiva.com\/at-de\/wp-content\/uploads\/sites\/4\/2022\/11\/cellactiva_Aminosaeure-Tryptophan__r-480x515.jpg 480w\" sizes=\"(min-width: 0px) and (max-width: 480px) 480px, (min-width: 481px) 500px, 100vw\" \/>cellactiva_Aminos\u00e4ure-Tryptophan<\/span><br \/><span style=\"color: #9b111e;\">\u00a9 <strong>cell<\/strong><em>activa<\/em><\/span><\/p>\n<p>Tryptophan hat \u00fcbrigens eine stimmungsaufhellende Wirkung, hemmt Appetit und Angstzust\u00e4nde und f\u00f6rdert den gesunden Schlaf.<\/p>\n<p>[\/et_pb_accordion_item][\/et_pb_accordion][et_pb_accordion toggle_icon=&#8220;&#xf078;||fa||900&#8243; _builder_version=&#8220;4.19.0&#8243; _module_preset=&#8220;default&#8220; global_colors_info=&#8220;{}&#8220;][et_pb_accordion_item title=&#8220;Proteine&#8220; open=&#8220;on&#8220; _builder_version=&#8220;4.19.0&#8243; _module_preset=&#8220;default&#8220; global_colors_info=&#8220;{}&#8220;]<\/p>\n<p><strong>Aminos\u00e4uren wiederum werden in den Zellen zu Proteinen verkettet.<\/strong> Proteine k\u00f6nnen sich sogar aus mehr als 2.500 Aminos\u00e4uren zusammensetzen.<\/p>\n<p>Proteine haben durch ihre unterschiedlichen Aminos\u00e4uren auch wieder unterschiedliche Eigenschaften. Fast alle Hormone und Enzyme sind Proteine. Das sind Informationstr\u00e4ger und k\u00f6nnen unterschiedliche Vorg\u00e4nge in unserem Organismus steuern.<\/p>\n<p><span style=\"color: #9b111e;\"><img loading=\"lazy\" decoding=\"async\" src=\"https:\/\/www.cellactiva.com\/at-de\/wp-content\/uploads\/sites\/4\/2022\/11\/cellactiva_Struktur-eines-Proteins-HEME-Protein__r.jpg\" width=\"500\" height=\"581\" alt=\"\" class=\"wp-image-1538 aligncenter size-full\" srcset=\"https:\/\/www.cellactiva.com\/at-de\/wp-content\/uploads\/sites\/4\/2022\/11\/cellactiva_Struktur-eines-Proteins-HEME-Protein__r.jpg 500w, https:\/\/www.cellactiva.com\/at-de\/wp-content\/uploads\/sites\/4\/2022\/11\/cellactiva_Struktur-eines-Proteins-HEME-Protein__r-480x558.jpg 480w\" sizes=\"(min-width: 0px) and (max-width: 480px) 480px, (min-width: 481px) 500px, 100vw\" \/>cellactiva_Struktur-eines-Proteins-(HEME-Protein)<\/span><br \/><span style=\"color: #9b111e;\">\u00a9 <strong>cell<\/strong><em>activa<\/em><\/span><\/p>\n<p>Dazu kommen noch Molek\u00fcl-Ketten, die wir Fette nennen, Zucker-Verbindungen, Mineralstoffe, Vitamine und andere. Aber alle diese unterschiedlichen Molek\u00fcl-Ketten sind aus Atomen und Ionen aufgebaut.<\/p>\n<p>Unser ganzer K\u00f6rper besteht also ausschlie\u00dflich aus Atomen und Ionen, die sich aneinander binden. Doch wie halten diese Strukturen zusammen?<\/p>\n<p>[\/et_pb_accordion_item][\/et_pb_accordion][et_pb_accordion toggle_icon=&#8220;&#xf078;||fa||900&#8243; _builder_version=&#8220;4.19.0&#8243; _module_preset=&#8220;default&#8220; global_colors_info=&#8220;{}&#8220;][et_pb_accordion_item title=&#8220;elektrische Felder&#8220; open=&#8220;on&#8220; _builder_version=&#8220;4.19.0&#8243; _module_preset=&#8220;default&#8220; global_colors_info=&#8220;{}&#8220;]<\/p>\n<p><strong>Protonen und Elektronen sind elektrisch geladene Teilchen.<\/strong> Protonen sind immer positiv geladen, Elektronen immer negativ. Um jedes elektrisch geladene Teilchen existiert ein sogenanntes elektrisches Feld.<\/p>\n<p><span style=\"color: #9b111e;\"><img loading=\"lazy\" decoding=\"async\" src=\"https:\/\/www.cellactiva.com\/at-de\/wp-content\/uploads\/sites\/4\/2022\/11\/cellactiva_Wirkungsrichtung-elektrischer-Felder-bei-Protonen-und-Elektronen__r.jpg\" width=\"500\" height=\"277\" alt=\"\" class=\"wp-image-1546 aligncenter size-full\" srcset=\"https:\/\/www.cellactiva.com\/at-de\/wp-content\/uploads\/sites\/4\/2022\/11\/cellactiva_Wirkungsrichtung-elektrischer-Felder-bei-Protonen-und-Elektronen__r.jpg 500w, https:\/\/www.cellactiva.com\/at-de\/wp-content\/uploads\/sites\/4\/2022\/11\/cellactiva_Wirkungsrichtung-elektrischer-Felder-bei-Protonen-und-Elektronen__r-480x266.jpg 480w\" sizes=\"(min-width: 0px) and (max-width: 480px) 480px, (min-width: 481px) 500px, 100vw\" \/>cellactiva_Wirkungsrichtung-elektrischer-Felder-bei-Protonen-und-Elektronen<\/span><br \/><span style=\"color: #9b111e;\">\u00a9 <strong>cell<\/strong><em>activa<\/em><\/span><\/p>\n<p>Das gilt f\u00fcr positiv geladene Protonen genauso wie f\u00fcr negativ geladene Elektronen. Allerdings wirken die Kr\u00e4fte in entgegengesetzten Richtungen. Beim Proton verlaufen die Kraftlinien weg vom Proton. Beim Elektron ist es genau umgekehrt, da verlaufen die Kraftlinien zum Elektron hin.<\/p>\n<p>[\/et_pb_accordion_item][\/et_pb_accordion][et_pb_accordion toggle_icon=&#8220;&#xf078;||fa||900&#8243; _builder_version=&#8220;4.19.0&#8243; _module_preset=&#8220;default&#8220; global_colors_info=&#8220;{}&#8220;][et_pb_accordion_item title=&#8220;elektrische Anziehungskraft&#8220; open=&#8220;on&#8220; _builder_version=&#8220;4.19.0&#8243; _module_preset=&#8220;default&#8220; global_colors_info=&#8220;{}&#8220;]<\/p>\n<p><strong>Ein wichtiges physikalisches Gesetz<\/strong> ist das sogenannte Coulombsche Gesetz. Es beschreibt, dass sich gleichnamige Pole absto\u00dfen und ungleichnamige Pole anziehen.<\/p>\n<p><span style=\"color: #9b111e;\"><img loading=\"lazy\" decoding=\"async\" src=\"https:\/\/www.cellactiva.com\/at-de\/wp-content\/uploads\/sites\/4\/2022\/11\/cellactiva_Das-Coulombsche-Gesetz__r.jpg\" width=\"499\" height=\"214\" alt=\"\" class=\"wp-image-1516 aligncenter size-full\" srcset=\"https:\/\/www.cellactiva.com\/at-de\/wp-content\/uploads\/sites\/4\/2022\/11\/cellactiva_Das-Coulombsche-Gesetz__r.jpg 499w, https:\/\/www.cellactiva.com\/at-de\/wp-content\/uploads\/sites\/4\/2022\/11\/cellactiva_Das-Coulombsche-Gesetz__r-480x206.jpg 480w\" sizes=\"(min-width: 0px) and (max-width: 480px) 480px, (min-width: 481px) 499px, 100vw\" \/>cellactiva_ Das Coulombsche Gesetz<\/span><br \/><span style=\"color: #9b111e;\">\u00a9 <strong>cell<\/strong><em>activa<\/em><\/span><\/p>\n<p>Durch diese Anziehungskr\u00e4fte k\u00f6nnen sich Atome zu Molek\u00fclen verbinden. Molek\u00fcle k\u00f6nnen an unterschiedlichen Stellen unterschiedliche elektrische Eigenschaften haben. Darum k\u00f6nnen sich Molek\u00fcle nur an bestimmten Stellen binden. Das ist die Grundlage f\u00fcr gr\u00f6\u00dfere Strukturen wie Fette, Zucker, Proteine, Enzyme, Hormone und andere.<\/p>\n<p>[\/et_pb_accordion_item][\/et_pb_accordion][\/et_pb_column][\/et_pb_row][et_pb_row column_structure=&#8220;2_5,3_5&#8243; _builder_version=&#8220;4.18.1&#8243; _module_preset=&#8220;default&#8220; global_colors_info=&#8220;{}&#8220;][et_pb_column type=&#8220;2_5&#8243; _builder_version=&#8220;4.18.1&#8243; _module_preset=&#8220;default&#8220; border_radii=&#8220;off|10px|0px|0px|&#8220; global_colors_info=&#8220;{}&#8220;][et_pb_image src=&#8220;https:\/\/www.cellactiva.com\/at-de\/wp-content\/uploads\/sites\/4\/2022\/11\/cellactiva_Elektrischer-Strom-und-Elektro-Magnetismus__r.jpg&#8220; title_text=&#8220;cellactiva_Elektrischer-Strom-und-Elektro-Magnetismus__r&#8220; _builder_version=&#8220;4.19.0&#8243; _module_preset=&#8220;default&#8220; border_radii=&#8220;on|10px|10px|10px|10px&#8220; global_colors_info=&#8220;{}&#8220;][\/et_pb_image][\/et_pb_column][et_pb_column type=&#8220;3_5&#8243; _builder_version=&#8220;4.18.1&#8243; _module_preset=&#8220;default&#8220; border_radii=&#8220;off|0px|10px||0px&#8220; global_colors_info=&#8220;{}&#8220;][et_pb_text _builder_version=&#8220;4.18.1&#8243; _module_preset=&#8220;default&#8220; global_colors_info=&#8220;{}&#8220;]<\/p>\n<h2>Elektrischer Strom und Elektro-Magnetismus<\/h2>\n<p><strong>Ein Atom besteht aus Protonen, Neutronen und Elektronen<\/strong>. Protonen sind immer elektrisch positiv geladen und Elektronen haben immer eine elektrisch negative Ladung. Neutronen sind elektrisch neutral.<\/p>\n<p><strong>Wenn sich elektrische Ladungen<\/strong> wie Elektronen bewegen, bezeichnen wir das als elektrischen Strom. Ein elektrischer Strom hat eine Kraft. Diese Kraft nutzen wir, wenn wir elektrische Ger\u00e4te verwenden.<\/p>\n<p><strong>Ein weiteres wichtiges physikalisches Gesetz<\/strong> beschreibt: Immer wenn ein elektrischer Strom flie\u00dft, entsteht um den Stromleiter herum ein elektrisches und ein magnetisches Feld. Netzteile, Lautsprecher und Induktionsherde haben eines gemeinsam: Alle funktionieren durch elektromagnetische Felder.<\/p>\n<p><strong>Auch elektromagnetische Felder haben Kr\u00e4fte.<\/strong> Wir kennen beispielsweise den Elektromagneten der magnetische Stoffe anzieht.\u00a0Im Kleinen k\u00f6nnen diese Kr\u00e4fte elektrisch geladene Teilchen wie Ionen bewegen. Diese Kraft bezeichnet man als Lorentzkraft.<\/p>\n<p><strong>Die Lorentzkraft<\/strong> kann in unserem K\u00f6rper durch das Ablenken von Ionen lebenswichtige Vorg\u00e4nge aktivieren, verst\u00e4rken oder beschleunigen und uns so bei der Gesunderhaltung und Heilung unterst\u00fctzen.<\/p>\n<p>[\/et_pb_text][et_pb_accordion toggle_icon=&#8220;&#xf078;||fa||900&#8243; _builder_version=&#8220;4.19.2&#8243; _module_preset=&#8220;default&#8220; global_colors_info=&#8220;{}&#8220;][et_pb_accordion_item title=&#8220;elektrischer Strom&#8220; open=&#8220;on&#8220; _builder_version=&#8220;4.19.2&#8243; _module_preset=&#8220;default&#8220; global_colors_info=&#8220;{}&#8220;]<\/p>\n<p><strong>Erinnern Sie sich noch an Ihren Physikunterricht?<\/strong> Was ist elektrischer Strom? Elektrischer Strom ist flie\u00dfende Ladung. Elektrischer Strom entsteht, wenn sich Elektronen (<em>elektrisch negativ geladen<\/em>) bewegen.<strong>\u00a0<\/strong><\/p>\n<p><span style=\"color: #9b111e;\"><img loading=\"lazy\" decoding=\"async\" src=\"https:\/\/www.cellactiva.com\/at-de\/wp-content\/uploads\/sites\/4\/2022\/11\/cellactiva_Elektrischer-Strom__r.jpg\" width=\"498\" height=\"105\" alt=\"\" class=\"wp-image-1524 aligncenter size-full\" srcset=\"https:\/\/www.cellactiva.com\/at-de\/wp-content\/uploads\/sites\/4\/2022\/11\/cellactiva_Elektrischer-Strom__r.jpg 498w, https:\/\/www.cellactiva.com\/at-de\/wp-content\/uploads\/sites\/4\/2022\/11\/cellactiva_Elektrischer-Strom__r-480x101.jpg 480w\" sizes=\"(min-width: 0px) and (max-width: 480px) 480px, (min-width: 481px) 498px, 100vw\" \/>cellactiva_Elektrischer-Strom<\/span><br \/><span style=\"color: #9b111e;\">\u00a9 <strong>cell<\/strong><em>activa<\/em><\/span><\/p>\n<p>Elektrischer Strom hat Kraft und kann f\u00fcr uns Arbeit verrichten. Wir nutzen das, wenn wir elektrische Ger\u00e4te verwenden.<\/p>\n<p><strong>Bewegen sich nun Elektronen<\/strong> durch ein Stromkabel, entstehen automatisch ein elektrisches Feld und ein Magnetfeld, um das Stromkabel herum. Das ist ein physikalisches Grundgesetz.<\/p>\n<p><span style=\"color: #9b111e;\"><img loading=\"lazy\" decoding=\"async\" src=\"https:\/\/www.cellactiva.com\/at-de\/wp-content\/uploads\/sites\/4\/2023\/01\/cellactiva_Elektronenfluss-und-Magnetfeld_rr.jpg\" width=\"500\" height=\"545\" alt=\"\" class=\"wp-image-2267 aligncenter size-full\" srcset=\"https:\/\/www.cellactiva.com\/at-de\/wp-content\/uploads\/sites\/4\/2023\/01\/cellactiva_Elektronenfluss-und-Magnetfeld_rr.jpg 500w, https:\/\/www.cellactiva.com\/at-de\/wp-content\/uploads\/sites\/4\/2023\/01\/cellactiva_Elektronenfluss-und-Magnetfeld_rr-480x523.jpg 480w\" sizes=\"(min-width: 0px) and (max-width: 480px) 480px, (min-width: 481px) 500px, 100vw\" \/><\/span><\/p>\n<p><span style=\"color: #9b111e;\">cellactiva_Elektronenfluss-und-Magnetfeld<\/span><br \/><span style=\"color: #9b111e;\">\u00a9 <strong>cell<\/strong><em>activa<\/em><\/span><\/p>\n<p><strong>Die Elektronen flie\u00dfen von MINUS nach PLUS.<\/strong> Die Richtung des Magnetfeldes, um ein stromf\u00fchrendes Kabel kann mit Hilfe der sogenannten Linke-Hand-Regel bestimmt werden. In unserem Beispiel verl\u00e4uft das Magnetfeld im Uhrzeigersinn. (Achtung: Bitte verwechseln Sie das nicht mit der sogenannten technischen Stromrichtung. Die verl\u00e4uft entgegengesetzt.)<\/p>\n<p>[\/et_pb_accordion_item][\/et_pb_accordion][et_pb_accordion toggle_icon=&#8220;&#xf078;||fa||900&#8243; _builder_version=&#8220;4.19.0&#8243; _module_preset=&#8220;default&#8220; global_colors_info=&#8220;{}&#8220;][et_pb_accordion_item title=&#8220;Magnetfelder&#8220; open=&#8220;on&#8220; _builder_version=&#8220;4.19.0&#8243; _module_preset=&#8220;default&#8220; global_colors_info=&#8220;{}&#8220;]<\/p>\n<p><strong>Ein Magnetfeld wird durch sogenannte Feldlinien dargestellt<\/strong>. Entlang der Feldlinien ist das Magnetfeld gleich stark. Je st\u00e4rker der Strom ist, desto st\u00e4rker ist auch das Magnetfeld. \u00c4ndert sich die Stromrichtung, \u00e4ndert sich auch der Drehsinn des Magnetfeldes. Stellen wir den Strom ab, ist das Magnetfeld verschwunden.<\/p>\n<p>Ein Magnetfeld erzeugt genau wie der elektrische Strom eine Kraft. Das ist die sogenannte magnetomotorische Kraft (<em>magnetische Flussdichte<\/em>). Sie wirkt um das Stromkabel herum.<\/p>\n<p><strong>Die Kraft der Magnetfelder<\/strong> k\u00f6nnen wir ganz einfach verst\u00e4rken, und zwar auch ohne die Stromst\u00e4rke zu ver\u00e4ndern. Der Trick funktioniert mit einem spiralf\u00f6rmig aufgewickelten Kupferdraht, einer sogenannten Spule. Bei einer Spule konzentrieren sich die Feldlinien im Zentrum.<\/p>\n<p><span style=\"color: #9b111e;\"><img loading=\"lazy\" decoding=\"async\" src=\"https:\/\/www.cellactiva.com\/at-de\/wp-content\/uploads\/sites\/4\/2022\/11\/cellactiva_Eine-Spule-verstaerkt-die-magnetische-Flussdichte__r.jpg\" width=\"500\" height=\"266\" alt=\"\" class=\"wp-image-1523 aligncenter size-full\" srcset=\"https:\/\/www.cellactiva.com\/at-de\/wp-content\/uploads\/sites\/4\/2022\/11\/cellactiva_Eine-Spule-verstaerkt-die-magnetische-Flussdichte__r.jpg 500w, https:\/\/www.cellactiva.com\/at-de\/wp-content\/uploads\/sites\/4\/2022\/11\/cellactiva_Eine-Spule-verstaerkt-die-magnetische-Flussdichte__r-480x255.jpg 480w\" sizes=\"(min-width: 0px) and (max-width: 480px) 480px, (min-width: 481px) 500px, 100vw\" \/>cellactiva_Eine-Spule-verst\u00e4rkt-die-magnetische-Flussdichte<\/span><br \/><span style=\"color: #9b111e;\">\u00a9 <strong>cell<\/strong><em>activa<\/em><\/span><\/p>\n<p>Es gibt einen weiteren Trick, um die magnetische Flussdichte zus\u00e4tzlich zu erh\u00f6hen. In die Spule wird ein Eisenkern eingef\u00fcgt.<\/p>\n<p><span style=\"color: #9b111e;\"><img loading=\"lazy\" decoding=\"async\" src=\"https:\/\/www.cellactiva.com\/at-de\/wp-content\/uploads\/sites\/4\/2022\/11\/cellactiva_Ein-Eisenkern-verstaerkt-zusaetzlich-die-magnetische-Flussdichte-einer-Spule__r.jpg\" width=\"499\" height=\"270\" alt=\"\" class=\"wp-image-1522 aligncenter size-full\" srcset=\"https:\/\/www.cellactiva.com\/at-de\/wp-content\/uploads\/sites\/4\/2022\/11\/cellactiva_Ein-Eisenkern-verstaerkt-zusaetzlich-die-magnetische-Flussdichte-einer-Spule__r.jpg 499w, https:\/\/www.cellactiva.com\/at-de\/wp-content\/uploads\/sites\/4\/2022\/11\/cellactiva_Ein-Eisenkern-verstaerkt-zusaetzlich-die-magnetische-Flussdichte-einer-Spule__r-480x260.jpg 480w\" sizes=\"(min-width: 0px) and (max-width: 480px) 480px, (min-width: 481px) 499px, 100vw\" \/>cellactiva_Ein-Eisenkern-verst\u00e4rkt-zus\u00e4tzlich-die-magnetische-Flussdichte-einer-Spule<\/span><br \/><span style=\"color: #9b111e;\">\u00a9 <strong>cell<\/strong><em>activa<\/em><\/span><\/p>\n<p>Magnetfelder nutzen wir in unserem t\u00e4glichen Leben. Durch Magnetfelder funktionieren beispielsweise Netzteile, Lautsprecher und Induktionsherde.<\/p>\n<p><strong>Magnetfelder k\u00f6nnen mehr<\/strong><\/p>\n<p>Die magnetomotorische Kraft eines Magnetfelds kann elektrisch geladene Teilchen wie Ionen w\u00e4hrend ihrer Bewegung umlenken. Sie kann den Ionen also eine andere Richtung geben. Das kann sehr gezielt geschehen, denn das kann man aufgrund der physikalischen Gesetze genau berechnen. Diese Kraft, die Ionen bewegen kann, ist die sogenannte Lorentzkraft.<\/p>\n<p>[\/et_pb_accordion_item][\/et_pb_accordion][et_pb_accordion toggle_icon=&#8220;&#xf078;||fa||900&#8243; _builder_version=&#8220;4.19.0&#8243; _module_preset=&#8220;default&#8220; global_colors_info=&#8220;{}&#8220;][et_pb_accordion_item title=&#8220;Lorentzkraft&#8220; open=&#8220;on&#8220; _builder_version=&#8220;4.19.0&#8243; _module_preset=&#8220;default&#8220; global_colors_info=&#8220;{}&#8220;]<\/p>\n<p><strong>Die Lorentzkraft ist die Kraft<\/strong>, die Ionen und elektrisch geladene Teilchen bewegen kann. Ein Magnetfeld wirkt im rechten Winkel zum elektrischen Strom. Die Lorentzkraft wiederum wirkt im rechten Winkel zum Magnetfeld.<\/p>\n<p><span style=\"color: #9b111e;\"><img loading=\"lazy\" decoding=\"async\" src=\"https:\/\/www.cellactiva.com\/at-de\/wp-content\/uploads\/sites\/4\/2022\/11\/cellactiva_Die-Wirkungsrichtung-der-Lorentzkraft-anhand-der-Linke-Hand-Regel__r.jpg\" width=\"500\" height=\"474\" alt=\"\" class=\"wp-image-1520 aligncenter size-full\" srcset=\"https:\/\/www.cellactiva.com\/at-de\/wp-content\/uploads\/sites\/4\/2022\/11\/cellactiva_Die-Wirkungsrichtung-der-Lorentzkraft-anhand-der-Linke-Hand-Regel__r.jpg 500w, https:\/\/www.cellactiva.com\/at-de\/wp-content\/uploads\/sites\/4\/2022\/11\/cellactiva_Die-Wirkungsrichtung-der-Lorentzkraft-anhand-der-Linke-Hand-Regel__r-480x455.jpg 480w\" sizes=\"(min-width: 0px) and (max-width: 480px) 480px, (min-width: 481px) 500px, 100vw\" \/>cellactiva_Die-Wirkungsrichtung-der-Lorentzkraft-anhand-der-Linke-Hand-Regel<\/span><br \/><span style=\"color: #9b111e;\">\u00a9 <strong>cell<\/strong><em>activa<\/em><\/span><\/p>\n<p>Die Lorentzkraft ist benannt nach Hendrik Antoon Lorentz (<em>1853-1928<\/em>). Er war ein niederl\u00e4ndischer Mathematiker und Physiker. Die grundlegenden Arbeiten von Lorentz im Bereich der Elektrodynamik bildeten \u00fcbrigens die Grundlage f\u00fcr Einsteins Relativit\u00e4tstheorie.<\/p>\n<p>Will man die Lorentzkraft gro\u00dffl\u00e4chig zur Verschiebung von Ionen nutzen, muss man Kupferdraht spiralf\u00f6rmig auf einer ebenen Fl\u00e4che platzieren.<\/p>\n<p><span style=\"color: #9b111e;\"><img loading=\"lazy\" decoding=\"async\" src=\"https:\/\/www.cellactiva.com\/at-de\/wp-content\/uploads\/sites\/4\/2022\/11\/cellactiva_Flachspule-in-Spiralform__r.jpg\" width=\"500\" height=\"429\" alt=\"\" class=\"wp-image-1528 aligncenter size-full\" srcset=\"https:\/\/www.cellactiva.com\/at-de\/wp-content\/uploads\/sites\/4\/2022\/11\/cellactiva_Flachspule-in-Spiralform__r.jpg 500w, https:\/\/www.cellactiva.com\/at-de\/wp-content\/uploads\/sites\/4\/2022\/11\/cellactiva_Flachspule-in-Spiralform__r-480x412.jpg 480w\" sizes=\"(min-width: 0px) and (max-width: 480px) 480px, (min-width: 481px) 500px, 100vw\" \/>cellactiva_Flachspule-in-Spiralform<\/span><br \/><span style=\"color: #9b111e;\">\u00a9 <strong>cell<\/strong><em>activa<\/em><\/span><\/p>\n<p>Ionen lassen sich auf diese Art und Weise gro\u00dffl\u00e4chig an Blutgef\u00e4\u00dfw\u00e4nde (<em>Arteriolen-Endothel und<\/em> <em>Kapillar-Membranen<\/em>) bewegen. Dort k\u00f6nnen sie verschiedene elektrische und biochemische Prozesse ausl\u00f6sen, beschleunigen oder verst\u00e4rken. Ein wesentlicher Nutzen ist beispielsweise ein verbesserter Sauerstoff-Transport \u00fcber die Blutbahn hin zur Zelle durch die Weitung der Arteriolen.<\/p>\n<p>[\/et_pb_accordion_item][\/et_pb_accordion][\/et_pb_column][\/et_pb_row][et_pb_row column_structure=&#8220;2_5,3_5&#8243; _builder_version=&#8220;4.18.1&#8243; _module_preset=&#8220;default&#8220; global_colors_info=&#8220;{}&#8220;][et_pb_column type=&#8220;2_5&#8243; _builder_version=&#8220;4.18.1&#8243; _module_preset=&#8220;default&#8220; border_radii=&#8220;off|10px|0px|0px|&#8220; global_colors_info=&#8220;{}&#8220;][et_pb_image src=&#8220;https:\/\/www.cellactiva.com\/at-de\/wp-content\/uploads\/sites\/4\/2022\/11\/cellactiva_Wirkung-Magnetfeld-Energie__r.jpg&#8220; title_text=&#8220;cellactiva_Wirkung-Magnetfeld-Energie__r&#8220; _builder_version=&#8220;4.19.0&#8243; _module_preset=&#8220;default&#8220; border_radii=&#8220;on|10px|10px|10px|10px&#8220; global_colors_info=&#8220;{}&#8220;][\/et_pb_image][\/et_pb_column][et_pb_column type=&#8220;3_5&#8243; _builder_version=&#8220;4.18.1&#8243; _module_preset=&#8220;default&#8220; border_radii=&#8220;off|0px||10px|0px&#8220; global_colors_info=&#8220;{}&#8220;][et_pb_text _builder_version=&#8220;4.18.1&#8243; _module_preset=&#8220;default&#8220; global_colors_info=&#8220;{}&#8220;]<\/p>\n<h2>Regelkreise in unserem K\u00f6rper<\/h2>\n<p><strong>Unser Organismus kann auf viele Ver\u00e4nderungen reagieren<\/strong>. Ist es zu warm, fangen wir an zu schwitzen. Ist es zu kalt, zittern sich die Muskeln warm. Das passiert nicht zuf\u00e4llig, das regelt unser K\u00f6rper aktiv. In unserem K\u00f6rper gibt es viele solcher Regelkreise, mit Sensoren (<em>z.B.<\/em> <em>freie Nervenenden<\/em>), Daten-Leitungen (<em>Nervenbahnen<\/em>), Rechenzentrum (<em>Gehirn<\/em>) und Steuerungs-Instrumenten (<em>z.B. Muskeln<\/em>). Alle diese Regelkreise funktionieren elektrisch.<\/p>\n<p><strong>Ein elementarer Regelkreis<\/strong> ist unser Tag-und-Nacht-Rhythmus. Der Tag-Rhythmus wird vom sogenannten Sympathikus, einem Nervenb\u00fcndel im Gehirn gesteuert. Er stellt uns auf k\u00f6rperliche und geistige Leistungsf\u00e4higkeit ein. Der Nacht-Rhythmus dient dem Schlaf, der Regeneration und der Entspannung. Er wird \u00fcber den sogenannten Parasympathikus gesteuert.<\/p>\n<p><strong>Wenn alle unsere Regelkreise funktionieren<\/strong> sind wir gesund. Sind Regelkreise dagegen gest\u00f6rt, kann das zu Gesundheitsst\u00f6rungen und Krankheiten f\u00fchren.<\/p>\n<p><strong>Die \u201eZuckerkrankheit\u201c<\/strong> (<em>Diabetes Mellitus Typ 2<\/em>) ist ein gutes Beispiel daf\u00fcr. Die Zellen k\u00f6nnen aufgrund von \u00dcberlastung den Blutzucker nicht mehr verarbeiten. Er wird dann \u00fcber Nieren und Urin ausgeschieden. Irgendwann sind auch die Nieren \u00fcberlastet und der Zucker wird \u00fcberall im K\u00f6rper eingelagert, wo er weitere Regelkreise st\u00f6rt. Gewebe und Organe werden in ihrer Funktion eingeschr\u00e4nkt, nachhaltig gest\u00f6rt und k\u00f6nnen sogar absterben. Nierenversagen, Herzinfarkt, Schlaganfall, Erblindung und Amputationen aufgrund von Durchblutungsst\u00f6rungen k\u00f6nnen die Folge sein.<\/p>\n<p>[\/et_pb_text][et_pb_accordion toggle_icon=&#8220;&#xf078;||fa||900&#8243; _builder_version=&#8220;4.19.2&#8243; _module_preset=&#8220;default&#8220; global_colors_info=&#8220;{}&#8220;][et_pb_accordion_item title=&#8220;Unsere W\u00e4rmeregulation&#8220; open=&#8220;on&#8220; _builder_version=&#8220;4.19.2&#8243; _module_preset=&#8220;default&#8220; global_colors_info=&#8220;{}&#8220;]<\/p>\n<p><strong>Wenn es im Sommer sehr hei\u00df ist<\/strong>, muss unser K\u00f6rper darauf reagieren, denn unser Stoffwechsel kann nur bei rund 37 Grad Celsius optimal arbeiten. Sonst droht \u00dcberhitzung.<\/p>\n<p><strong>Blut ist der wichtigste W\u00e4rmetransporteur<\/strong> im K\u00f6rper. Darum weitet der K\u00f6rper bei Hitze die Arteriolen in der N\u00e4he der Hautoberfl\u00e4che. Es flie\u00dft dort mehr Blut und so kann der Organismus mehr W\u00e4rme an die Hautoberfl\u00e4che abgegeben.<\/p>\n<p><img loading=\"lazy\" decoding=\"async\" src=\"https:\/\/www.cellactiva.com\/at-de\/wp-content\/uploads\/sites\/4\/2023\/01\/cellactiva_Waermeregulierung_Gefaess_rc.jpg\" width=\"500\" height=\"280\" alt=\"\" class=\"wp-image-2264 aligncenter size-full\" srcset=\"https:\/\/www.cellactiva.com\/at-de\/wp-content\/uploads\/sites\/4\/2023\/01\/cellactiva_Waermeregulierung_Gefaess_rc.jpg 500w, https:\/\/www.cellactiva.com\/at-de\/wp-content\/uploads\/sites\/4\/2023\/01\/cellactiva_Waermeregulierung_Gefaess_rc-480x269.jpg 480w\" sizes=\"(min-width: 0px) and (max-width: 480px) 480px, (min-width: 481px) 500px, 100vw\" \/><\/p>\n<p><span style=\"color: #9b111e;\">cellactiva_W\u00e4rmeregulation-Arteriolen<\/span><br \/><span style=\"color: #9b111e;\">\u00a9 <strong>cell<\/strong><em>activa<\/em><\/span><\/p>\n<p><strong>Zus\u00e4tzlich reagiert unser K\u00f6rper mit Schwei\u00dfbildung<\/strong> auf der Haut. Der Schwei\u00df verdunstet. Dadurch k\u00fchlt sich die Haut ab (<em>Verdunstungsk\u00e4lte<\/em>). Unsere Nervenzellen f\u00fchlen die Temperatur und leiten diese Information ans Gehirn weiter. Im Gehirn wird der Vorgang gesteuert und je nach Bedarf werden die Arteriolen mehr oder weniger geweitet und es wird mehr oder weniger Schwei\u00df produziert.<\/p>\n<p>Unser K\u00f6rper hat sein Ziel erreicht, er kann seine optimale K\u00f6rpertemperatur aufrechterhalten.<\/p>\n<p>[\/et_pb_accordion_item][\/et_pb_accordion][et_pb_accordion toggle_icon=&#8220;&#xf078;||fa||900&#8243; _builder_version=&#8220;4.19.2&#8243; _module_preset=&#8220;default&#8220; global_colors_info=&#8220;{}&#8220;][et_pb_accordion_item title=&#8220;Unsere K\u00e4lteregulation&#8220; open=&#8220;on&#8220; _builder_version=&#8220;4.19.2&#8243; _module_preset=&#8220;default&#8220; global_colors_info=&#8220;{}&#8220;]<\/p>\n<p><strong>Wenn es im Winter kalt ist<\/strong>, muss unser K\u00f6rper auch darauf reagieren. Vorrang hat die Aufrechterhaltung der optimalen K\u00f6rpertemperatur im Rumpf, wo alle lebenswichtigen Organe sitzen. Blut transportiert W\u00e4rme, aber einen W\u00e4rmeverlust kann sich der K\u00f6rper in diesem Fall nicht leisten. Darum konzentriert sich unser K\u00f6rper auf die Durchblutung des Rumpfes.<\/p>\n<p><strong>Leidtragende sind Arme und Beine<\/strong>, die dann weniger gut durchblutet werden. Das geschieht durch die Verengung der Arteriolen in den Gliedma\u00dfen. Kalte Finger und Zehen k\u00f6nnen die Folge sein.<\/p>\n<p><span style=\"color: #9b111e;\"><img loading=\"lazy\" decoding=\"async\" src=\"https:\/\/www.cellactiva.com\/at-de\/wp-content\/uploads\/sites\/4\/2023\/01\/cellactiva_Kaeltegulierung_Gefaess_rc.jpg\" width=\"500\" height=\"263\" alt=\"\" class=\"wp-image-2263 aligncenter size-full\" srcset=\"https:\/\/www.cellactiva.com\/at-de\/wp-content\/uploads\/sites\/4\/2023\/01\/cellactiva_Kaeltegulierung_Gefaess_rc.jpg 500w, https:\/\/www.cellactiva.com\/at-de\/wp-content\/uploads\/sites\/4\/2023\/01\/cellactiva_Kaeltegulierung_Gefaess_rc-480x252.jpg 480w\" sizes=\"(min-width: 0px) and (max-width: 480px) 480px, (min-width: 481px) 500px, 100vw\" \/><\/span><\/p>\n<p><span style=\"color: #9b111e;\">cellactiva_K\u00e4lteregulation-Arteriolen<\/span><br \/><span style=\"color: #9b111e;\">\u00a9 <strong>cell<\/strong><em>activa<\/em><\/span><\/p>\n<p><strong>Wenn das noch nicht reicht<\/strong>, werden die Muskeln beauftragt W\u00e4rme zu produzieren. Das geschieht durch Muskelzittern. Wir fangen zus\u00e4tzlich an, uns zu bewegen oder auch die Finger und Zehen zu reiben, denn Reibung erzeugt W\u00e4rme.<\/p>\n<p>Das geschieht solange, bis die Umgebungs-Temperatur soweit angestiegen ist, dass sich unser K\u00f6rper eine bessere Durchblutung der Gliedma\u00dfen wieder leisten kann.<\/p>\n<p>[\/et_pb_accordion_item][\/et_pb_accordion][et_pb_accordion toggle_icon=&#8220;&#xf078;||fa||900&#8243; _builder_version=&#8220;4.19.0&#8243; _module_preset=&#8220;default&#8220; global_colors_info=&#8220;{}&#8220;][et_pb_accordion_item title=&#8220;Tag-Nacht-Rhythmus&#8220; open=&#8220;on&#8220; _builder_version=&#8220;4.19.0&#8243; _module_preset=&#8220;default&#8220; global_colors_info=&#8220;{}&#8220;]<\/p>\n<p><strong>Hatten Sie schon einmal Jetlag<\/strong> nach einer Interkontinentalreise? Ihr Tag-Nacht-Rhythmus ist durcheinander geraten. Ihr Organismus muss sich neu anpassen.<\/p>\n<p><strong>Die Steuerung erfolgt \u00fcber das vegetative Nervensystem.<\/strong> Es ist der Teil unseres Nervensystems, der f\u00fcr alle lebensnotwenigen Steuerungen (<em>z.B. Puls, Blutd<\/em><em>ruck und Atmung<\/em>) zust\u00e4ndig ist und den wir willentlich kaum beeinflussen k\u00f6nnen. F\u00fcr den Tag-Modus wird der sogenannte Sympathikus aktiviert, f\u00fcr den Nacht-Modus ist es der Parasympathikus.<\/p>\n<p><span style=\"color: #9b111e;\"><img loading=\"lazy\" decoding=\"async\" src=\"https:\/\/www.cellactiva.com\/at-de\/wp-content\/uploads\/sites\/4\/2022\/11\/cellactiva_Tag-Nacht-Rhythmus__r-1.jpg\" width=\"500\" height=\"518\" alt=\"\" class=\"wp-image-1539 aligncenter size-full\" srcset=\"https:\/\/www.cellactiva.com\/at-de\/wp-content\/uploads\/sites\/4\/2022\/11\/cellactiva_Tag-Nacht-Rhythmus__r-1.jpg 500w, https:\/\/www.cellactiva.com\/at-de\/wp-content\/uploads\/sites\/4\/2022\/11\/cellactiva_Tag-Nacht-Rhythmus__r-1-480x497.jpg 480w\" sizes=\"(min-width: 0px) and (max-width: 480px) 480px, (min-width: 481px) 500px, 100vw\" \/>cellactiva_Tag-Nacht-Rhythmus<\/span><br \/><span style=\"color: #9b111e;\">\u00a9 <strong>cell<\/strong><em>activa<\/em><\/span><\/p>\n<p>Alle Steuerungs-Prozesse, die vom Sympathikus ausgehen, dienen der k\u00f6rperlichen und geistigen Leistungsf\u00e4higkeit.<\/p>\n<p>Dagegen dienen alle Einfl\u00fcsse des Parasympathikus dem Schlaf, der Entspannung und der Regeneration.<\/p>\n<p>Wenn wir uns die Grafik genau ansehen, erkennen wir, dass unser Tag-Nacht-Rhythmus-System wie eine Wippe funktioniert.<\/p>\n<p><span style=\"color: #9b111e;\"><img loading=\"lazy\" decoding=\"async\" src=\"https:\/\/www.cellactiva.com\/at-de\/wp-content\/uploads\/sites\/4\/2022\/11\/cellactiva_Wippe-als-Modell-fuer-Zusammenspiel-Sympathikus-und-Parasympathikus__r.jpg\" width=\"500\" height=\"361\" alt=\"\" class=\"wp-image-1545 aligncenter size-full\" srcset=\"https:\/\/www.cellactiva.com\/at-de\/wp-content\/uploads\/sites\/4\/2022\/11\/cellactiva_Wippe-als-Modell-fuer-Zusammenspiel-Sympathikus-und-Parasympathikus__r.jpg 500w, https:\/\/www.cellactiva.com\/at-de\/wp-content\/uploads\/sites\/4\/2022\/11\/cellactiva_Wippe-als-Modell-fuer-Zusammenspiel-Sympathikus-und-Parasympathikus__r-480x347.jpg 480w\" sizes=\"(min-width: 0px) and (max-width: 480px) 480px, (min-width: 481px) 500px, 100vw\" \/>cellactiva_Wippe-als-Modell-f\u00fcr-Zusammenspiel-Sympathikus-und-Parasympathikus<\/span><br \/><span style=\"color: #9b111e;\">\u00a9 <strong>cell<\/strong><em>activa<\/em><\/span><\/p>\n<p><strong>Wenn die eine Seite steigt<\/strong>, sinkt automatisch die andere Seite und umgekehrt. So stellt unser Organismus sicher, dass alle nachgeschalteten Regelkreise immer synchron auf Tag-Rhythmus oder Nacht-Rhythmus eingestellt sind.<\/p>\n<p>Wenn alle Regelkreise funktionieren sind wir gesund. Sind dagegen Regelkreise gest\u00f6rt, kann das zu Gesundheitsst\u00f6rungen und Krankheiten f\u00fchren.<\/p>\n<p>[\/et_pb_accordion_item][\/et_pb_accordion][et_pb_accordion toggle_icon=&#8220;&#xf078;||fa||900&#8243; _builder_version=&#8220;4.19.0&#8243; _module_preset=&#8220;default&#8220; global_colors_info=&#8220;{}&#8220;][et_pb_accordion_item title=&#8220;Gest\u00f6rter Regelkreis &#8211; Diabetes Mellitus Typ 2&#8243; open=&#8220;on&#8220; _builder_version=&#8220;4.19.0&#8243; _module_preset=&#8220;default&#8220; global_colors_info=&#8220;{}&#8220;]<\/p>\n<p><strong>Ein typisches Beispiel f\u00fcr einen gest\u00f6rten Regelkreis ist Diabetes Mellitus Typ 2<\/strong>, die sogenannte Zuckerkrankheit. Diabetes beginnt meist mit schlechter Ern\u00e4hrung und zu wenig Bewegung. Wenn wir zu viel Einfachzucker (<em>u.a.<\/em>\u00a0<em>S\u00fc\u00dfigkeiten, Speiseeis, zuckerhaltige Getr\u00e4nke<\/em>) zu uns nehmen, wird das Blut schnell mit Zucker (<em>Glukose)<\/em>\u00a0\u00fcberschwemmt. Der Blutzuckerspiegel steigt schnell an.<\/p>\n<p><strong>Wenn der Blutzuckerspiegel hoch genug ist<\/strong>, sch\u00fcttet die Bauchspeicheldr\u00fcse Insulin aus. Das Insulin \u00f6ffnet an den Zellen die T\u00fcren f\u00fcr den Zucker. Erst dann kann der Zucker in die Zelle gelangen und steht dort zur Produktion von Zellenergie (<em>ATP<\/em>) zur Verf\u00fcgung.<\/p>\n<p><span style=\"color: #9b111e;\"><img loading=\"lazy\" decoding=\"async\" src=\"https:\/\/www.cellactiva.com\/at-de\/wp-content\/uploads\/sites\/4\/2022\/11\/cellactiva_Regelkreis-Diabetes-Typ-2__r.jpg\" width=\"500\" height=\"343\" alt=\"\" class=\"wp-image-1534 aligncenter size-full\" srcset=\"https:\/\/www.cellactiva.com\/at-de\/wp-content\/uploads\/sites\/4\/2022\/11\/cellactiva_Regelkreis-Diabetes-Typ-2__r.jpg 500w, https:\/\/www.cellactiva.com\/at-de\/wp-content\/uploads\/sites\/4\/2022\/11\/cellactiva_Regelkreis-Diabetes-Typ-2__r-480x329.jpg 480w\" sizes=\"(min-width: 0px) and (max-width: 480px) 480px, (min-width: 481px) 500px, 100vw\" \/>cellactiva_Regelkreis-Diabetes-Typ-2<\/span><br \/><span style=\"color: #9b111e;\">\u00a9 <strong>cell<\/strong><em>activa<\/em><\/span><\/p>\n<p><strong>Aber der h\u00e4ufige und schnelle Anstieg<\/strong> des Blutzuckerspiegels stellt einen enormen Stress f\u00fcr die Zelle dar. Dagegen sch\u00fctzt sich die Zelle durch eine Reduzierung ihrer Zucker-T\u00fcren in ihrer Zellmembran. Es gelangt weniger Zucker in die Zelle. Die Leistungsf\u00e4higkeit der Zelle sinkt und es bleibt viel Zucker \u00fcbrig.<\/p>\n<p><strong>Aber was passiert mit dem \u00fcbrigen Zucker?<\/strong> Er muss irgendwie entsorgt werden. Zuerst versucht der K\u00f6rper den Zucker \u00fcber Nieren und Urin zu entsorgen. Darum haben Diabetiker oft sehr viel Durst. Bis zu einem gewissen Grad gelingt das den Nieren auch. Wenn aber auch die Nieren \u00fcberfordert sind, muss der \u00fcbrige Zucker im K\u00f6rper eingelagert werden. Das st\u00f6rt nat\u00fcrlich wieder andere Regelkreise.<\/p>\n<p><strong>Da der K\u00f6rper den Einfachzucker<\/strong> schnell verarbeitet, haben Diabetiker meist schnell wieder Appetit. Sie essen mehr als n\u00f6tig. Das f\u00fchrt oft zu \u00dcbergewicht. \u00dcbergewicht bedeutet eine zus\u00e4tzliche Belastung f\u00fcr den K\u00f6rper. Stress kann eine weitere Belastung sein und Bewegungsmangel ebenfalls. Alle diese Faktoren l\u00f6sen eine Kettenreaktion aus, einen Dominoeffekt, der weitere Regelkreise st\u00f6ren kann.<\/p>\n<p><strong>Viele Gewebe und Organe<\/strong> werden in ihrer Funktion gest\u00f6rt und k\u00f6nnen sogar absterben. Nierenversagen, Herzinfarkt, Schlaganfall, Erblindung und Amputationen nach Durchblutungsst\u00f6rungen k\u00f6nnen die Folge sein.<\/p>\n<p><strong>Hilfe zur Selbsthilfe<\/strong><\/p>\n<p>Aber viele St\u00f6rungen in Regelkreisen sind oft noch umkehrbar. Wir m\u00fcssen die Ursachen bek\u00e4mpfen und unserem K\u00f6rper die notwendige Unterst\u00fctzung zur Regeneration zukommen lassen.<\/p>\n<p>Eine abwechslungsreiche Ern\u00e4hrung sowie viel Bewegung halten die Regelkreise meist ein Leben lang funktionsf\u00e4hig. Wenn wir das beherzigen, werden wir reichlich belohnt: Mit mehr Lebensqualit\u00e4t!<\/p>\n<p><strong>Die Funktionalit\u00e4t unseres Organismus basiert auf Regelkreisen.<\/strong> Wenn Sie funktionieren, dann sind wir gesund, wenn nicht, kann eine Gesundheitsst\u00f6rung die Folge sein.<\/p>\n<p>Generell haben folgende Stoffe einen negativen Einfluss auf unsere Regelkreise: Nikotin (<em>Verengung der Blutgef\u00e4\u00dfe<\/em>), Medikamente (<em>m\u00f6glicherweise Nebenwirkung<\/em>), zu viel Alkohol, schwarzer Tee oder Kaffee (<em>weiten der Blutgef\u00e4\u00dfe<\/em>), aber auch Bewegungsmangel, schlechte Ern\u00e4hrung und Stress geh\u00f6ren dazu.<\/p>\n<p>Letztendlich liegt es in unserer eigenen Verantwortung, unseren K\u00f6rper zu pflegen.<\/p>\n<p>[\/et_pb_accordion_item][\/et_pb_accordion][\/et_pb_column][\/et_pb_row][et_pb_row column_structure=&#8220;2_5,3_5&#8243; _builder_version=&#8220;4.18.1&#8243; _module_preset=&#8220;default&#8220; global_module=&#8220;217&#8243; saved_tabs=&#8220;all&#8220; global_colors_info=&#8220;{}&#8220;][et_pb_column type=&#8220;2_5&#8243; _builder_version=&#8220;4.18.1&#8243; _module_preset=&#8220;default&#8220; border_radii=&#8220;off|10px|0px|0px|10px&#8220; global_colors_info=&#8220;{}&#8220;][et_pb_image src=&#8220;https:\/\/www.cellactiva.com\/at-de\/wp-content\/uploads\/sites\/4\/2022\/11\/cellactiva_Der-Mensch-und-seine-Zellen__r.jpg&#8220; title_text=&#8220;cellactiva_Der-Mensch-und-seine-Zellen__r&#8220; _builder_version=&#8220;4.19.0&#8243; _module_preset=&#8220;default&#8220; border_radii=&#8220;on|10px|10px|10px|10px&#8220; global_colors_info=&#8220;{}&#8220;][\/et_pb_image][\/et_pb_column][et_pb_column type=&#8220;3_5&#8243; _builder_version=&#8220;4.18.1&#8243; _module_preset=&#8220;default&#8220; border_radii=&#8220;off|0px|10px|10px|0px&#8220; global_colors_info=&#8220;{}&#8220;][et_pb_text _builder_version=&#8220;4.19.0&#8243; _module_preset=&#8220;default&#8220; global_colors_info=&#8220;{}&#8220;]<\/p>\n<h2>Der Mensch und seine Zellen<\/h2>\n<p><strong>Die kleinste lebende Einheit im Organismus ist die K\u00f6rperzelle<\/strong>. Wir haben etwa 100 Billionen davon. Unser K\u00f6rper besteht aus 226 verschiedenen Zelltypen. Sie alle sind hochspezialisierte Mini-Fabriken.<\/p>\n<p><strong>Jede Zelle hat eine H\u00fclle<\/strong>. Das ist die Zellmembran. Im Inneren der Zelle befinden sich Mini-Organe (<em>Organellen<\/em>) und Zellfl\u00fcssigkeit (<em>Zytoplasma<\/em>). Die wichtigsten Mini-Organe sind die sogenannten Mitochondrien. Sie produzieren die Zellenergie, das sogenannte ATP (<em>Adenosintriphosphat<\/em>).<\/p>\n<p><strong>Alle Zellen haben eine elektrische Ladung<\/strong>, so wie ein Akku. Sie betr\u00e4gt ca. -70 mV (<em>Millivolt<\/em>). Sinkt die Spannung auf -50 mV, dann k\u00f6nnen die Zellen nicht mehr richtig arbeiten. Ab ca. -20 mV konzentriert sich die Zelle auf ihr \u00dcberleben.<\/p>\n<p><strong>Das gilt \u00fcbrigens f\u00fcr alle 226 Zelltypen.<\/strong><\/p>\n<p>Darum k\u00f6nnen sich bei schlechter Zellversorgung \u00fcberall im K\u00f6rper Funktionsst\u00f6rungen einstellen. Gesundheitsst\u00f6rungen und Schmerzen k\u00f6nnen die Folge sein.<\/p>\n<p><strong>Der Schl\u00fcsselfaktor ist die Sauerstoff-Versorgung der Zelle.<\/strong><\/p>\n<p>[\/et_pb_text][et_pb_accordion toggle_icon=&#8220;&#xf078;||fa||900&#8243; _builder_version=&#8220;4.19.0&#8243; _module_preset=&#8220;default&#8220; global_colors_info=&#8220;{}&#8220;][et_pb_accordion_item title=&#8220;Die Zelle&#8220; open=&#8220;on&#8220; _builder_version=&#8220;4.19.0&#8243; _module_preset=&#8220;default&#8220; global_colors_info=&#8220;{}&#8220;]<\/p>\n<p><strong>Der menschliche K\u00f6rper besteht aus bis zu 100 Billionen Zellen<\/strong>. Diese Zellen sind die funktionalen Grundeinheiten unseres Organismus und sorgen daf\u00fcr, dass wir leben k\u00f6nnen. Es gibt 226 verschiedene Zelltypen im menschlichen Organismus, die sich in Form, Gr\u00f6\u00dfe und Funktion unterscheiden. Es gibt zum Beispiel Nervenzellen, Muskelzellen, Hautzellen oder Knochenzellen.<\/p>\n<p><span style=\"color: #9b111e;\"><img loading=\"lazy\" decoding=\"async\" src=\"https:\/\/www.cellactiva.com\/at-de\/wp-content\/uploads\/sites\/4\/2022\/11\/cellactiva_Aufbau-einer-Koerperzelle__r.jpg\" width=\"500\" height=\"300\" alt=\"\" class=\"wp-image-1514 aligncenter size-full\" srcset=\"https:\/\/www.cellactiva.com\/at-de\/wp-content\/uploads\/sites\/4\/2022\/11\/cellactiva_Aufbau-einer-Koerperzelle__r.jpg 500w, https:\/\/www.cellactiva.com\/at-de\/wp-content\/uploads\/sites\/4\/2022\/11\/cellactiva_Aufbau-einer-Koerperzelle__r-480x288.jpg 480w\" sizes=\"(min-width: 0px) and (max-width: 480px) 480px, (min-width: 481px) 500px, 100vw\" \/>cellactiva_Aufbau-einer-K\u00f6rperzelle <\/span><br \/><span style=\"color: #9b111e;\">\u00a9 <strong>cell<\/strong><em>activa<\/em><\/span><\/p>\n<p><strong>Jede Zelle ist eine kleine Welt f\u00fcr sich<\/strong>. Zellen bestehen aus verschiedenen Mini-Organen (<em>Organellen<\/em>), Zellfl\u00fcssigkeit (<em>Zytoplasma<\/em>) und einer H\u00fclle, der Zellmembran.<\/p>\n<p>[\/et_pb_accordion_item][\/et_pb_accordion][et_pb_accordion toggle_icon=&#8220;&#xf078;||fa||900&#8243; _builder_version=&#8220;4.19.0&#8243; _module_preset=&#8220;default&#8220; global_colors_info=&#8220;{}&#8220;][et_pb_accordion_item title=&#8220;Die Zellmembran&#8220; open=&#8220;on&#8220; _builder_version=&#8220;4.19.0&#8243; _module_preset=&#8220;default&#8220; global_colors_info=&#8220;{}&#8220;]<strong>Die Zellmembran ist die Schutzh\u00fclle der Zelle<\/strong>. Ihre Aufgabe ist es, den Stoffaustausch zwischen Innen und Au\u00dfen zu steuern. Daf\u00fcr hat die Zelle spezielle T\u00fcren. Jede T\u00fcr ist spezialisiert auf bestimmte Stoffe.<\/p>\n<p><span style=\"color: #9b111e;\"><img loading=\"lazy\" decoding=\"async\" src=\"https:\/\/www.cellactiva.com\/at-de\/wp-content\/uploads\/sites\/4\/2022\/11\/cellactiva_Die-Tueren-der-Zellmembran__r.jpg\" width=\"500\" height=\"345\" alt=\"\" class=\"wp-image-1519 aligncenter size-full\" srcset=\"https:\/\/www.cellactiva.com\/at-de\/wp-content\/uploads\/sites\/4\/2022\/11\/cellactiva_Die-Tueren-der-Zellmembran__r.jpg 500w, https:\/\/www.cellactiva.com\/at-de\/wp-content\/uploads\/sites\/4\/2022\/11\/cellactiva_Die-Tueren-der-Zellmembran__r-480x331.jpg 480w\" sizes=\"(min-width: 0px) and (max-width: 480px) 480px, (min-width: 481px) 500px, 100vw\" \/><br \/>\ncellactiva_Die-T\u00fcren-der-Zellmembran<\/span><br \/>\n<span style=\"color: #9b111e;\">\u00a9 <strong>cell<\/strong><em>activa<\/em><\/span><\/p>\n<p><span style=\"color: #9b111e;\"><strong>Protein-Kanal<\/strong><\/span><\/p>\n<p>Das ist die T\u00fcr f\u00fcr gro\u00dfe Strukturen. Durch diese T\u00fcr werden gezielt Aminos\u00e4uren, Proteine, Enzyme oder Hormone in die Zelle hinein- oder herausgeschleust.<\/p>\n<p><span style=\"color: #9b111e;\"><strong>Ionen-Kanal<\/strong><\/span><\/p>\n<p>Das ist die T\u00fcr f\u00fcr kleine Strukturen. Hier k\u00f6nnen nur Ionen einw\u00e4rts und ausw\u00e4rts transportiert werden.<\/p>\n<p><span style=\"color: #9b111e;\"><strong>Sauerstoff<\/strong><\/span><\/p>\n<p>Der Sauerstoff braucht keine eigene T\u00fcr um in die Zelle zu kommen. Sauerstoff-Molek\u00fcle k\u00f6nnen einfach durch die Zellmembran durchschl\u00fcpfen. Sie werden durch die Membran eingesaugt, immer wenn die Zelle Sauerstoff braucht (<em>Konzentrationsgef\u00e4lle<\/em>).<\/p>\n<p><span style=\"color: #9b111e;\"><strong>Natrium-Kalium-Pumpe<\/strong><\/span><\/p>\n<p>Eine wichtige Aufgabe der Zelle ist die Produktion von Zellenergie (<em>ATP<\/em>). Bei der Produktion der Zellenergie bleiben aber positiv geladene Natrium-Ionen (<em>Na<sup>+<\/sup><\/em>) \u00fcbrig. Diese Natrium-Ionen reduzieren die elektrische Spannung in der Zelle und m\u00fcssen deshalb nach drau\u00dfen transportiert werden, denn eine Zelle kann nur dann optimal arbeiten, wenn sie ihre normale elektrische Spannung aufrechterhalten kann.<\/p>\n<p>Die Aufgabe der Natrium-Kalium-Pumpe ist, die Natrium-Ionen aus der Zelle heraus zu transportieren. Die Natrium-Kalium-Pumpe ist sozusagen die Ladestation der Zelle.<\/p>\n<p>Bei einem Pumpvorgang werden\u00a0<strong>drei<\/strong>\u00a0Natrium-Ionen (<em>Na<sup>+<\/sup><\/em>) aus der Zelle\u00a0<strong>heraus<\/strong>, aber nur\u00a0<strong>zwei<\/strong>\u00a0Kalium-Ionen (<em>K<sup>+<\/sup><\/em>) in die Zelle\u00a0<strong>hinein<\/strong>\u00a0transportiert. <strong>Drei<\/strong>\u00a0Ionen heraus, aber nur\u00a0<strong>zwei<\/strong>\u00a0Ionen hinein bedeutet, die Zelle erh\u00e4lt wieder ihre notwenige elektrisch negative Spannung.<\/p>\n<p><span style=\"color: #9b111e;\"><strong>Wasserkanal <\/strong><\/span><\/p>\n<p>In der Zellmembran befinden sich Proteine, die Wasser und auch einige andere Molek\u00fcle in die Zelle hineinleiten k\u00f6nnen. Diese sogenannten Aquaporine bewegen erstaunlicherweise bis zu 3 Milliarden Wasser-Molek\u00fcle pro Sekunde.[\/et_pb_accordion_item][\/et_pb_accordion][et_pb_accordion toggle_icon=&#8220;&#xf078;||fa||900&#8243; _builder_version=&#8220;4.19.0&#8243; _module_preset=&#8220;default&#8220; global_colors_info=&#8220;{}&#8220;][et_pb_accordion_item title=&#8220;Die elektrische Energie der Zellen&#8220; open=&#8220;on&#8220; _builder_version=&#8220;4.19.0&#8243; _module_preset=&#8220;default&#8220; global_colors_info=&#8220;{}&#8220;]<\/p>\n<p><strong>Jede unserer Zellen ist elektrisch geladen<\/strong> wie ein Akku. Die elektrische Spannung bei <strong>gesunden Zellen<\/strong> liegt bei ca. -70 mV<em>\u00a0(Millivolt)<\/em>.<\/p>\n<p><span style=\"color: #9b111e;\"><img loading=\"lazy\" decoding=\"async\" src=\"https:\/\/www.cellactiva.com\/at-de\/wp-content\/uploads\/sites\/4\/2022\/11\/cellactiva_Elektrische-Spannung-der-Zelle__r.jpg\" width=\"500\" height=\"232\" alt=\"\" class=\"wp-image-1525 aligncenter size-full\" srcset=\"https:\/\/www.cellactiva.com\/at-de\/wp-content\/uploads\/sites\/4\/2022\/11\/cellactiva_Elektrische-Spannung-der-Zelle__r.jpg 500w, https:\/\/www.cellactiva.com\/at-de\/wp-content\/uploads\/sites\/4\/2022\/11\/cellactiva_Elektrische-Spannung-der-Zelle__r-480x223.jpg 480w\" sizes=\"(min-width: 0px) and (max-width: 480px) 480px, (min-width: 481px) 500px, 100vw\" \/>cellactiva_ Zellspannung-als-Batterie-dargestellt<\/span><br \/><span style=\"color: #9b111e;\">\u00a9 <strong>cell<\/strong><em>activa<\/em><\/span><\/p>\n<p>Erste Funktionsst\u00f6rungen k\u00f6nnen bereits bei ca. -50 mV auftreten.<\/p>\n<p>Ab ca. -20 mV kann die Zelle nicht mehr arbeiten und konzentriert sich auf ihr \u00dcberleben, also auf Zellteilung und Wachstum.<\/p>\n<p>Die Zellteilung kann bei einer geschw\u00e4chten Zelle unkontrolliert ablaufen. Sie wird oft als Krebs bezeichnet. Ungebremstes Zellwachstum wird Tumor genannt.<\/p>\n<p><strong>Meistens passiert das gro\u00dffl\u00e4chig<\/strong>, es sind also nicht nur einzelne Zellen betroffen, sondern ganze Zellgewebe oder Organe. Wenn Gewebe oder Organe nicht mehr richtig funktionieren st\u00f6rt das die Regelkreise im K\u00f6rper. Meist signalisiert unser K\u00f6rper die St\u00f6rung durch Schmerzen. Schmerzen sind immer ein Hilferuf unseres K\u00f6rpers, weil er die St\u00f6rung nicht mehr alleine bew\u00e4ltigen kann und zus\u00e4tzliche Hilfe braucht.<\/p>\n<p><strong>Es gibt verschiedene Gr\u00fcnde<\/strong>, warum Zellen ihre nat\u00fcrliche elektrische Spannung verlieren k\u00f6nnen. Das sind unter anderem, Bewegungsmangel, Ern\u00e4hrung, Stress und Alter.<\/p>\n<p>[\/et_pb_accordion_item][\/et_pb_accordion][et_pb_accordion toggle_icon=&#8220;&#xf078;||fa||900&#8243; _builder_version=&#8220;4.18.1&#8243; _module_preset=&#8220;default&#8220; global_colors_info=&#8220;{}&#8220;][et_pb_accordion_item title=&#8220;Zellorganellen&#8220; open=&#8220;on&#8220; _builder_version=&#8220;4.18.1&#8243; _module_preset=&#8220;default&#8220; global_colors_info=&#8220;{}&#8220;]<\/p>\n<p><strong>Gef\u00fcllt ist die Zelle mit Zellfl\u00fcssigkeit<\/strong> (<em>Zytoplasma<\/em>). Darin befinden sich sogenannte Organellen, das sind spezialisierte Mini-Organe mit unterschiedlichen Aufgaben.<\/p>\n<p><strong><em>Die Zellorganellen k\u00f6nnen wir am besten mit Produktionshallen einer Fabrik vergleichen.<\/em><\/strong><\/p>\n<p>Die meisten Zellen haben einen Zellkern. Im Zellkern ist unser Erbgut gespeichert (<em>DNA<\/em>). Darin sind alle Informationen zum Aufbau unseres Organismus enthalten.<\/p>\n<p><strong><em>Den Zellkern k\u00f6nnen wir am besten mit einem Chefb\u00fcro vergleichen. Hier werden alle wichtigen Entscheidungen getroffen. Hier befindet sich auch das Archiv mit allen Baupl\u00e4nen.<\/em><\/strong><\/p>\n<p>Jede Zelle braucht Brennmaterial und Sauerstoff, damit sie Zellenergie (<em>ATP<\/em>) produzieren kann. Das Brennmaterial besteht aus Fetten (<em>Glycerin<\/em>) und Zuckerverbindungen (<em>Glukose<\/em>).<\/p>\n<p>Diese Zutaten werden zu den Kraftwerken der Zelle transportiert, den Mitochondrien. Dort werden daraus in vielen Produktionsschritten kleine Energiepakete hergestellt. Das sind energiereiche Molek\u00fcle, ATP genannt.<\/p>\n<p>ATP treibt die Natrium-Kalium-Pumpe an, die die elektrische Spannung der Zelle aufrechterh\u00e4lt. ATP sorgt beispielsweise auch f\u00fcr das Zusammenziehen der Muskulatur.<\/p>\n<p><strong><em>Die Mitochondrien k\u00f6nnen wir am besten mit Kraftwerken vergleichen. Hier wird die Energie der Zellen produziert.<\/em><\/strong><\/p>\n<p>[\/et_pb_accordion_item][\/et_pb_accordion][et_pb_accordion toggle_icon=&#8220;&#xf078;||fa||900&#8243; _builder_version=&#8220;4.19.0&#8243; _module_preset=&#8220;default&#8220; global_colors_info=&#8220;{}&#8220;][et_pb_accordion_item title=&#8220;226 verschiedene Zelltypen&#8220; open=&#8220;on&#8220; _builder_version=&#8220;4.19.0&#8243; _module_preset=&#8220;default&#8220; global_colors_info=&#8220;{}&#8220;]<\/p>\n<p><strong>In unserem Organismus gibt es viele Aufgaben zu erledigen<\/strong>. Diese Aufgaben \u00fcbernehmen unterschiedliche, hochspezialisierte Zelltypen. Im menschlichen Organismus gibt es 226 verschiedene Zelltypen.<\/p>\n<p><span style=\"color: #9b111e;\"><img loading=\"lazy\" decoding=\"async\" src=\"https:\/\/www.cellactiva.com\/at-de\/wp-content\/uploads\/sites\/4\/2022\/11\/cellactiva_Verschiedene-Zelltypen-im-menschlichen-Organismus__r.jpg\" width=\"500\" height=\"439\" alt=\"\" class=\"wp-image-1541 aligncenter size-full\" srcset=\"https:\/\/www.cellactiva.com\/at-de\/wp-content\/uploads\/sites\/4\/2022\/11\/cellactiva_Verschiedene-Zelltypen-im-menschlichen-Organismus__r.jpg 500w, https:\/\/www.cellactiva.com\/at-de\/wp-content\/uploads\/sites\/4\/2022\/11\/cellactiva_Verschiedene-Zelltypen-im-menschlichen-Organismus__r-480x421.jpg 480w\" sizes=\"(min-width: 0px) and (max-width: 480px) 480px, (min-width: 481px) 500px, 100vw\" \/>cellactiva_Verschiedene-Zelltypen-im-menschlichen-Organismus<\/span><br \/><span style=\"color: #9b111e;\">\u00a9 <strong>cell<\/strong><em>activa<\/em><\/span><\/p>\n<p>Wenn unsere Zellen zu wenig Sauerstoff bekommen, k\u00f6nnen sie nicht mehr optimal arbeiten. Egal welche Aufgaben die Zellen erledigen, bei Sauerstoffmangel k\u00f6nnen sie weniger Zellenergie (<em>ATP<\/em>) produzieren. Meist sind immer mehrere Zellen, also Gewebe oder Organe betroffen. Wenn ein Organ seine Aufgabe nicht mehr erf\u00fcllen kann, kommt es zu Funktionsst\u00f6rungen oder Funktionsversagen.<\/p>\n<p>[\/et_pb_accordion_item][\/et_pb_accordion][\/et_pb_column][\/et_pb_row][et_pb_row column_structure=&#8220;2_5,3_5&#8243; _builder_version=&#8220;4.18.1&#8243; _module_preset=&#8220;default&#8220; global_module=&#8220;220&#8243; saved_tabs=&#8220;all&#8220; global_colors_info=&#8220;{}&#8220;][et_pb_column type=&#8220;2_5&#8243; _builder_version=&#8220;4.18.1&#8243; _module_preset=&#8220;default&#8220; border_radii=&#8220;off|10px|0px|0px|10px&#8220; global_colors_info=&#8220;{}&#8220;][et_pb_image src=&#8220;https:\/\/www.cellactiva.com\/at-de\/wp-content\/uploads\/sites\/4\/2022\/11\/cellactiva_Wie-kommt-der-Sauerstoff-in-die-Zelle__r.jpg&#8220; title_text=&#8220;cellactiva_Wie-kommt-der-Sauerstoff-in-die-Zelle__r&#8220; _builder_version=&#8220;4.19.0&#8243; _module_preset=&#8220;default&#8220; border_radii=&#8220;on|10px|10px|10px|10px&#8220; global_colors_info=&#8220;{}&#8220;][\/et_pb_image][\/et_pb_column][et_pb_column type=&#8220;3_5&#8243; _builder_version=&#8220;4.18.1&#8243; _module_preset=&#8220;default&#8220; border_radii=&#8220;off|0px|10px|10px|0px&#8220; global_colors_info=&#8220;{}&#8220;][et_pb_text _builder_version=&#8220;4.19.0&#8243; _module_preset=&#8220;default&#8220; global_colors_info=&#8220;{}&#8220;]<\/p>\n<h2>Wie kommt der Sauerstoff in die Zelle?<\/h2>\n<p><strong>Der Sauerstoff wird durch das Einatmen<\/strong> der Luft in die Lunge eingesaugt. In der Lunge gelangt der Sauerstoff in die sogenannten Lungenbl\u00e4schen. Lungenbl\u00e4schen haben eine d\u00fcnne Membran, durch die der Sauerstoff aufgrund eines physikalischen Gesetzes\u00a0<em>(Konzentrationsgef\u00e4lle)<\/em>\u00a0ins Blut gezogen wird.<\/p>\n<p><strong>Im Blut bindet sich der Sauerstoff an die roten Blutk\u00f6rperchen<\/strong> (<em>Erythrozyten<\/em>). Nun tritt er seine Reise zu den Zellen an.<\/p>\n<p><strong>Das Herz pumpt das Blut in die Arterien<\/strong>. Sie gl\u00e4tten den schwallartigen Blutaussto\u00df des Herzen bis zu einer gleichm\u00e4\u00dfig dahinflie\u00dfenden Fl\u00fcssigkeit.<\/p>\n<p><strong>Das Blut flie\u00dft weiter in die Arteriolen<\/strong>. Ihre Aufgabe ist es, den Blutbedarf der dahinterliegenden Organe zu regulieren. Sie machen das durch Weitung und Verengung ihrer Muskeln.<\/p>\n<p><strong>Schlie\u00dflich kommen die roten Blutk\u00f6rperchen an den Kapillaren an<\/strong>. Hier k\u00f6nnen sie nur einzeln und gequetscht, sozusagen im G\u00e4nsemarsch durchschl\u00fcpfen.<\/p>\n<p><strong>Die Kapillar-Membran ist elektrisch negativ geladen<\/strong>. Der Sauerstoff auch. Da sich gleichen Ladungen absto\u00dfen, gleiten die roten Blutk\u00f6rperchen mit dem Sauerstoff an Bord wie auf einer Magnetschwebebahn durch die Kapillaren.<\/p>\n<p><strong>Begleitet werden die roten Blutk\u00f6rperchen<\/strong> von elektrisch positiv geladenen Wasserstoff-Ionen. Diese werden von der Kapillar-Membran angezogen und neutralisieren die elektrische Barriere.<\/p>\n<p><strong>Jetzt kann der Sauerstoff<\/strong> von den roten Blutk\u00f6rperchen abdocken, durch die Membran hinausschl\u00fcpfen und befindet sich in der zellumgebenden Fl\u00fcssigkeit (<em>Interstitium<\/em>). Der Sauerstoff wird durch das sogenannte Konzentrationsgef\u00e4lle quasi in die Zellumgebung gesaugt (<em>Konzentrationsgef\u00e4lle<\/em>).<\/p>\n<p><strong>Die Zellen haben ebenfalls Membranen<\/strong>. Ist der Sauerstoff in der Zelle verbraucht, entsteht auch hier ein Konzentrationsgef\u00e4lle. Der Sauerstoff wird durch die Membran in die Zelle reingezogen.<\/p>\n<p><strong>Hier dient der Sauerstoff als Treibstoff<\/strong> zur Gewinnung von Zellenergie (<em>ATP<\/em>) in den Mitochondrien.<\/p>\n<p><strong>Der Knackpunkt beim Sauerstoff-Transport<\/strong> von der Lunge zur Zelle ist das Durchschl\u00fcpfen des Sauerstoffs durch die Kapillar-Membran. Daf\u00fcr sind wie gesagt Wasserstoff-Ionen notwendig, die die Membran erreichen.<\/p>\n<p><strong>Je schneller das Blut flie\u00dft<\/strong>, desto mehr Wasserstoff-Ionen finden ihren Weg an die Membran und steigern die Sauerstoff-Versorgung der Zellen.<\/p>\n<p><strong>Bei Bewegungsmangel flie\u00dft das Blut langsam<\/strong>. Ist das langanhaltend der Fall, leiden die Zellen unter einem chronischen Sauerstoffmangel und degenerieren.<\/p>\n<p>[\/et_pb_text][\/et_pb_column][\/et_pb_row][et_pb_row column_structure=&#8220;2_5,3_5&#8243; _builder_version=&#8220;4.18.1&#8243; _module_preset=&#8220;default&#8220; global_colors_info=&#8220;{}&#8220;][et_pb_column type=&#8220;2_5&#8243; _builder_version=&#8220;4.18.1&#8243; _module_preset=&#8220;default&#8220; border_radii=&#8220;off|10px|0px|0px|&#8220; global_colors_info=&#8220;{}&#8220;][et_pb_image src=&#8220;https:\/\/www.cellactiva.com\/at-de\/wp-content\/uploads\/sites\/4\/2022\/11\/cellactiva_Was-ist-Resonanz__r.jpg&#8220; title_text=&#8220;cellactiva_Was-ist-Resonanz__r&#8220; _builder_version=&#8220;4.19.0&#8243; _module_preset=&#8220;default&#8220; border_radii=&#8220;on|10px|10px|10px|10px&#8220; global_colors_info=&#8220;{}&#8220;][\/et_pb_image][\/et_pb_column][et_pb_column type=&#8220;3_5&#8243; _builder_version=&#8220;4.18.1&#8243; _module_preset=&#8220;default&#8220; border_radii=&#8220;off|0px|10px||0px&#8220; global_colors_info=&#8220;{}&#8220;][et_pb_text _builder_version=&#8220;4.19.0&#8243; _module_preset=&#8220;default&#8220; global_colors_info=&#8220;{}&#8220;]<\/p>\n<h2>Was ist Resonanz?<\/h2>\n<p><strong>Sind Sie schon einmal mit einem vollen Teller Suppe<\/strong> in den H\u00e4nden gelaufen? Wenn die Frequenz, mit der die Suppe im Teller hin- und herschwappt, mit der eigenen Schrittfrequenz \u00fcbereinstimmt (<em>Resonanz<\/em>), schaukelt sich diese Schwingung mit jedem Schritt auf bis die Suppe \u00fcberschwappt.<\/p>\n<p><strong>Das passiert deshalb,<\/strong> weil die Schwingung im Teller zum richtigen Moment (<em>mit gleicher Frequenz<\/em>) immer wieder Energie zugef\u00fchrt wird. \u00c4ndert man dann aber die Schrittfrequenz (<em>keine Resonanz mehr<\/em>), passiert das nicht.<\/p>\n<p><strong>Resonanz ist also die \u00dcbertragung von Schwingungen.<\/strong><\/p>\n<p>[\/et_pb_text][et_pb_accordion toggle_icon=&#8220;&#xf078;||fa||900&#8243; _builder_version=&#8220;4.19.0&#8243; _module_preset=&#8220;default&#8220; global_colors_info=&#8220;{}&#8220;][et_pb_accordion_item title=&#8220;Resonanz&#8220; open=&#8220;on&#8220; _builder_version=&#8220;4.19.0&#8243; _module_preset=&#8220;default&#8220; global_colors_info=&#8220;{}&#8220;]<\/p>\n<p><strong>Wenn Sie das gleiche Experiment<\/strong> mit einem Glas Wasser wiederholen, dann schwappt das Wasser nicht aus dem Glas. Die Schwingungs-Frequenz des Glases ist viel h\u00f6her, weil die Oberfl\u00e4che kleiner ist. Hier gibt es keine Resonanz, weil die Schwingungs-Frequenzen zu unterschiedlich sind.<\/p>\n<p><span style=\"color: #9b111e;\"><img loading=\"lazy\" decoding=\"async\" src=\"https:\/\/www.cellactiva.com\/at-de\/wp-content\/uploads\/sites\/4\/2022\/11\/cellactiva_Darstellung-der-Resonanz-anhand-von-Stimmgabeln__r.jpg\" width=\"500\" height=\"643\" alt=\"\" class=\"wp-image-1515 aligncenter size-full\" srcset=\"https:\/\/www.cellactiva.com\/at-de\/wp-content\/uploads\/sites\/4\/2022\/11\/cellactiva_Darstellung-der-Resonanz-anhand-von-Stimmgabeln__r.jpg 500w, https:\/\/www.cellactiva.com\/at-de\/wp-content\/uploads\/sites\/4\/2022\/11\/cellactiva_Darstellung-der-Resonanz-anhand-von-Stimmgabeln__r-480x617.jpg 480w\" sizes=\"(min-width: 0px) and (max-width: 480px) 480px, (min-width: 481px) 500px, 100vw\" \/>cellactiva_Darstellung-der-Resonanz-anhand-von-Stimmgabeln<\/span><br \/><span style=\"color: #9b111e;\">\u00a9 <strong>cell<\/strong><em>activa<\/em><\/span><\/p>\n<p>Stimmgabeln \u00fcbertragen ihre Schwingungen auf Luft-Molek\u00fcle. Die Luft-Molek\u00fcle bringen andere Stimmgabeln gleicher Gr\u00f6\u00dfe in Schwingung. Dabei ist es egal, ob Sie zuerst die linke oder die rechte Stimmgabel anschlagen, die Schwingung \u00fcbertr\u00e4gt sich immer auf die jeweils andere.<\/p>\n<p>Immer wenn Schwingungen \u00fcbertragen werden k\u00f6nnen, dann sprechen wir von Resonanz.<\/p>\n<p>[\/et_pb_accordion_item][\/et_pb_accordion][\/et_pb_column][\/et_pb_row][et_pb_row column_structure=&#8220;2_5,3_5&#8243; _builder_version=&#8220;4.18.1&#8243; _module_preset=&#8220;default&#8220; global_module=&#8220;246&#8243; saved_tabs=&#8220;all&#8220; global_colors_info=&#8220;{}&#8220;][et_pb_column type=&#8220;2_5&#8243; _builder_version=&#8220;4.18.1&#8243; _module_preset=&#8220;default&#8220; border_radii=&#8220;off|10px|0px|0px|10px&#8220; global_colors_info=&#8220;{}&#8220;][et_pb_image src=&#8220;https:\/\/www.cellactiva.com\/at-de\/wp-content\/uploads\/sites\/4\/2022\/11\/cellactiva_Wirkung-Magnetfeld-Resonanz__r.jpg&#8220; title_text=&#8220;cellactiva_Wirkung-Magnetfeld-Resonanz__r&#8220; _builder_version=&#8220;4.19.0&#8243; _module_preset=&#8220;default&#8220; border_radii=&#8220;on|10px|10px|10px|10px&#8220; global_colors_info=&#8220;{}&#8220;][\/et_pb_image][\/et_pb_column][et_pb_column type=&#8220;3_5&#8243; _builder_version=&#8220;4.18.1&#8243; _module_preset=&#8220;default&#8220; border_radii=&#8220;off|0px|10px|10px|0px&#8220; global_colors_info=&#8220;{}&#8220;][et_pb_text _builder_version=&#8220;4.18.1&#8243; _module_preset=&#8220;default&#8220; global_colors_info=&#8220;{}&#8220;]<\/p>\n<h2>Frequenzen und ihre Wechselwirkungen<\/h2>\n<p><strong>Regelm\u00e4\u00dfige Schwingungen werden auch als Frequenzen bezeichnet.<\/strong> Frequenzen messen wir in der Einheit Hertz (<em>Hz<\/em>). Sie ist benannt nach dem Deutschen Physiker Heinrich Rudolf Hertz (<em>1857-1894)<\/em>.<\/p>\n<p><strong>In der Technik verwenden wir viele unterschiedliche Frequenzen.<\/strong> Aber auch unser K\u00f6rper nutzt viele unterschiedliche Frequenzen.<\/p>\n<p><strong>Interessant wird es immer dann<\/strong>, wenn eine technische Frequenz auf eine k\u00f6rpereigene trifft. Das hat immer eine Auswirkung auf den Organismus. Diese Auswirkungen k\u00f6nnen positiv oder negativ sein. Entscheidend dabei sind neben der Frequenz auch Einwirkdauer und Intensit\u00e4t.<\/p>\n<p>[\/et_pb_text][et_pb_accordion toggle_icon=&#8220;&#xf078;||fa||900&#8243; _builder_version=&#8220;4.19.0&#8243; _module_preset=&#8220;default&#8220; global_colors_info=&#8220;{}&#8220;][et_pb_accordion_item title=&#8220;Beispiele negativer Wirkungen&#8220; open=&#8220;on&#8220; _builder_version=&#8220;4.19.0&#8243; _module_preset=&#8220;default&#8220; global_colors_info=&#8220;{}&#8220;]<span style=\"color: #9b111e;\"><strong>Stromfrequenz (50 Hz)<\/strong><\/span><\/p>\n<p>Unser Strom in der Steckdose beispielsweise hat 50 Hz, schwingt also 50 Mal pro Sekunde. Die 50 Hz wirken auf das vegetative Nervensystem. Eine kurzfristige Einwirkung macht wach, eine l\u00e4nger andauernde kann Stress, Kopfschmerzen und Migr\u00e4ne verursachen.<\/p>\n<p><span style=\"color: #9b111e;\"><strong>Smartphone-Frequenzen (MHz und GHz)<\/strong><\/span><\/p>\n<p>Die Sendefrequenzen unserer Smartphones gehen hoch bis in den Megahertz- und Gigahertz-Bereich. Das sind bis zu 2,17 Milliarden\u00a0Schwingungen pro Sekunde.<\/p>\n<p>Frequenzen im Megahertz-Bereich bringen Atome in Schwingung. Wir nehmen das als W\u00e4rme wahr. Gerade bei \u00e4lteren Mobiltelefonen wurden die Ohren warm.<\/p>\n<p>Modernere Ger\u00e4te (<em>4G und 5G<\/em>) wirken sogar bis in den Zellkern und die DNA hinein und k\u00f6nnen Gensch\u00e4den verursachen.[\/et_pb_accordion_item][\/et_pb_accordion][et_pb_accordion toggle_icon=&#8220;&#xf078;||fa||900&#8243; _builder_version=&#8220;4.19.0&#8243; _module_preset=&#8220;default&#8220; global_colors_info=&#8220;{}&#8220;][et_pb_accordion_item title=&#8220;Beispiele positiver Wirkungen&#8220; open=&#8220;on&#8220; _builder_version=&#8220;4.19.0&#8243; _module_preset=&#8220;default&#8220; global_colors_info=&#8220;{}&#8220;]<span style=\"color: #9b111e;\"><strong>Vegetatives Nervensystem<\/strong><\/span><\/p>\n<p>Es gibt Frequenzen, die auf unser vegetatives Nervensystem wirken. Diese Frequenzen nutzt auch unser Gehirn zur internen Kommunikation zwischen den verschiedenen Gehirnarealen. Dabei steuern Frequenzen unter etwa 8 Hz Schlaf, Erholung und Regeneration. Die Frequenzen oberhalb steuern k\u00f6rperliche und geistige Leistungsbereitschaft.<\/p>\n<p><span style=\"color: #9b111e;\"><strong>Schumann-Frequenz (7,83 Hz)<\/strong><\/span><\/p>\n<p>Eine Frequenz um 8 Hz entspricht dem \u201eentspannten Wachzustand\u201c. Diese Frequenz ist ideal zum Entspannen, Lernen oder Meditieren. Sie entspricht dabei erstaunlich genau der Schumann-Frequenz, f\u00fcr viele der \u201ePulsschlag der Erde\u201c.<\/p>\n<p><span style=\"color: #9b111e;\"><strong>Arterielle Resonanz Frequenzen (200 &#8211; 250 Hz)<\/strong><\/span><\/p>\n<p>Frequenzen k\u00f6nnen auch Objekte in Schwingung versetzen. Wir kennen das von Stimmgabeln, die ihre Schwingungen auf andere \u00fcbertragen. Die arteriellen Resonanz Frequenzen bringen Arteriolen leicht zum Vibrieren. Das reduziert f\u00fcr das Blut die Bremswirkung an den Gef\u00e4\u00dfw\u00e4nden. Als Ergebnis verbessert sich die Durchblutung. Die Hauttemperatur kann steigen und manche sp\u00fcren ein Kribbeln.<\/p>\n<p><span style=\"color: #9b111e;\"><strong>Geldrolleneffekt Resonanz (400 \u2013 500 Hz)<\/strong><\/span><\/p>\n<p>Sie bringt verklumpte rote Blutk\u00f6rperchen zum Vibrieren. Dadurch l\u00f6sen sie sich wieder und k\u00f6nnen einzeln in die Kapillaren schl\u00fcpfen.<\/p>\n<p><span style=\"color: #9b111e;\"><strong>Mehr Frequenzen<\/strong><\/span><\/p>\n<p>Weiterhin gibt es Frequenzbereiche, die wir h\u00f6ren, als W\u00e4rme f\u00fchlen oder sehen k\u00f6nnen. Andere br\u00e4unen unsere Haut.[\/et_pb_accordion_item][\/et_pb_accordion][et_pb_accordion toggle_icon=&#8220;&#xf107;||fa||900&#8243; _builder_version=&#8220;4.19.0&#8243; _module_preset=&#8220;default&#8220; global_colors_info=&#8220;{}&#8220;][et_pb_accordion_item title=&#8220;Frequenzen in der Technik&#8220; open=&#8220;on&#8220; _builder_version=&#8220;4.19.0&#8243; _module_preset=&#8220;default&#8220; global_colors_info=&#8220;{}&#8220;]<\/p>\n<p><strong>In unseren technischen Ger\u00e4ten <\/strong>nutzen wir viele unterschiedliche Frequenzen. Sie werden in sieben gro\u00dfe Bereiche eingeteilt:<strong>\u00a0<\/strong><\/p>\n<p><span style=\"color: #9b111e;\"><img loading=\"lazy\" decoding=\"async\" src=\"https:\/\/www.cellactiva.com\/at-de\/wp-content\/uploads\/sites\/4\/2022\/11\/cellactiva_Das-Frequenzspektrum-und-seine-technische-Verwendung__r.jpg\" width=\"1000\" height=\"344\" alt=\"\" class=\"wp-image-1561 aligncenter size-full\" srcset=\"https:\/\/www.cellactiva.com\/at-de\/wp-content\/uploads\/sites\/4\/2022\/11\/cellactiva_Das-Frequenzspektrum-und-seine-technische-Verwendung__r.jpg 1000w, https:\/\/www.cellactiva.com\/at-de\/wp-content\/uploads\/sites\/4\/2022\/11\/cellactiva_Das-Frequenzspektrum-und-seine-technische-Verwendung__r-980x337.jpg 980w, https:\/\/www.cellactiva.com\/at-de\/wp-content\/uploads\/sites\/4\/2022\/11\/cellactiva_Das-Frequenzspektrum-und-seine-technische-Verwendung__r-480x165.jpg 480w\" sizes=\"(min-width: 0px) and (max-width: 480px) 480px, (min-width: 481px) and (max-width: 980px) 980px, (min-width: 981px) 1000px, 100vw\" \/><br \/>cellactiva_Das-Frequenzspektrum-und-seine-technische-Verwendung<\/span><br \/><span style=\"color: #9b111e;\">\u00a9 <strong>cell<\/strong><em>activa<\/em><\/span><\/p>\n<p><span style=\"color: #9b111e;\"><strong>Niederfrequent<\/strong><\/span><\/p>\n<p>Im niederfrequenten\u00a0Bereich liegen Bahnstrom (<em>16 2\/3 Hz<\/em>), Haushaltsstrom (<em>50 Hz<\/em>) sowie der Schall, den wir h\u00f6ren k\u00f6nnen (<em>20 Hz \u2013 20.000 Hz<\/em>).<\/p>\n<p><span style=\"color: #9b111e;\"><strong>Hochfrequent<\/strong><\/span><\/p>\n<p>Der\u00a0hochfrequente\u00a0Bereich dient zur Kommunikation. Hier finden wir die Frequenzen f\u00fcr digitales Radio, Kabel- und Satelliten-Fernsehen, Amateurfunk, staatliche Funkdienste, WLAN und Mobilfunk.<\/p>\n<p><span style=\"color: #9b111e;\"><strong> Infrarot<\/strong><\/span><\/p>\n<p>Im\u00a0Infrarot-Bereich liegt die W\u00e4rmestrahlung. Die kennen wir von der Sonne und der Infrarotlampe.<\/p>\n<p><span style=\"color: #9b111e;\"><strong> Licht <\/strong><\/span><\/p>\n<p>Anschlie\u00dfend folgt der eng begrenzte Bereich des\u00a0sichtbaren\u00a0Lichts.<\/p>\n<p><span style=\"color: #9b111e;\"><strong>Ultraviolett<\/strong><\/span><\/p>\n<p>Danach finden wir die nicht mehr sichtbare UV-Strahlung\u00a0der Sonne. Sie sorgt f\u00fcr die Br\u00e4unung der Haut.<\/p>\n<p><span style=\"color: #9b111e;\"><strong>R\u00f6ntgenstrahlung<\/strong><\/span><\/p>\n<p>Die R\u00f6ntgenstrahlung\u00a0kennen wir aus der Arztpraxis.<\/p>\n<p><span style=\"color: #9b111e;\"><strong> Gammastrahlung<\/strong><\/span><\/p>\n<p>Die Gammastrahlung\u00a0ist die radioaktive Strahlung.<\/p>\n<p>[\/et_pb_accordion_item][\/et_pb_accordion][et_pb_accordion toggle_icon=&#8220;&#xf078;||fa||900&#8243; _builder_version=&#8220;4.19.2&#8243; _module_preset=&#8220;default&#8220; global_colors_info=&#8220;{}&#8220;][et_pb_accordion_item title=&#8220;Frequenzen beim Menschen&#8220; open=&#8220;on&#8220; _builder_version=&#8220;4.19.2&#8243; _module_preset=&#8220;default&#8220; global_colors_info=&#8220;{}&#8220;]<\/p>\n<p>Viele Frequenzen haben eine Wirkung auf den menschlichen Organismus. Die Wirkung kann positiv oder auch negativ sein. Neben der Frequenz sind Intensit\u00e4t und Dauer entscheidend. Die Frage ist also immer, wie lange wirkt welche Frequenz mit welcher Intensit\u00e4t auf unseren K\u00f6rper ein?<\/p>\n<p><strong><em>Wenn wir nur kurze <\/em><\/strong><strong><em>Zeit am Strand in der Sonne liegen, hilft das unserem K\u00f6rper bei der Bildung von Vitamin D. Wenn wir jedoch stundenlang in der Sonne liegen ist das sch\u00e4dlich f\u00fcr unsere Haut. \u2013 Die Dosis ist entscheidend.<\/em><\/strong><\/p>\n<p>Auch die Frequenzen beim Menschen sind in sieben Bereiche eingeteilt. Diese Bereiche unterscheiden sich durch die Art, wie sie auf den menschlichen Organismus wirken und wie wir sie wahrnehmen k\u00f6nnen.<\/p>\n<p><span style=\"color: #9b111e;\"><img loading=\"lazy\" decoding=\"async\" src=\"https:\/\/www.cellactiva.com\/at-de\/wp-content\/uploads\/sites\/4\/2022\/11\/cellactiva_Frequenzen-beim-Menschen__r.jpg\" width=\"1000\" height=\"385\" alt=\"\" class=\"wp-image-1562 aligncenter size-full\" srcset=\"https:\/\/www.cellactiva.com\/at-de\/wp-content\/uploads\/sites\/4\/2022\/11\/cellactiva_Frequenzen-beim-Menschen__r.jpg 1000w, https:\/\/www.cellactiva.com\/at-de\/wp-content\/uploads\/sites\/4\/2022\/11\/cellactiva_Frequenzen-beim-Menschen__r-980x377.jpg 980w, https:\/\/www.cellactiva.com\/at-de\/wp-content\/uploads\/sites\/4\/2022\/11\/cellactiva_Frequenzen-beim-Menschen__r-480x185.jpg 480w\" sizes=\"(min-width: 0px) and (max-width: 480px) 480px, (min-width: 481px) and (max-width: 980px) 980px, (min-width: 981px) 1000px, 100vw\" \/>cellactiva_Frequenzen-beim-Menschen<\/span><br \/><span style=\"color: #9b111e;\">\u00a9 <strong>cell<\/strong><em>activa<\/em><\/span><\/p>\n<p><span style=\"color: #9b111e;\"><strong>1. Vegetative Resonanz Frequenzen (1 &#8211; 60 Hz)<\/strong><\/span><\/p>\n<p>Die verschiedenen Bereiche unseres Gehirns sind nicht \u00fcber Nervenbahnen verbunden. Wenn nun ein Gehirnbereich mit einem anderen kommunizieren will, funktioniert das \u201edrahtlos\u201c, sozusagen \u00fcber \u201eFunk\u201c, also mit elektromagnetischen Wellen. Die Botschaft wird in Form von unterschiedlichen Frequenzen \u00fcbertragen.<\/p>\n<p>Unser Gehirn hat sogenannte Oszillatoren. Das sind Schwingungs-Erzeuger. Hierbei werden Nervenzellen langsam \u00fcber Kalzium-Ionen aufgeladen und wenn der Speicher voll ist, erfolgt eine Entladung. So erzeugt das Gehirn Frequenzen in einem Bereich von ca. 1 \u2013 60 Hz.<span style=\"color: #993300;\"><\/span><\/p>\n<p><span style=\"color: #9b111e;\"><img loading=\"lazy\" decoding=\"async\" src=\"https:\/\/www.cellactiva.com\/at-de\/wp-content\/uploads\/sites\/4\/2023\/01\/cellactiva_Vegetative-Resonanz-Frequenzen_rr.jpg\" width=\"499\" height=\"160\" alt=\"\" class=\"wp-image-2276 aligncenter size-full\" srcset=\"https:\/\/www.cellactiva.com\/at-de\/wp-content\/uploads\/sites\/4\/2023\/01\/cellactiva_Vegetative-Resonanz-Frequenzen_rr.jpg 499w, https:\/\/www.cellactiva.com\/at-de\/wp-content\/uploads\/sites\/4\/2023\/01\/cellactiva_Vegetative-Resonanz-Frequenzen_rr-480x154.jpg 480w\" sizes=\"(min-width: 0px) and (max-width: 480px) 480px, (min-width: 481px) 499px, 100vw\" \/><\/span><\/p>\n<p><span style=\"color: #9b111e;\">cellactiva_Vegetative-Resonanz-Frequenzen<br \/><\/span><span style=\"color: #9b111e;\">\u00a9 <strong>cell<\/strong><em>activa<\/em><\/span><\/p>\n<p>Diese Frequenzen sind \u00fcber ein Elektroenzephalogramm (<em>EEG<\/em>) messbar und darstellbar. Das EEG ist ein Abbild der Gehirnstr\u00f6me.<\/p>\n<p><span style=\"color: #9b111e;\"><img loading=\"lazy\" decoding=\"async\" src=\"https:\/\/www.cellactiva.com\/at-de\/wp-content\/uploads\/sites\/4\/2022\/11\/cellactiva_EEG_Frau_messen__r.jpg\" width=\"500\" height=\"297\" alt=\"\" class=\"wp-image-1521 aligncenter size-full\" srcset=\"https:\/\/www.cellactiva.com\/at-de\/wp-content\/uploads\/sites\/4\/2022\/11\/cellactiva_EEG_Frau_messen__r.jpg 500w, https:\/\/www.cellactiva.com\/at-de\/wp-content\/uploads\/sites\/4\/2022\/11\/cellactiva_EEG_Frau_messen__r-480x285.jpg 480w\" sizes=\"(min-width: 0px) and (max-width: 480px) 480px, (min-width: 481px) 500px, 100vw\" \/>cellactiva_EEG-Gehirnstr\u00f6me-messen<br \/><\/span><span style=\"color: #9b111e;\">\u00a9 <strong>cell<\/strong><em>activa<\/em><\/span><\/p>\n<p>Die Vegetativen Resonanz Frequenzen sind in f\u00fcnf Bereiche (<em>Delta, Theta, Alpha, Beta und Gamma<\/em>) eingeteilt. Sie beschreiben den Zustand, in dem wir uns befinden.<\/p>\n<p><span style=\"color: #9b111e;\"><img loading=\"lazy\" decoding=\"async\" src=\"https:\/\/www.cellactiva.com\/at-de\/wp-content\/uploads\/sites\/4\/2022\/11\/cellactiva_Spektrum-Gehirnwellen__r.jpg\" width=\"500\" height=\"417\" alt=\"\" class=\"wp-image-1537 aligncenter size-full\" srcset=\"https:\/\/www.cellactiva.com\/at-de\/wp-content\/uploads\/sites\/4\/2022\/11\/cellactiva_Spektrum-Gehirnwellen__r.jpg 500w, https:\/\/www.cellactiva.com\/at-de\/wp-content\/uploads\/sites\/4\/2022\/11\/cellactiva_Spektrum-Gehirnwellen__r-480x400.jpg 480w\" sizes=\"(min-width: 0px) and (max-width: 480px) 480px, (min-width: 481px) 500px, 100vw\" \/>cellactiva_Spektrum-der-Gehirnwellen<br \/><\/span><span style=\"color: #9b111e;\">\u00a9 <strong>cell<\/strong><em>activa<\/em><\/span><\/p>\n<p><span style=\"color: #9b111e;\"><strong>1.1. Delta-Bereich<\/strong><strong>\u00a0(1 bis 4 Hz)<\/strong><\/span><\/p>\n<p>Er umfasst die traumlose Tiefschlafphase. F\u00fcr unseren K\u00f6rper und Geist bedeutet das Ruhe, Entspannung und Regeneration. Das Herz schl\u00e4gt langsamer, die Blutgef\u00e4\u00dfe weiten sich, die Atmung wird langsamer, die Muskelspannung l\u00e4sst nach. Unsere Zellen haben Zeit f\u00fcr ihre Regeneration.<\/p>\n<p><span style=\"color: #9b111e;\"><strong>1.2. Theta-Bereich<\/strong>\u00a0<strong>(4 \u2013 8 Hz)<\/strong><\/span><\/p>\n<p>Das ist die Schlafphase in der wir weniger tief schlafen und tr\u00e4umen k\u00f6nnen. Abgesehen von der k\u00f6rperlichen Entspannung ist unser Kleinhirn aktiv und sortiert die Tageserlebnisse. Die wichtigen werden ins Gro\u00dfhirn, ins Langzeitged\u00e4chtnis, \u00fcbertragen.<\/p>\n<p><span style=\"color: #9b111e;\"><strong>1.3. Alpha-Bereich<\/strong><strong>\u00a0(8 bis 13 Hz)<\/strong><\/span><\/p>\n<p>Hier sind wir wach, aber sehr entspannt. Auch in diesem Bereich findet Regeneration statt. Unsere Aufmerksamkeit ist eher nach innen als nach au\u00dfen gerichtet. Darum k\u00f6nnen wir in diesem Zustand gut lernen. Wenn wir d\u00f6sen, entspannt auf dem Sofa liegen, entspannende Musik h\u00f6ren, dann befinden wir uns im Alpha-Bereich.<\/p>\n<p><span style=\"color: #9b111e;\"><strong>1.4. Beta-Bereich<\/strong><strong>\u00a0(13 bis 30 Hz)<\/strong><\/span><\/p>\n<p>Hier sind wir k\u00f6rperlich und\/oder geistig aktiv. Wir sind leistungsbereit und alle Regelkreise sind daf\u00fcr eingestellt. Der Blutdruck ist eher etwas h\u00f6her, die Blutgef\u00e4\u00dfe sind enger, die Lunge ist bereit mehr Sauerstoff aufzunehmen, unsere Muskeln haben eine gewisse Vorspannung, damit sie schneller reagieren k\u00f6nnen. Unser Gehirn mit allen Sinnesorganen ist schneller aufnahmef\u00e4hig f\u00fcr \u00e4u\u00dfere Einfl\u00fcsse. Wir befinden uns im Beta-Bereich, wenn wir geistig oder k\u00f6rperlich arbeiten.<\/p>\n<p><span style=\"color: #9b111e;\"><strong>1.5. Gamma-Bereich<\/strong><strong>\u00a0(30 bis 60 Hz)<\/strong><\/span><\/p>\n<p>Er steht f\u00fcr h\u00f6chste Aufmerksamkeit und h\u00f6chste Leistungsbereitschaft. In diesem Bereich befinden wir uns immer dann, wenn h\u00f6chste Konzentration gefordert ist. Auch beim Sport ist unser Gehirn im Gamma-Bereich aktiv.<\/p>\n<p><strong>Sie alle wirken auf unser vegetatives Nervensystem.<\/strong> Das ist der Bereich unseres Nervensystems, den wir willentlich kaum beeinflussen k\u00f6nnen. Frequenzen unter rund 8 Hz wirken auf den sogenannten Parasympathikus, der Schlaf und Regeneration steuert. Die Frequenzen dar\u00fcber wirken auf den sogenannten Sympathikus, der die k\u00f6rperliche und geistige Leistungsbereitschaft steuert.<\/p>\n<p><span style=\"color: #9b111e;\"><strong>1.6. Schumann-Frequenz (7,83 Hz)<\/strong><\/span><\/p>\n<p>Die Frequenz um 8 Hz entspricht dem \u201eentspannten Wachzustand\u201c. Diese Frequenz ist ideal zum Entspannen, Lernen oder Meditieren. Sie entspricht dabei erstaunlich genau der Schumann-Frequenz, dem \u201ePulsschlag der Erde\u201c.<\/p>\n<p><span style=\"color: #9b111e;\"><strong>2. Mechanische Resonanz Frequenzen <\/strong><strong>(7 &#8211; 3.000 Hz)<\/strong><\/span><\/p>\n<p><span style=\"color: #9b111e;\"><img loading=\"lazy\" decoding=\"async\" src=\"https:\/\/www.cellactiva.com\/at-de\/wp-content\/uploads\/sites\/4\/2022\/11\/cellactiva_-Mechanische-Resonanz-Frequenzen__r.jpg\" width=\"500\" height=\"149\" alt=\"\" class=\"wp-image-1533 aligncenter size-full\" srcset=\"https:\/\/www.cellactiva.com\/at-de\/wp-content\/uploads\/sites\/4\/2022\/11\/cellactiva_-Mechanische-Resonanz-Frequenzen__r.jpg 500w, https:\/\/www.cellactiva.com\/at-de\/wp-content\/uploads\/sites\/4\/2022\/11\/cellactiva_-Mechanische-Resonanz-Frequenzen__r-480x143.jpg 480w\" sizes=\"(min-width: 0px) and (max-width: 480px) 480px, (min-width: 481px) 500px, 100vw\" \/>cellactiva_Mechanische-Resonanz-Frequenzen<br \/><\/span><span style=\"color: #9b111e;\">\u00a9 <strong>cell<\/strong><em>activa<\/em><\/span><\/p>\n<p>Sie versetzen Organe, Gewebe und Zellen in Resonanz-Schwingung.<\/p>\n<p>Unsere Organe sind relativ gro\u00df. Darum schwingen sie bei tiefen Frequenzen. Der Bereich liegt bei 7 bis 10 Hz.<\/p>\n<p>Unsere Blutgef\u00e4\u00dfe sind im Vergleich dazu sehr viel kleiner. Um sie in Resonanz-Schwingung zu bringen, ben\u00f6tigen wir Frequenzen von 200 Hz bis 250 Hz.<\/p>\n<p>Um Zellstrukturen wie verklumpte rote Blutk\u00f6rperchen in Resonanz-Schwingung zu versetzen sind Frequenzen ab 500 Hz und h\u00f6her n\u00f6tig.<\/p>\n<p><span style=\"color: #9b111e;\"><strong>2.1. Arterielle Resonanz Frequenzen (200 &#8211; 250 Hz)<\/strong><\/span><\/p>\n<p>Sie bringt Arteriolen leicht zum Vibrieren. Das reduziert die Bremswirkung der Gef\u00e4\u00dfwende. Das verbessert die Durchblutung und steigert den Sauerstoff-Transport. Die Hauttemperatur steigt und manche sp\u00fcren ein Kribbeln.<\/p>\n<p><span style=\"color: #9b111e;\"><strong>2.2. Geldrolleneffekt Resonanz (400 \u2013 500 Hz)<\/strong><\/span><\/p>\n<p>Sie bringt verklumpte rote Blutk\u00f6rperchen zum Vibrieren. Dadurch vereinzeln sie sich wieder, k\u00f6nnen besser flie\u00dfen und in die Kapillaren schl\u00fcpfen.<\/p>\n<p><span style=\"color: #9b111e;\"><strong>3. Akustische Resonanz Frequenzen <\/strong><strong>(20 &#8211; 20.000 Hz)<\/strong><\/span><\/p>\n<p>Diese\u00a0k\u00f6nnen wir h\u00f6ren.<\/p>\n<p><span style=\"color: #9b111e;\"><strong>4. Thermische Resonanz Frequenzen <\/strong><strong>(300 GHz &#8211; 385 THz)<\/strong><\/span><\/p>\n<p>Diese\u00a0nehmen wir als W\u00e4rme wahr. Ein GHz (<em>Gigahertz<\/em>) hat 9 Nullen, ein THz (<em>Terahertz<\/em>) hat 12 Nullen.<\/p>\n<p><span style=\"color: #9b111e;\"><strong>5. Optische Resonanz Frequenzen <\/strong><strong>(385 &#8211; 789 THz)<\/strong><\/span><\/p>\n<p>Diese k\u00f6nnen wir sehen.<\/p>\n<p><span style=\"color: #9b111e;\"><strong>6. Ultraviolette Resonanz Frequenzen <\/strong><strong>(789 THz &#8211; 3 PHz)<\/strong><\/span><\/p>\n<p>Diese\u00a0k\u00f6nnen wir zwar nicht mehr sehen, aber Sie br\u00e4unen unsere Haut. Ein PHz (Petahertz) hat 15 Nullen.<\/p>\n<p><span style=\"color: #9b111e;\"><strong>7. Atomare Resonanz Frequenzen <\/strong><strong>(oberhalb von 10\u00b2\u00b2 Hz)<\/strong><\/span><\/p>\n<p>Diese<strong>\u00a0<\/strong>wirken auf unsere Atome und das Erbgut in unseren Zellen. Sie k\u00f6nnen Sch\u00e4den am Erbgut anrichten. Das ist Zahlen mit 22 Nullen.<\/p>\n<p>[\/et_pb_accordion_item][\/et_pb_accordion][\/et_pb_column][\/et_pb_row][et_pb_row column_structure=&#8220;2_5,3_5&#8243; _builder_version=&#8220;4.18.1&#8243; _module_preset=&#8220;default&#8220; global_colors_info=&#8220;{}&#8220;][et_pb_column type=&#8220;2_5&#8243; _builder_version=&#8220;4.18.1&#8243; _module_preset=&#8220;default&#8220; border_radii=&#8220;off|10px|0px|0px|&#8220; global_colors_info=&#8220;{}&#8220;][et_pb_image src=&#8220;https:\/\/www.cellactiva.com\/at-de\/wp-content\/uploads\/sites\/4\/2022\/11\/cellactiva_Zusammenfassung__rr.jpg&#8220; title_text=&#8220;cellactiva_Zusammenfassung__rr&#8220; _builder_version=&#8220;4.19.0&#8243; _module_preset=&#8220;default&#8220; border_radii=&#8220;on|10px|10px|10px|10px&#8220; global_colors_info=&#8220;{}&#8220;][\/et_pb_image][\/et_pb_column][et_pb_column type=&#8220;3_5&#8243; _builder_version=&#8220;4.18.1&#8243; _module_preset=&#8220;default&#8220; border_radii=&#8220;off|0px|10px||0px&#8220; global_colors_info=&#8220;{}&#8220;][et_pb_text _builder_version=&#8220;4.19.0&#8243; _module_preset=&#8220;default&#8220; global_colors_info=&#8220;{}&#8220;]<\/p>\n<h2>Zusammenfassung<\/h2>\n<p><strong>Wir haben uns nun viel mit\u00a0Physik\u00a0besch\u00e4ftigt<\/strong>. Wir haben auch die grundlegenden Bauelemente unseres Organismus kennen gelernt.<\/p>\n<p><strong>Wir haben uns mit\u00a0Elektrizit\u00e4t\u00a0und\u00a0Elektromagnetismus\u00a0besch\u00e4ftigt<\/strong>. Ionen sind elektrisch geladen. Wenn sich Ladungen bewegen ist das elektrischer Strom. Elektrischer Strom erzeugt immer ein elektrisches Feld und das wiederum ein Magnetfeld.<\/p>\n<p><strong>Wir haben uns mit\u00a0Biochemie\u00a0besch\u00e4ftigt<\/strong>. Atome und Ionen k\u00f6nnen sich zu Molek\u00fclen verbinden. Molek\u00fcle wiederum bilden Fette, Aminos\u00e4uren, Proteine und vieles mehr. Diese wiederum sind die Bausteine unserer Zellen.<\/p>\n<p><strong>Unsere Zellen bestehen aus kleinen Mini-Organen<\/strong>, Zellfl\u00fcssigkeit und einer Zellmembran. Zellen gleicher Art und Funktion bilden Gewebe. Verschiedene Gewebe bilden Organe. Organe bilden Organ-Systeme.<\/p>\n<p><strong>Wir haben uns mit\u00a0Biologie\u00a0besch\u00e4ftigt<\/strong>. Regelkreise steuern in unserem K\u00f6rper lebenswichtige Prozesse. \u00dcbergeordnet werden viele Regelkreise von Sympathikus und Parasympathikus gesteuert.<\/p>\n<p><strong>Unser K\u00f6rper benutzt flie\u00dfende Ladungen<\/strong>, elektrische Felder und Magnetfelder, um grundlegende Funktionen im Organismus zu steuern.<\/p>\n<p><strong>Wenn unser K\u00f6rper zu schwach dazu ist<\/strong>, k\u00f6nnen wir ihm mit technischen Ger\u00e4ten von au\u00dfen helfen und so seine Regeneration unterst\u00fctzen.<\/p>\n<p><span style=\"color: #9b111e;\"><strong>Der Mensch funktioniert wirklich elektrisch!<\/strong><\/span><\/p>\n<p><span style=\"color: #9b111e;\"><strong>Wir w\u00fcnschen allen Menschen von Herzen ein aktives und gesundes Leben.<\/strong><\/span><\/p>\n<p><span style=\"color: #9b111e;\"><strong>Ihr cell<\/strong><em>activa<\/em><strong>\u00a0Team<\/strong><\/span><\/p>\n<p>[\/et_pb_text][\/et_pb_column][\/et_pb_row][et_pb_row disabled_on=&#8220;off|off|off&#8220; _builder_version=&#8220;4.19.2&#8243; _module_preset=&#8220;default&#8220; global_module=&#8220;235&#8243; saved_tabs=&#8220;all&#8220; global_colors_info=&#8220;{}&#8220;][et_pb_column type=&#8220;4_4&#8243; _builder_version=&#8220;4.18.0&#8243; _module_preset=&#8220;default&#8220; global_colors_info=&#8220;{}&#8220;][et_pb_text _builder_version=&#8220;4.21.0&#8243; _module_preset=&#8220;default&#8220; text_text_color=&#8220;#9B111E&#8220; text_font_size=&#8220;24px&#8220; text_line_height=&#8220;1.8em&#8220; global_colors_info=&#8220;{}&#8220;]<\/p>\n<p style=\"text-align: center;\">Sind Sie neugierig auf <strong>cella<\/strong><em>ctiva<\/em> <strong>plus<\/strong>?<\/p>\n<p>[\/et_pb_text][et_pb_button button_url=&#8220;https:\/\/www.cellactiva.com\/at-de\/shop\/&#8220; button_text=&#8220;Jetzt cellactiva plus entdecken.&#8220; button_alignment=&#8220;center&#8220; _builder_version=&#8220;4.21.0&#8243; _module_preset=&#8220;default&#8220; custom_button=&#8220;on&#8220; button_text_size=&#8220;28px&#8220; button_bg_color=&#8220;#efb700&#8243; button_border_width=&#8220;0px&#8220; button_border_radius=&#8220;15px&#8220; button_font=&#8220;Verdana|600|||||||&#8220; button_use_icon=&#8220;off&#8220; background_layout=&#8220;dark&#8220; custom_margin=&#8220;20px|20px|20px|20px|false|false&#8220; custom_padding=&#8220;20px|20px|20px|20px|false|false&#8220; global_colors_info=&#8220;{}&#8220;][\/et_pb_button][\/et_pb_column][\/et_pb_row][et_pb_row _builder_version=&#8220;4.18.0&#8243; _module_preset=&#8220;default&#8220; global_module=&#8220;236&#8243; global_colors_info=&#8220;{}&#8220;][et_pb_column type=&#8220;4_4&#8243; _builder_version=&#8220;4.18.0&#8243; _module_preset=&#8220;default&#8220; global_colors_info=&#8220;{}&#8220;][et_pb_text _builder_version=&#8220;4.18.0&#8243; _module_preset=&#8220;default&#8220; text_text_color=&#8220;#9B111E&#8220; text_font_size=&#8220;24px&#8220; text_line_height=&#8220;1.8em&#8220; global_colors_info=&#8220;{}&#8220;]<\/p>\n<p style=\"text-align: center;\">Testen Sie jetzt <strong>cell<\/strong><em>activa<\/em> <strong>plus<br \/><\/strong>ganze 6 Wochen lang f\u00fcr nur 299 Euro.<\/p>\n<p>[\/et_pb_text][et_pb_text _builder_version=&#8220;4.19.0&#8243; _module_preset=&#8220;default&#8220; text_line_height=&#8220;1.8em&#8220; custom_margin=&#8220;15px||||false|false&#8220; global_colors_info=&#8220;{}&#8220;]<\/p>\n<p style=\"text-align: center;\">Sie hinterlegen zus\u00e4tzlich 700 Euro Kaution, die Ihnen bei R\u00fcckgabe<br \/>(einwandfreier und funktionsf\u00e4higer Zustand vorausgesetzt)<br \/>erstattet, oder bei Kauf zusammen mit der Miete vollst\u00e4ndig angerechnet werden.<\/p>\n<p>[\/et_pb_text][et_pb_button button_url=&#8220;https:\/\/www.cellactiva.com\/at-de\/shop\/&#8220; button_text=&#8220;Jetzt cellactiva plus 6 Wochen mieten und testen.&#8220; button_alignment=&#8220;center&#8220; _builder_version=&#8220;4.18.0&#8243; _module_preset=&#8220;default&#8220; custom_button=&#8220;on&#8220; button_text_size=&#8220;28px&#8220; button_bg_color=&#8220;#efb700&#8243; button_border_width=&#8220;0px&#8220; button_border_radius=&#8220;15px&#8220; button_font=&#8220;Verdana|600|||||||&#8220; button_use_icon=&#8220;off&#8220; background_layout=&#8220;dark&#8220; custom_margin=&#8220;20px|20px|20px|20px|false|false&#8220; custom_padding=&#8220;20px|20px|20px|20px|false|false&#8220; global_colors_info=&#8220;{}&#8220;][\/et_pb_button][\/et_pb_column][\/et_pb_row][et_pb_row _builder_version=&#8220;4.18.0&#8243; _module_preset=&#8220;default&#8220; global_module=&#8220;237&#8243; global_colors_info=&#8220;{}&#8220;][et_pb_column type=&#8220;4_4&#8243; _builder_version=&#8220;4.18.0&#8243; _module_preset=&#8220;default&#8220; global_colors_info=&#8220;{}&#8220;][et_pb_text _builder_version=&#8220;4.18.1&#8243; _module_preset=&#8220;default&#8220; text_text_color=&#8220;#9B111E&#8220; text_font_size=&#8220;24px&#8220; text_line_height=&#8220;1.8em&#8220; global_colors_info=&#8220;{}&#8220;]<\/p>\n<p style=\"text-align: center;\">Lassen Sie uns gemeinsam herausfinden, ob <strong>cella<\/strong><em>ctiva<\/em> <strong>plus<\/strong> auch f\u00fcr Sie eine sinnvolle Behandlung sein kann.<\/p>\n<p style=\"text-align: center;\"><strong>Wir beraten Sie gerne pers\u00f6nlich am Telefon.<\/strong><\/p>\n<p style=\"text-align: center;\">Sie erreichen uns unter<br \/><strong>+49 771 896 599 24<\/strong><\/p>\n<p>[\/et_pb_text][\/et_pb_column][\/et_pb_row][et_pb_row _builder_version=&#8220;4.18.0&#8243; _module_preset=&#8220;default&#8220; global_module=&#8220;238&#8243; global_colors_info=&#8220;{}&#8220;][et_pb_column type=&#8220;4_4&#8243; _builder_version=&#8220;4.18.0&#8243; _module_preset=&#8220;default&#8220; global_colors_info=&#8220;{}&#8220;][et_pb_text _builder_version=&#8220;4.18.0&#8243; _module_preset=&#8220;default&#8220; text_text_color=&#8220;#9B111E&#8220; text_font_size=&#8220;24px&#8220; text_line_height=&#8220;1.8em&#8220; global_colors_info=&#8220;{}&#8220;]<\/p>\n<p style=\"text-align: center;\"><strong>Gerne beantworten wir Ihre Fragen auch schriftlich.<\/strong><\/p>\n<p>[\/et_pb_text][et_pb_button button_url=&#8220;mailto:info@cellactiva.com&#8220; button_text=&#8220;Hier klicken. Jetzt meine Fragen schreiben!&#8220; button_alignment=&#8220;center&#8220; _builder_version=&#8220;4.18.0&#8243; _module_preset=&#8220;default&#8220; custom_button=&#8220;on&#8220; button_text_size=&#8220;28px&#8220; button_bg_color=&#8220;#efb700&#8243; button_border_width=&#8220;0px&#8220; button_border_radius=&#8220;15px&#8220; button_font=&#8220;Verdana|600|||||||&#8220; button_use_icon=&#8220;off&#8220; background_layout=&#8220;dark&#8220; custom_margin=&#8220;20px|20px|20px|20px|false|false&#8220; custom_padding=&#8220;20px|20px|20px|20px|false|false&#8220; global_colors_info=&#8220;{}&#8220;][\/et_pb_button][\/et_pb_column][\/et_pb_row][et_pb_row column_structure=&#8220;1_2,1_2&#8243; _builder_version=&#8220;4.19.0&#8243; _module_preset=&#8220;default&#8220; global_module=&#8220;239&#8243; saved_tabs=&#8220;all&#8220; global_colors_info=&#8220;{}&#8220;][et_pb_column type=&#8220;1_2&#8243; _builder_version=&#8220;4.19.0&#8243; _module_preset=&#8220;default&#8220; border_radii=&#8220;off|10px|0px|0px|10px&#8220; global_colors_info=&#8220;{}&#8220;][et_pb_image src=&#8220;https:\/\/www.cellactiva.com\/at-de\/wp-content\/uploads\/sites\/4\/2022\/11\/cellactiva_99-wertvolle-Tipps-fuer-ein-natuerlich-starkes-Immunsystem_C_r.png&#8220; title_text=&#8220;cellactiva_99-wertvolle-Tipps-f\u00fcr-ein-nat\u00fcrlich-starkes-Immunsystem_C_r&#8220; _builder_version=&#8220;4.19.1&#8243; _module_preset=&#8220;default&#8220; border_radii=&#8220;on|10px|10px|10px|10px&#8220; global_colors_info=&#8220;{}&#8220;][\/et_pb_image][\/et_pb_column][et_pb_column type=&#8220;1_2&#8243; _builder_version=&#8220;4.19.0&#8243; _module_preset=&#8220;default&#8220; border_radii=&#8220;off|0px|10px|10px|0px&#8220; global_colors_info=&#8220;{}&#8220;][et_pb_text _builder_version=&#8220;4.19.0&#8243; _module_preset=&#8220;default&#8220; text_text_color=&#8220;#9B111E&#8220; text_font_size=&#8220;24px&#8220; text_line_height=&#8220;1.8em&#8220; global_colors_info=&#8220;{}&#8220;]<\/p>\n<p style=\"text-align: center;\"><strong>Was kann ich alles selbst f\u00fcr meine Gesundheit tun?<\/strong><\/p>\n<p style=\"text-align: center;\">99 wertvolle Tipps f\u00fcr ein nat\u00fcrlich starkes Immunsystem<\/p>\n<p style=\"text-align: center;\"><strong>cella<\/strong><em>ctiva<\/em> <strong>plus<\/strong> eBook<\/p>\n<p style=\"text-align: center;\">[\/et_pb_text][et_pb_code _builder_version=&#8220;4.21.0&#8243; _module_preset=&#8220;default&#8220; global_colors_info=&#8220;{}&#8220;]<iframe loading=\"lazy\" class=\"ktv2\" src=\"https:\/\/assets.klicktipp.com\/userimages\/182712\/forms\/273523\/6d9xz495cz8z6d1c.html\" style=\"position:relative;display:inline-block;border:none;background:transparent none no-repeat scroll 0 0;margin:0;\" width=\"500\" height=\"266\" scrolling=\"no\"><\/iframe>[\/et_pb_code][\/et_pb_column][\/et_pb_row][\/et_pb_section]<\/p>\n","protected":false},"excerpt":{"rendered":"<p>Grundlagen der cellactiva plus TechnologieDer Mensch funktioniert elektrisch Wir schreiben das Jahr 1958. Ein junger Orthop\u00e4de beginnt seine Arbeit am Presbyterian Hospital in Syracuse, NJ, USA. Sein Name ist Dr. med. Robert O. Becker. Er f\u00fchrt Operationen durch, richtet Knochenbr\u00fcche und k\u00fcmmert sich danach aufmerksam um seine Patienten. Dabei stellt er Merkw\u00fcrdiges fest: Manche Knochenbr\u00fcche [&hellip;]<\/p>\n","protected":false},"author":3,"featured_media":0,"parent":0,"menu_order":0,"comment_status":"closed","ping_status":"closed","template":"","meta":{"_acf_changed":false,"_et_pb_use_builder":"on","_et_pb_old_content":"","_et_gb_content_width":"","footnotes":""},"class_list":["post-20","page","type-page","status-publish","hentry"],"acf":[],"yoast_head":"<!-- This site is optimized with the Yoast SEO plugin v25.3 - https:\/\/yoast.com\/wordpress\/plugins\/seo\/ -->\n<title>Grundlagen - cellactiva at-DE<\/title>\n<meta name=\"robots\" content=\"noindex, follow, max-snippet:-1, max-image-preview:large, max-video-preview:-1\" \/>\n<meta property=\"og:locale\" content=\"de_DE\" \/>\n<meta property=\"og:type\" content=\"article\" \/>\n<meta property=\"og:title\" content=\"Grundlagen - cellactiva at-DE\" \/>\n<meta property=\"og:description\" content=\"Grundlagen der cellactiva plus TechnologieDer Mensch funktioniert elektrisch Wir schreiben das Jahr 1958. Ein junger Orthop\u00e4de beginnt seine Arbeit am Presbyterian Hospital in Syracuse, NJ, USA. Sein Name ist Dr. med. Robert O. Becker. Er f\u00fchrt Operationen durch, richtet Knochenbr\u00fcche und k\u00fcmmert sich danach aufmerksam um seine Patienten. Dabei stellt er Merkw\u00fcrdiges fest: Manche Knochenbr\u00fcche [&hellip;]\" \/>\n<meta property=\"og:url\" content=\"https:\/\/www.cellactiva.com\/at-de\/grundlagen\/\" \/>\n<meta property=\"og:site_name\" content=\"cellactiva at-DE\" \/>\n<meta property=\"article:modified_time\" content=\"2023-08-05T06:22:27+00:00\" \/>\n<meta property=\"og:image\" content=\"https:\/\/www.cellactiva.com\/at-de\/wp-content\/uploads\/sites\/4\/2022\/11\/cellactiva_Elektrische-Spannungen-am-Koerper__r.jpg\" \/>\n<meta name=\"twitter:card\" content=\"summary_large_image\" \/>\n<meta name=\"twitter:label1\" content=\"Gesch\u00e4tzte Lesezeit\" \/>\n\t<meta name=\"twitter:data1\" content=\"51\u00a0Minuten\" \/>\n<script type=\"application\/ld+json\" class=\"yoast-schema-graph\">{\"@context\":\"https:\/\/schema.org\",\"@graph\":[{\"@type\":\"WebPage\",\"@id\":\"https:\/\/www.cellactiva.com\/at-de\/grundlagen\/\",\"url\":\"https:\/\/www.cellactiva.com\/at-de\/grundlagen\/\",\"name\":\"Grundlagen - cellactiva at-DE\",\"isPartOf\":{\"@id\":\"https:\/\/www.cellactiva.com\/at-de\/#website\"},\"primaryImageOfPage\":{\"@id\":\"https:\/\/www.cellactiva.com\/at-de\/grundlagen\/#primaryimage\"},\"image\":{\"@id\":\"https:\/\/www.cellactiva.com\/at-de\/grundlagen\/#primaryimage\"},\"thumbnailUrl\":\"https:\/\/www.cellactiva.com\/at-de\/wp-content\/uploads\/sites\/4\/2022\/11\/cellactiva_Elektrische-Spannungen-am-Koerper__r.jpg\",\"datePublished\":\"2022-10-02T10:45:42+00:00\",\"dateModified\":\"2023-08-05T06:22:27+00:00\",\"breadcrumb\":{\"@id\":\"https:\/\/www.cellactiva.com\/at-de\/grundlagen\/#breadcrumb\"},\"inLanguage\":\"de\",\"potentialAction\":[{\"@type\":\"ReadAction\",\"target\":[\"https:\/\/www.cellactiva.com\/at-de\/grundlagen\/\"]}]},{\"@type\":\"ImageObject\",\"inLanguage\":\"de\",\"@id\":\"https:\/\/www.cellactiva.com\/at-de\/grundlagen\/#primaryimage\",\"url\":\"https:\/\/www.cellactiva.com\/at-de\/wp-content\/uploads\/sites\/4\/2022\/11\/cellactiva_Elektrische-Spannungen-am-Koerper__r.jpg\",\"contentUrl\":\"https:\/\/www.cellactiva.com\/at-de\/wp-content\/uploads\/sites\/4\/2022\/11\/cellactiva_Elektrische-Spannungen-am-Koerper__r.jpg\",\"width\":500,\"height\":982},{\"@type\":\"BreadcrumbList\",\"@id\":\"https:\/\/www.cellactiva.com\/at-de\/grundlagen\/#breadcrumb\",\"itemListElement\":[{\"@type\":\"ListItem\",\"position\":1,\"name\":\"Startseite\",\"item\":\"https:\/\/www.cellactiva.com\/at-de\/\"},{\"@type\":\"ListItem\",\"position\":2,\"name\":\"Grundlagen\"}]},{\"@type\":\"WebSite\",\"@id\":\"https:\/\/www.cellactiva.com\/at-de\/#website\",\"url\":\"https:\/\/www.cellactiva.com\/at-de\/\",\"name\":\"cellactiva at-DE\",\"description\":\"Bio-Physikalische Gef\u00e4\u00dftherapie\",\"publisher\":{\"@id\":\"https:\/\/www.cellactiva.com\/at-de\/#organization\"},\"potentialAction\":[{\"@type\":\"SearchAction\",\"target\":{\"@type\":\"EntryPoint\",\"urlTemplate\":\"https:\/\/www.cellactiva.com\/at-de\/?s={search_term_string}\"},\"query-input\":{\"@type\":\"PropertyValueSpecification\",\"valueRequired\":true,\"valueName\":\"search_term_string\"}}],\"inLanguage\":\"de\"},{\"@type\":\"Organization\",\"@id\":\"https:\/\/www.cellactiva.com\/at-de\/#organization\",\"name\":\"cellactiva at-DE\",\"url\":\"https:\/\/www.cellactiva.com\/at-de\/\",\"logo\":{\"@type\":\"ImageObject\",\"inLanguage\":\"de\",\"@id\":\"https:\/\/www.cellactiva.com\/at-de\/#\/schema\/logo\/image\/\",\"url\":\"https:\/\/www.cellactiva.com\/at-de\/wp-content\/uploads\/sites\/4\/2022\/10\/cellactiva_Logo_Schrift_.png\",\"contentUrl\":\"https:\/\/www.cellactiva.com\/at-de\/wp-content\/uploads\/sites\/4\/2022\/10\/cellactiva_Logo_Schrift_.png\",\"width\":361,\"height\":54,\"caption\":\"cellactiva at-DE\"},\"image\":{\"@id\":\"https:\/\/www.cellactiva.com\/at-de\/#\/schema\/logo\/image\/\"}}]}<\/script>\n<!-- \/ Yoast SEO plugin. -->","yoast_head_json":{"title":"Grundlagen - cellactiva at-DE","robots":{"index":"noindex","follow":"follow","max-snippet":"max-snippet:-1","max-image-preview":"max-image-preview:large","max-video-preview":"max-video-preview:-1"},"og_locale":"de_DE","og_type":"article","og_title":"Grundlagen - cellactiva at-DE","og_description":"Grundlagen der cellactiva plus TechnologieDer Mensch funktioniert elektrisch Wir schreiben das Jahr 1958. Ein junger Orthop\u00e4de beginnt seine Arbeit am Presbyterian Hospital in Syracuse, NJ, USA. Sein Name ist Dr. med. Robert O. Becker. Er f\u00fchrt Operationen durch, richtet Knochenbr\u00fcche und k\u00fcmmert sich danach aufmerksam um seine Patienten. Dabei stellt er Merkw\u00fcrdiges fest: Manche Knochenbr\u00fcche [&hellip;]","og_url":"https:\/\/www.cellactiva.com\/at-de\/grundlagen\/","og_site_name":"cellactiva at-DE","article_modified_time":"2023-08-05T06:22:27+00:00","og_image":[{"url":"https:\/\/www.cellactiva.com\/at-de\/wp-content\/uploads\/sites\/4\/2022\/11\/cellactiva_Elektrische-Spannungen-am-Koerper__r.jpg","type":"","width":"","height":""}],"twitter_card":"summary_large_image","twitter_misc":{"Gesch\u00e4tzte Lesezeit":"51\u00a0Minuten"},"schema":{"@context":"https:\/\/schema.org","@graph":[{"@type":"WebPage","@id":"https:\/\/www.cellactiva.com\/at-de\/grundlagen\/","url":"https:\/\/www.cellactiva.com\/at-de\/grundlagen\/","name":"Grundlagen - cellactiva at-DE","isPartOf":{"@id":"https:\/\/www.cellactiva.com\/at-de\/#website"},"primaryImageOfPage":{"@id":"https:\/\/www.cellactiva.com\/at-de\/grundlagen\/#primaryimage"},"image":{"@id":"https:\/\/www.cellactiva.com\/at-de\/grundlagen\/#primaryimage"},"thumbnailUrl":"https:\/\/www.cellactiva.com\/at-de\/wp-content\/uploads\/sites\/4\/2022\/11\/cellactiva_Elektrische-Spannungen-am-Koerper__r.jpg","datePublished":"2022-10-02T10:45:42+00:00","dateModified":"2023-08-05T06:22:27+00:00","breadcrumb":{"@id":"https:\/\/www.cellactiva.com\/at-de\/grundlagen\/#breadcrumb"},"inLanguage":"de","potentialAction":[{"@type":"ReadAction","target":["https:\/\/www.cellactiva.com\/at-de\/grundlagen\/"]}]},{"@type":"ImageObject","inLanguage":"de","@id":"https:\/\/www.cellactiva.com\/at-de\/grundlagen\/#primaryimage","url":"https:\/\/www.cellactiva.com\/at-de\/wp-content\/uploads\/sites\/4\/2022\/11\/cellactiva_Elektrische-Spannungen-am-Koerper__r.jpg","contentUrl":"https:\/\/www.cellactiva.com\/at-de\/wp-content\/uploads\/sites\/4\/2022\/11\/cellactiva_Elektrische-Spannungen-am-Koerper__r.jpg","width":500,"height":982},{"@type":"BreadcrumbList","@id":"https:\/\/www.cellactiva.com\/at-de\/grundlagen\/#breadcrumb","itemListElement":[{"@type":"ListItem","position":1,"name":"Startseite","item":"https:\/\/www.cellactiva.com\/at-de\/"},{"@type":"ListItem","position":2,"name":"Grundlagen"}]},{"@type":"WebSite","@id":"https:\/\/www.cellactiva.com\/at-de\/#website","url":"https:\/\/www.cellactiva.com\/at-de\/","name":"cellactiva at-DE","description":"Bio-Physikalische Gef\u00e4\u00dftherapie","publisher":{"@id":"https:\/\/www.cellactiva.com\/at-de\/#organization"},"potentialAction":[{"@type":"SearchAction","target":{"@type":"EntryPoint","urlTemplate":"https:\/\/www.cellactiva.com\/at-de\/?s={search_term_string}"},"query-input":{"@type":"PropertyValueSpecification","valueRequired":true,"valueName":"search_term_string"}}],"inLanguage":"de"},{"@type":"Organization","@id":"https:\/\/www.cellactiva.com\/at-de\/#organization","name":"cellactiva at-DE","url":"https:\/\/www.cellactiva.com\/at-de\/","logo":{"@type":"ImageObject","inLanguage":"de","@id":"https:\/\/www.cellactiva.com\/at-de\/#\/schema\/logo\/image\/","url":"https:\/\/www.cellactiva.com\/at-de\/wp-content\/uploads\/sites\/4\/2022\/10\/cellactiva_Logo_Schrift_.png","contentUrl":"https:\/\/www.cellactiva.com\/at-de\/wp-content\/uploads\/sites\/4\/2022\/10\/cellactiva_Logo_Schrift_.png","width":361,"height":54,"caption":"cellactiva at-DE"},"image":{"@id":"https:\/\/www.cellactiva.com\/at-de\/#\/schema\/logo\/image\/"}}]}},"_links":{"self":[{"href":"https:\/\/www.cellactiva.com\/at-de\/wp-json\/wp\/v2\/pages\/20","targetHints":{"allow":["GET"]}}],"collection":[{"href":"https:\/\/www.cellactiva.com\/at-de\/wp-json\/wp\/v2\/pages"}],"about":[{"href":"https:\/\/www.cellactiva.com\/at-de\/wp-json\/wp\/v2\/types\/page"}],"author":[{"embeddable":true,"href":"https:\/\/www.cellactiva.com\/at-de\/wp-json\/wp\/v2\/users\/3"}],"replies":[{"embeddable":true,"href":"https:\/\/www.cellactiva.com\/at-de\/wp-json\/wp\/v2\/comments?post=20"}],"version-history":[{"count":94,"href":"https:\/\/www.cellactiva.com\/at-de\/wp-json\/wp\/v2\/pages\/20\/revisions"}],"predecessor-version":[{"id":2538,"href":"https:\/\/www.cellactiva.com\/at-de\/wp-json\/wp\/v2\/pages\/20\/revisions\/2538"}],"wp:attachment":[{"href":"https:\/\/www.cellactiva.com\/at-de\/wp-json\/wp\/v2\/media?parent=20"}],"curies":[{"name":"wp","href":"https:\/\/api.w.org\/{rel}","templated":true}]}}