{"id":309,"date":"2022-10-13T13:38:41","date_gmt":"2022-10-13T11:38:41","guid":{"rendered":"https:\/\/www.cellactiva.com\/de-de\/?page_id=309"},"modified":"2024-07-09T11:04:08","modified_gmt":"2024-07-09T09:04:08","slug":"ueber-uns","status":"publish","type":"page","link":"https:\/\/www.cellactiva.com\/de-de\/ueber-uns\/","title":{"rendered":"\u00dcber uns"},"content":{"rendered":"<p>[et_pb_section fb_built=&#8220;1&#8243; _builder_version=&#8220;4.18.0&#8243; _module_preset=&#8220;default&#8220; global_colors_info=&#8220;{}&#8220;][et_pb_row _builder_version=&#8220;4.18.1&#8243; _module_preset=&#8220;default&#8220; global_colors_info=&#8220;{}&#8220;][et_pb_column type=&#8220;4_4&#8243; _builder_version=&#8220;4.18.1&#8243; _module_preset=&#8220;default&#8220; global_colors_info=&#8220;{}&#8220;][et_pb_text _builder_version=&#8220;4.18.1&#8243; _module_preset=&#8220;default&#8220; global_colors_info=&#8220;{}&#8220;]<\/p>\n<h1 style=\"text-align: center;\">\u00dcber uns<\/h1>\n<p>[\/et_pb_text][\/et_pb_column][\/et_pb_row][et_pb_row column_structure=&#8220;2_5,3_5&#8243; _builder_version=&#8220;4.18.1&#8243; _module_preset=&#8220;default&#8220; global_colors_info=&#8220;{}&#8220;][et_pb_column type=&#8220;2_5&#8243; _builder_version=&#8220;4.18.1&#8243; _module_preset=&#8220;default&#8220; border_radii=&#8220;off|10px|0px|0px|10px&#8220; global_colors_info=&#8220;{}&#8220;][et_pb_image src=&#8220;https:\/\/www.cellactiva.com\/de-de\/wp-content\/uploads\/sites\/2\/2022\/11\/cellactiva_Petra-Falke__r.jpg&#8220; title_text=&#8220;cellactiva_Petra-Falke__r&#8220; _builder_version=&#8220;4.19.0&#8243; _module_preset=&#8220;default&#8220; border_radii=&#8220;on|10px|10px|10px|10px&#8220; global_colors_info=&#8220;{}&#8220;][\/et_pb_image][\/et_pb_column][et_pb_column type=&#8220;3_5&#8243; _builder_version=&#8220;4.18.1&#8243; _module_preset=&#8220;default&#8220; border_radii=&#8220;off|0px|10px|10px|0px&#8220; global_colors_info=&#8220;{}&#8220;][et_pb_text _builder_version=&#8220;4.26.0&#8243; _module_preset=&#8220;default&#8220; hover_enabled=&#8220;0&#8243; global_colors_info=&#8220;{}&#8220; sticky_enabled=&#8220;0&#8243;]<\/p>\n<p>Guten Tag, liebe Leserin, lieber Leser,<\/p>\n<p><strong>mein Name ist Petra Falke<\/strong>. Seit \u00fcber 25 Jahren arbeite ich als selbst\u00e4ndige Unternehmerin.<\/p>\n<p><strong>Ich liebe Sport, am liebsten jogge ich oder wandere in den Bergen<\/strong> und genie\u00dfe die Natur. Dazu achte ich auf meine Ern\u00e4hrung und bin immer daran interessiert, was ich selbst f\u00fcr meine Gesundheit tun kann.<\/p>\n<p><strong>Als junger und gesunder Mensch<\/strong> machte ich mir keine Gedanken \u00fcber Krankheiten und ihre Folgen. Aber mit Anfang 40 merkte ich, was es bedeutet, gesund zu sein.<\/p>\n<p><strong>Ich hatte gerade zwei Firmen mit aufgebaut<\/strong>, als ich einen H\u00f6rsturz erlitt. Das war 2009 und seitdem hatte ich einen Tinnitus als st\u00e4ndigen Begleiter. Das war neu f\u00fcr mich. Dazu bekam ich auch noch H\u00fcftprobleme. Auch die sollten mich noch \u00fcber mehrere Jahre begleiten. Ich konnte weder Rad fahren, noch schwimmen oder laufen und pausierte fast ein Jahr.<\/p>\n<p>[\/et_pb_text][et_pb_accordion toggle_icon=&#8220;&#xf078;||fa||900&#8243; _builder_version=&#8220;4.21.0&#8243; _module_preset=&#8220;default&#8220; global_colors_info=&#8220;{}&#8220;][et_pb_accordion_item title=&#8220;Ich habe nach einer L\u00f6sung gesucht&#8230;&#8220; open=&#8220;on&#8220; _builder_version=&#8220;4.21.0&#8243; _module_preset=&#8220;default&#8220; global_colors_info=&#8220;{}&#8220;]<\/p>\n<p><strong>An dieser Stelle hatte ich eine eindrucksvolle Beschreibung<\/strong>, wie ich 2011 auf die Magnetfeldtherapie aufmerksam wurde und welche Erfolge ich damit hatte.<\/p>\n<p><strong>Aber auch das soll sittenwidriger und unlauterer Wettbewerb sein.<\/strong><\/p>\n<p>Durch Zufall bekam ich spannendes Buch geschenkt, das meinen Horizont betr\u00e4chtlich erweiterte.<\/p>\n<p>[\/et_pb_accordion_item][\/et_pb_accordion][et_pb_accordion toggle_icon=&#8220;&#xf078;||fa||900&#8243; _builder_version=&#8220;4.19.5&#8243; _module_preset=&#8220;default&#8220; global_colors_info=&#8220;{}&#8220;][et_pb_accordion_item title=&#8220;Prof. Dr. med. Robert O. Becker&#8220; open=&#8220;on&#8220; _builder_version=&#8220;4.19.5&#8243; _module_preset=&#8220;default&#8220; global_colors_info=&#8220;{}&#8220;]<\/p>\n<p><img loading=\"lazy\" decoding=\"async\" src=\"https:\/\/www.cellactiva.com\/de-de\/wp-content\/uploads\/sites\/2\/2023\/01\/cellactiva_Robert-O-Becker_r-243x300.jpg\" width=\"192\" height=\"237\" alt=\"\" class=\"wp-image-2255 alignnone size-medium\" srcset=\"https:\/\/www.cellactiva.com\/de-de\/wp-content\/uploads\/sites\/2\/2023\/01\/cellactiva_Robert-O-Becker_r-243x300.jpg 243w, https:\/\/www.cellactiva.com\/de-de\/wp-content\/uploads\/sites\/2\/2023\/01\/cellactiva_Robert-O-Becker_r.jpg 300w\" sizes=\"(max-width: 192px) 100vw, 192px\" \/><\/p>\n<p><span style=\"color: #9b111e;\">Foto: Prof. Dr. med. Robert O. Becker<\/span><br \/><span style=\"color: #9b111e;\">Quelle: Wikipedia<\/span><\/p>\n<p><strong>Der Mensch funktioniert elektrisch<\/strong>. Der Titel des Buches aus dem Jahr 1985 war, \u201eK\u00f6rperelektrizit\u00e4t\u201c und ich verschlang es. Es war von Prof. Dr. Robert O. Becker (1923-2008), einem der f\u00fchrenden Orthop\u00e4den und Forscher Amerikas. Er fand heraus, dass kleine elektrische Str\u00f6me im K\u00f6rper f\u00fcr die Knochenbruchheilung verantwortlich sind. Deswegen wurde er 1980 sogar zum Medizin-Nobelpreis vorgeschlagen.<\/p>\n<p><img loading=\"lazy\" decoding=\"async\" src=\"https:\/\/www.cellactiva.com\/de-de\/wp-content\/uploads\/sites\/2\/2023\/01\/cellactiva_The-Body-Electric_r-199x300.jpg\" width=\"199\" height=\"300\" alt=\"\" class=\"wp-image-2256 alignnone size-medium\" srcset=\"https:\/\/www.cellactiva.com\/de-de\/wp-content\/uploads\/sites\/2\/2023\/01\/cellactiva_The-Body-Electric_r-199x300.jpg 199w, https:\/\/www.cellactiva.com\/de-de\/wp-content\/uploads\/sites\/2\/2023\/01\/cellactiva_The-Body-Electric_r.jpg 400w\" sizes=\"(max-width: 199px) 100vw, 199px\" \/><\/p>\n<p><span style=\"color: #9b111e;\">Foto: Buchcover \u201eThe Body Electric\u201c von Prof. Dr. med. Robert O. Becker<\/span><br \/><span style=\"color: #9b111e;\">Quelle: Wikipedia<\/span><\/p>\n<p><strong>Er entdeckte<\/strong>, dass K\u00f6rper und Gehirn durch elektrische Str\u00f6me und mit elektromagnetischen Wellen kommunizieren. So wurde er Gutachter f\u00fcr die sch\u00e4dliche Wirkung der 50\/60 Hz in den Stromkabeln, heute bekannt als Elektrosmog. Nebenbei, \u00fcbrigens, konnte er die Akupunkturpunkte wissenschaftlich beweisen.<\/p>\n<p><strong>In der deutschsprachigen Ausgabe<\/strong> des Buches war ein Vorwort von einem Dr. Fischer, der zusammen mit der Uni Saarbr\u00fccken in Deutschland ebenfalls im gleichen Bereich forschte. Dr. Becker wollte unbedingt mit ihm zusammenarbeiten. Mein Interesse war geweckt. K\u00f6nnte hier die L\u00f6sung f\u00fcr meine gesundheitlichen Probleme liegen?<\/p>\n<p><strong>Ich machte mich auf die Suche<\/strong> nach Dr. Fischer. Nach einiger Zeit hatte ich ihn gefunden. Wir telefonierten. Ich erz\u00e4hlte ihm meine Geschichte und er lud mich ein, ihn zu besuchen.<\/p>\n<p><strong>Er erz\u00e4hlte mir<\/strong>, dass er im Alter von 39 Jahren einen Hirnschlag erlitt und halbseitig gel\u00e4hmt war. Seine \u00c4rzte hatten ihn aufgegeben. Aber er wollte sich nicht mit einem Leben im Rollstuhl abfinden.<\/p>\n<p>[\/et_pb_accordion_item][\/et_pb_accordion][et_pb_accordion toggle_icon=&#8220;&#xf107;||fa||900&#8243; _builder_version=&#8220;4.19.1&#8243; _module_preset=&#8220;default&#8220; global_colors_info=&#8220;{}&#8220;][et_pb_accordion_item title=&#8220;Uni Saarbr\u00fccken&#8220; open=&#8220;on&#8220; _builder_version=&#8220;4.19.1&#8243; _module_preset=&#8220;default&#8220; global_colors_info=&#8220;{}&#8220;]<\/p>\n<p><strong>Als Ingenieur und Entwickler<\/strong> machte er sich an die Arbeit, scharte ein Team von internationalen Experten um sich, und begann ein Therapieger\u00e4t zu entwickeln. Die meisten Arbeiten wurden an der Uni Saarbr\u00fccken durchgef\u00fchrt.<\/p>\n<p><strong>Nach jahrelanger Forschungsarbeit<\/strong> brachte er sein erstes Therapieger\u00e4t mit gro\u00dfem Erfolg auf den Markt. Sicher k\u00f6nnen Sie sich jetzt fast schon denken, dass es Dr. Fischer auf diesem Weg gelungen war, selbst wieder ganz gesund zu werden. Ein beeindruckendes Ergebnis, was mir noch mehr Grund zur Hoffnung gab.<\/p>\n<p>[\/et_pb_accordion_item][\/et_pb_accordion][et_pb_accordion toggle_icon=&#8220;&#xf078;||fa||900&#8243; _builder_version=&#8220;4.21.0&#8243; _module_preset=&#8220;default&#8220; global_colors_info=&#8220;{}&#8220;][et_pb_accordion_item title=&#8220;Das Original&#8220; open=&#8220;on&#8220; _builder_version=&#8220;4.21.0&#8243; _module_preset=&#8220;default&#8220; global_colors_info=&#8220;{}&#8220;]<\/p>\n<p><strong>An dieser Stelle hatte ich eine eindrucksvolle Beschreibung<\/strong>, wie ich Dr. Fischer kennenlernte und welche Erfolge ich mit seinem bereits 1993 patentierten Ger\u00e4t zur Physikalischen Gef\u00e4\u00dftherapie hatte.<\/p>\n<p><strong>Aber auch das soll sittenwidriger und unlauterer Wettbewerb sein.<\/strong><\/p>\n<p>Ich rief Dr. Fischer an und traf mich erneut mit ihm. Bei diesem Gespr\u00e4ch sagte ich ihm, dass ich sein Ger\u00e4t unbedingt vertreiben wolle.<\/p>\n<p><strong>Es hat mir geholfen<\/strong> und ich stellte mir vor, wie vielen Menschen ich damit ebenfalls helfen k\u00f6nnte.<\/p>\n<p>[\/et_pb_accordion_item][\/et_pb_accordion][et_pb_accordion toggle_icon=&#8220;&#xf078;||fa||900&#8243; _builder_version=&#8220;4.19.2&#8243; _module_preset=&#8220;default&#8220; global_colors_info=&#8220;{}&#8220;][et_pb_accordion_item title=&#8220;Dr. rer. nat. Ulrich Warnke&#8220; open=&#8220;on&#8220; _builder_version=&#8220;4.19.2&#8243; _module_preset=&#8220;default&#8220; global_colors_info=&#8220;{}&#8220;]<\/p>\n<p><strong>Als erstes begann ich jedoch<\/strong>, mich in die Literatur und Forschungsarbeiten der Uni Saarbr\u00fccken einzulesen. Dazu suchte ich mir Experten, die mich bei meinem Vorhaben unterst\u00fctzen.<\/p>\n<p><span style=\"color: #9b111e;\"><img loading=\"lazy\" decoding=\"async\" src=\"https:\/\/www.cellactiva.com\/de-de\/wp-content\/uploads\/sites\/2\/2022\/11\/cellactiva_Ulrich-Warnke_r-200x300.jpg\" width=\"200\" height=\"300\" alt=\"\" class=\"wp-image-2061 alignnone size-medium\" \/><\/span><\/p>\n<p><span style=\"color: #9b111e;\">Foto: Dr. rer. nat. Ulrich Warnke<br \/>Quelle: Wikipedia<\/span><\/p>\n<p><strong>Die Forschungsarbeiten<\/strong> an der Uni Saarbr\u00fccken f\u00fchrte Dr. rer. nat. Ulrich Warnke (geb. 1945) durch. Er studierte u.a. Biologie und Physik. Damit war er der Richtige f\u00fcr diese interdisziplin\u00e4re Forschung. Er schrieb ein Buch \u00fcber seine Forschungen. \u201eDer Mensch und die 3. Kraft\u201c hie\u00df es.<\/p>\n<p><img loading=\"lazy\" decoding=\"async\" src=\"https:\/\/www.cellactiva.com\/de-de\/wp-content\/uploads\/sites\/2\/2023\/01\/cellactiva_Der-Mensch-und-die-dritte-Kraft_r-202x300.jpg\" width=\"202\" height=\"300\" alt=\"\" class=\"wp-image-2253 alignnone size-medium\" srcset=\"https:\/\/www.cellactiva.com\/de-de\/wp-content\/uploads\/sites\/2\/2023\/01\/cellactiva_Der-Mensch-und-die-dritte-Kraft_r-202x300.jpg 202w, https:\/\/www.cellactiva.com\/de-de\/wp-content\/uploads\/sites\/2\/2023\/01\/cellactiva_Der-Mensch-und-die-dritte-Kraft_r.jpg 336w\" sizes=\"(max-width: 202px) 100vw, 202px\" \/><\/p>\n<p><span style=\"color: #9b111e;\">Foto: Buchcover \u201eDer Mensch und die dritte Kraft\u201c von Dr. rer. nat. Ulrich Warnke<\/span><br \/><span style=\"color: #9b111e;\">Quelle: Wikipedia<\/span><\/p>\n<p><strong>Nach 10 Monaten<\/strong> und viel wissenschaftlicher Literatur hatte ich verstanden, was hinter den bahnbrechenden Forschungen der Uni Saarbr\u00fccken wirklich steckte. Forschung, Funktionen und Wirkungen waren allesamt dokumentiert und mit Messergebnissen belegt.<\/p>\n<p>[\/et_pb_accordion_item][\/et_pb_accordion][et_pb_accordion toggle_icon=&#8220;&#xf078;||fa||900&#8243; _builder_version=&#8220;4.19.1&#8243; _module_preset=&#8220;default&#8220; global_colors_info=&#8220;{}&#8220;][et_pb_accordion_item title=&#8220;Der n\u00e4chste Schritt&#8220; open=&#8220;on&#8220; _builder_version=&#8220;4.19.1&#8243; _module_preset=&#8220;default&#8220; global_colors_info=&#8220;{}&#8220;]<\/p>\n<p><strong>Der n\u00e4chste Schritt war<\/strong>, das ganze Wissen so aufzubereiten, dass es auch medizinische Laien gut verstehen k\u00f6nnen. Heute befindet sich vieles davon auf dieser Webseite, damit sich Interessierte belesen k\u00f6nnen.<\/p>\n<p><strong>Im Herbst 2017 war es soweit<\/strong>. Meine Webseite war online. Und der Erfolg war \u00fcberw\u00e4ltigend.<\/p>\n<p><strong>Doch schon im Sommer 2018<\/strong> kam ein Zeitpunkt, an dem ich einen neuen Weg gehen musste. Sp\u00e4ter erweisen sich solche Situationen oft als ein Segen. Manchmal gibt es Dinge im Leben, da muss man einfach dar\u00fcberstehen.<\/p>\n<p><strong>Daraus entstand die Idee zur Weiterentwicklung<\/strong>. Die Forschungsarbeiten der Uni Saarbr\u00fccken waren eine gute Grundlage. Das Patent zum Ionentransport konnten wir ebenfalls nutzen. Ich suchte mir Experten aus den Fachbereichen Physik, Chemie, Biologie, Medizin und Elektronik. Wieder begann ich zu lesen und entdeckte spannende Dinge.<\/p>\n<p>[\/et_pb_accordion_item][\/et_pb_accordion][et_pb_accordion toggle_icon=&#8220;&#xf078;||fa||900&#8243; _builder_version=&#8220;4.19.2&#8243; _module_preset=&#8220;default&#8220; global_colors_info=&#8220;{}&#8220;][et_pb_accordion_item title=&#8220;Prof. Herbert L. K\u00f6nig&#8220; open=&#8220;on&#8220; _builder_version=&#8220;4.19.2&#8243; _module_preset=&#8220;default&#8220; global_colors_info=&#8220;{}&#8220;]<\/p>\n<p><img loading=\"lazy\" decoding=\"async\" src=\"https:\/\/www.cellactiva.com\/de-de\/wp-content\/uploads\/sites\/2\/2023\/01\/cellactiva_Herbert-L-Koenig_r-254x300.jpg\" width=\"214\" height=\"252\" alt=\"\" class=\"wp-image-2254 alignnone size-medium\" srcset=\"https:\/\/www.cellactiva.com\/de-de\/wp-content\/uploads\/sites\/2\/2023\/01\/cellactiva_Herbert-L-Koenig_r-254x300.jpg 254w, https:\/\/www.cellactiva.com\/de-de\/wp-content\/uploads\/sites\/2\/2023\/01\/cellactiva_Herbert-L-Koenig_r.jpg 300w\" sizes=\"(max-width: 214px) 100vw, 214px\" \/><\/p>\n<p><span style=\"color: #9b111e;\">Foto: Prof. Herbert L. K\u00f6nig<\/span><br \/><span style=\"color: #9b111e;\">Quelle: Wikipedia<\/span><\/p>\n<p>Wissenschaftlicher Begleiter und Mitinhaber des Patents zum Ionentransport war Herbert L. K\u00f6nig (1925-1996). Er war Professor f\u00fcr Physik an der Technischen Universit\u00e4t M\u00fcnchen.<\/p>\n<p><img loading=\"lazy\" decoding=\"async\" src=\"https:\/\/www.cellactiva.com\/de-de\/wp-content\/uploads\/sites\/2\/2022\/11\/cellactiva_Unsichtbare-Umwelt__r-212x300.jpg\" width=\"212\" height=\"300\" alt=\"\" class=\"wp-image-1342 alignnone size-medium\" \/><\/p>\n<p><span style=\"color: #9b111e;\">Foto: Buchcover \u201eUnsichtbare Welt\u201c von Prof. Herbert L. K\u00f6nig<\/span><br \/><span style=\"color: #9b111e;\">Quelle: Wikipedia<\/span><\/p>\n<p>Sein Buch &#8222;Unsichtbare Umwelt&#8220; war das Standardwerk f\u00fcr tausende von Physik-Studenten in der zweiten H\u00e4lfte des letzten Jahrhunderts.<\/p>\n<p>Die Suche ging weiter\u2026<\/p>\n<p>[\/et_pb_accordion_item][\/et_pb_accordion][et_pb_accordion toggle_icon=&#8220;&#xf078;||fa||900&#8243; _builder_version=&#8220;4.19.2&#8243; _module_preset=&#8220;default&#8220; global_colors_info=&#8220;{}&#8220;][et_pb_accordion_item title=&#8220;Prof. Dr. Ing. h.c. Winfried Otto Schumann &#8220; open=&#8220;on&#8220; _builder_version=&#8220;4.19.2&#8243; _module_preset=&#8220;default&#8220; global_colors_info=&#8220;{}&#8220;]<\/p>\n<p>Prof. Herbert L. K\u00f6nig war nicht irgendwer. Er war ein Sch\u00fcler des Physikers Prof. Dr. Ing. h.c. Winfried Otto Schumann (1888-1974), dem Namensgeber der ber\u00fchmten Schumann-Frequenz.<\/p>\n<p><img loading=\"lazy\" decoding=\"async\" src=\"https:\/\/www.cellactiva.com\/de-de\/wp-content\/uploads\/sites\/2\/2022\/10\/cellactiva_Prof-Herbert-L-Koenig_r-221x300.jpg\" width=\"221\" height=\"300\" alt=\"\" class=\"wp-image-204 alignnone size-medium\" srcset=\"https:\/\/www.cellactiva.com\/de-de\/wp-content\/uploads\/sites\/2\/2022\/10\/cellactiva_Prof-Herbert-L-Koenig_r-221x300.jpg 221w, https:\/\/www.cellactiva.com\/de-de\/wp-content\/uploads\/sites\/2\/2022\/10\/cellactiva_Prof-Herbert-L-Koenig_r.jpg 260w\" sizes=\"(max-width: 221px) 100vw, 221px\" \/><\/p>\n<p><span style=\"color: #9b111e;\">Foto: Prof. Dr. Ing. h.c. Winfried Otto Schumann<\/span><br \/><span style=\"color: #9b111e;\">Quelle: Wikipedia<\/span><\/p>\n<p>Beide gemeinsam konnten 1952 diesen altbekannten Effekt mathematisch beschreiben und physikalisch erkl\u00e4ren. 1960 wurde die Schumann-Frequenz dann durch ein Experiment nachweisen.<\/p>\n<p>[\/et_pb_accordion_item][\/et_pb_accordion][et_pb_accordion toggle_icon=&#8220;&#xf078;||fa||900&#8243; _builder_version=&#8220;4.19.1&#8243; _module_preset=&#8220;default&#8220; global_colors_info=&#8220;{}&#8220;][et_pb_accordion_item title=&#8220;Nikola Tesla&#8220; open=&#8220;on&#8220; _builder_version=&#8220;4.19.1&#8243; _module_preset=&#8220;default&#8220; global_colors_info=&#8220;{}&#8220;]<\/p>\n<p>Den Effekt, den wir heute unter Schumann-Frequenz kennen wurde erstmals von niemand geringeren als Nikola Tesla (1856-1943) entdeckt.<\/p>\n<p><img loading=\"lazy\" decoding=\"async\" src=\"https:\/\/www.cellactiva.com\/de-de\/wp-content\/uploads\/sites\/2\/2022\/10\/cellactiva_Nikola-Tesla_r-236x300.jpg\" width=\"236\" height=\"300\" alt=\"\" class=\"wp-image-205 alignnone size-medium\" srcset=\"https:\/\/www.cellactiva.com\/de-de\/wp-content\/uploads\/sites\/2\/2022\/10\/cellactiva_Nikola-Tesla_r-236x300.jpg 236w, https:\/\/www.cellactiva.com\/de-de\/wp-content\/uploads\/sites\/2\/2022\/10\/cellactiva_Nikola-Tesla_r.jpg 260w\" sizes=\"(max-width: 236px) 100vw, 236px\" \/><\/p>\n<p><span style=\"color: #9b111e;\">Foto: Nikola Tesla<\/span><br \/><span style=\"color: #9b111e;\">Quelle: Wikipedia<\/span><\/p>\n<p>Das war 1902 bei seinen Forschungen f\u00fcr die nach ihm benannte Tesla-Spule. Nikola Tesla bemerkte, dass Blitze eine Frequenz von rund 7,83 Hertz erzeugen, aber er konnte sich den Effekt nicht erkl\u00e4ren, weil die Ionosph\u00e4re noch nicht bekannt war.<\/p>\n<p><strong>Heute wissen wir,<\/strong> dass die Schumann-Frequenz mit ihren 7,83 Hertz eine elektromagnetische Schwingung ist, die zwischen Erdoberfl\u00e4che und Ionosph\u00e4re rund um die Erde besteht. F\u00fcr Viele ist die Schumann-Frequenz daher der \u201ePulsschlag der Erde\u201c.<\/p>\n<p>[\/et_pb_accordion_item][\/et_pb_accordion][et_pb_accordion toggle_icon=&#8220;&#xf078;||fa||900&#8243; _builder_version=&#8220;4.19.1&#8243; _module_preset=&#8220;default&#8220; global_colors_info=&#8220;{}&#8220;][et_pb_accordion_item title=&#8220;Petra Falke&#8220; open=&#8220;on&#8220; _builder_version=&#8220;4.19.1&#8243; _module_preset=&#8220;default&#8220; global_colors_info=&#8220;{}&#8220;]<\/p>\n<p><strong>Durch meine Arbeit als ausgebildete Hypnose-Therapeutin<\/strong>*) und Mentaltrainerin war mir bekannt, dass eine erfolgreiche Sitzung nur in einem entspannten Zustand funktioniert.<\/p>\n<p>*) Abschluss als Klinischer Hypnosetherapeut nach Dr. phil. Dr. hc. Klaus Mika, Erste Deutsche Schule f\u00fcr Klinische Hypnose und Iridologie, Hildesheim<\/p>\n<p><img loading=\"lazy\" decoding=\"async\" src=\"https:\/\/www.cellactiva.com\/de-de\/wp-content\/uploads\/sites\/2\/2022\/11\/cellactiva_Petra-Falke__r-225x300.jpg\" width=\"225\" height=\"300\" alt=\"\" class=\"wp-image-1338 alignnone size-medium\" \/><\/p>\n<p><span style=\"color: #9b111e;\">Foto_Petra-Falke<\/span><br \/><span style=\"color: #9b111e;\">\u00a9 cellactiva<\/span><\/p>\n<p>Das Gehirn befindet sich dann im Alpha-Zustand, einer Schwingungsfrequenz zwischen 8-14 Hertz. Die 8 Hertz am unteren Ende entsprechen ziemlich genau der Schumann-Frequenz, die 14 Hertz am oberen Ende der ersten Oberwelle der Schumann-Frequenz. Das ist doch wirklich spannend, nicht wahr?<\/p>\n<p>[\/et_pb_accordion_item][\/et_pb_accordion][et_pb_accordion toggle_icon=&#8220;&#xf078;||fa||900&#8243; _builder_version=&#8220;4.18.0&#8243; _module_preset=&#8220;default&#8220; global_colors_info=&#8220;{}&#8220;][et_pb_accordion_item title=&#8220;Schumann-Frequenz&#8220; open=&#8220;on&#8220; _builder_version=&#8220;4.18.0&#8243; _module_preset=&#8220;default&#8220; global_colors_info=&#8220;{}&#8220;]<\/p>\n<p>Mir war schnell klar, dass geistige und k\u00f6rperliche Entspannung und die Schumann-Frequenz gut zusammenpassen. Der \u201ePulsschlag der Erde\u201c und unsere innere Ruhe haben die gleiche Frequenz. Daraus entstand eine gro\u00dfartige Idee f\u00fcr die Weiterentwicklung der bekannten Technologie. Was w\u00e4re, wenn wir den <strong>Ionentransport <\/strong>und die <strong>Schumann-Frequenz<\/strong> miteinander verbinden k\u00f6nnten?<\/p>\n<p>[\/et_pb_accordion_item][\/et_pb_accordion][et_pb_accordion toggle_icon=&#8220;&#xf078;||fa||900&#8243; _builder_version=&#8220;4.21.0&#8243; _module_preset=&#8220;default&#8220; global_colors_info=&#8220;{}&#8220;][et_pb_accordion_item title=&#8220;cellactiva plus&#8220; open=&#8220;on&#8220; _builder_version=&#8220;4.21.0&#8243; _module_preset=&#8220;default&#8220; global_colors_info=&#8220;{}&#8220;]<\/p>\n<p><strong>An dieser Stelle hatte ich eine eindrucksvolle Beschreibung<\/strong>, wie mein Team und ich das Projekt cellactiva plus starteten.<\/p>\n<p><strong>Aber auch das soll sittenwidriger und unlauterer Wettbewerb sein.<\/strong><\/p>\n<p>Viele Ideen und Anregungen unserer begeisterten Kunden sind ins Produkt ebenfalls mit eingeflossen. Lassen auch Sie sich \u00fcberraschen\u2026\u00a0<\/p>\n<p><span style=\"color: #9b111e;\"><\/span><\/p>\n<p><span style=\"color: #9b111e;\">Ich w\u00fcnsche Ihnen alles erdenklich Gute, vor allem Gesundheit,<\/span><\/p>\n<p><span style=\"color: #9b111e;\">Ihre Petra Falke<\/span><\/p>\n<p>[\/et_pb_accordion_item][\/et_pb_accordion][\/et_pb_column][\/et_pb_row][et_pb_row column_structure=&#8220;2_5,3_5&#8243; _builder_version=&#8220;4.18.1&#8243; _module_preset=&#8220;default&#8220; global_colors_info=&#8220;{}&#8220;][et_pb_column type=&#8220;2_5&#8243; _builder_version=&#8220;4.18.1&#8243; _module_preset=&#8220;default&#8220; border_radii=&#8220;off|10px|0px|0px|10px&#8220; global_colors_info=&#8220;{}&#8220;][et_pb_image src=&#8220;https:\/\/www.cellactiva.com\/de-de\/wp-content\/uploads\/sites\/2\/2022\/10\/Vita-Petra-Falke.jpg&#8220; title_text=&#8220;Vita-Petra-Falke&#8220; _builder_version=&#8220;4.18.1&#8243; _module_preset=&#8220;default&#8220; border_radii=&#8220;on|20px|20px|20px|20px&#8220; global_colors_info=&#8220;{}&#8220;][\/et_pb_image][et_pb_text _builder_version=&#8220;4.21.0&#8243; _module_preset=&#8220;default&#8220; custom_margin=&#8220;10px||||false|false&#8220; global_colors_info=&#8220;{}&#8220;]<\/p>\n<p style=\"text-align: left;\">Hoch hinaus &#8211; Berglauf von S\u00f6lden zum Rettenbachferner<\/p>\n<p>[\/et_pb_text][\/et_pb_column][et_pb_column type=&#8220;3_5&#8243; _builder_version=&#8220;4.18.1&#8243; _module_preset=&#8220;default&#8220; border_radii=&#8220;off|0px|10px|10px|0px&#8220; global_colors_info=&#8220;{}&#8220;][et_pb_text _builder_version=&#8220;4.19.1&#8243; _module_preset=&#8220;default&#8220; global_colors_info=&#8220;{}&#8220;]<\/p>\n<h2><strong>Petra Falke<\/strong><\/h2>\n<p><strong>Inhaberin und Vertriebsleitung<\/strong><\/p>\n<p>Von der Versicherungsbranche in den Gesundheitsbereich.<\/p>\n<p>&nbsp;<\/p>\n<ul>\n<li>1997: Ausbildung bei der Mannheimer Versicherung.<\/li>\n<li>1998: Abgeworben von der N\u00fcrnberger Versicherung.<\/li>\n<li>1998: Filialleitung \u00fcbernommen und Betreuung von 30 Mitarbeitern.<\/li>\n<li>1999: Nach 6 Monaten war die Filiale profitabel.<\/li>\n<li>2000: Ausbildung nebenbei zur Hypnotherapeutin (<span>Dr. phil. Dr. hc. Klaus Mika).<\/span><\/li>\n<li>2002: Ausbildung nebenbei zum Personal-Coach, NLP<\/li>\n<li>2003: Angebot, mit einem Partner einen Maklerpool zu gr\u00fcnden, um Versicherungsmakler und Investmentberater zu beraten.<\/li>\n<li>2003: Aufbau Versicherungspool mit 450 ausschlie\u00dflich freien Maklern.<\/li>\n<li>2006: Aufbau Investmentpool mit 400 ausschlie\u00dflich freien Maklern mit zwei exklusiven Investmentfonds bei einem der gr\u00f6\u00dften privaten Verm\u00f6gensverwalter.<\/li>\n<li>2006: Ab dem ersten Jahr bei der Helvetia unter den Top 10.<\/li>\n<li>2006: Entwicklung eigener Versicherungsprodukte mit der Helvetia Versicherung.<\/li>\n<li>2011: Ausstieg und Sabbatjahr. Ausbildung zur Mentaltrainerin.<\/li>\n<li>2012: Firmengr\u00fcndung \u2013 Vertrieb von Medizintechnik.<\/li>\n<li>2016: Online-Marketing und Online-Vertriebsaufbau f\u00fcr Medizinprodukte im B2C Bereich.<\/li>\n<li>2017: Vertriebsaufbau f\u00fcr Medizinprodukte im B2B Bereich.<\/li>\n<li>2020: Entwicklung der E-Books im Rahmen der cellactiva Gesundheitsprogramme.<\/li>\n<\/ul>\n<p>[\/et_pb_text][\/et_pb_column][\/et_pb_row][et_pb_row column_structure=&#8220;2_5,3_5&#8243; _builder_version=&#8220;4.18.1&#8243; _module_preset=&#8220;default&#8220; global_colors_info=&#8220;{}&#8220;][et_pb_column type=&#8220;2_5&#8243; _builder_version=&#8220;4.18.1&#8243; _module_preset=&#8220;default&#8220; border_radii=&#8220;off|10px|0px|0px|10px&#8220; global_colors_info=&#8220;{}&#8220;][et_pb_image src=&#8220;https:\/\/www.cellactiva.com\/de-de\/wp-content\/uploads\/sites\/2\/2022\/10\/Vita-Joerg-Hofmann.jpg&#8220; title_text=&#8220;Vita-J\u00f6rg-Hofmann&#8220; _builder_version=&#8220;4.18.1&#8243; _module_preset=&#8220;default&#8220; border_radii=&#8220;on|20px|20px|20px|20px&#8220; global_colors_info=&#8220;{}&#8220;][\/et_pb_image][et_pb_text _builder_version=&#8220;4.21.0&#8243; _module_preset=&#8220;default&#8220; custom_margin=&#8220;10px||||false|false&#8220; global_colors_info=&#8220;{}&#8220;]<\/p>\n<p style=\"text-align: left;\">Hoch hinaus &#8211; Berg-Etappe am Stilfser Joch<\/p>\n<p>[\/et_pb_text][\/et_pb_column][et_pb_column type=&#8220;3_5&#8243; _builder_version=&#8220;4.18.1&#8243; _module_preset=&#8220;default&#8220; border_radii=&#8220;off|0px|10px|10px|0px&#8220; global_colors_info=&#8220;{}&#8220;][et_pb_text _builder_version=&#8220;4.18.1&#8243; _module_preset=&#8220;default&#8220; global_colors_info=&#8220;{}&#8220;]<\/p>\n<h2><strong>J\u00f6rg Hofmann<\/strong><\/h2>\n<p><strong>Projektmanagement<\/strong><\/p>\n<p>Vom Hochleistungssport zum IT-gest\u00fctzten Marketing in der Fitness-Branche.<\/p>\n<p>&nbsp;<\/p>\n<ul>\n<li>1975: Schach, Turnierspieler, Turniersieger, Spezialit\u00e4t Blitzschach.<\/li>\n<li>1981: Sportstudium in K\u00f6ln.<\/li>\n<li>1984: Hochleistungssport, Triathlon-Profi, Internationale Medaillen, Nationalmannschaft A-Kader, Sprecher der Nationalmannschaft.<\/li>\n<li>1988: Buchautor \u201eErfolg im Triathlon\u201c.<\/li>\n<li>1989: Ausbildung im Sportmarketing bei Rost &amp; Partner, M\u00fcnchen.<\/li>\n<li>1990: abgeworben von BBM, M\u00fcnchen f\u00fcr den Verkauf von Softwarel\u00f6sungen.<\/li>\n<li>1991: abgeworben von der Galimar-Fitnessstudiokette im Schwarzwald.<\/li>\n<li>1991: Sanierung Galimar St. Georgen, von 230 auf 750 Mitglieder in 9 Monaten.<\/li>\n<li>1992: Aufbau Galimar Villingen, von 800 auf 1.600 Mitglieder in 9 Monaten.<\/li>\n<li>1992: Entwicklung &amp; Einf\u00fchrung eines IT gest\u00fctzten Marketing und Vertriebs-Systems.<\/li>\n<li>1993: \u00dcbernahme Vertrieb der Creasoft-Branchenl\u00f6sung f\u00fcr Fitnessclubs in Deutschland.<\/li>\n<li>1993: Entwicklung und Programmierung der CMP Marketing- und Vertriebs-Software.<\/li>\n<li>1994: \u00dcbernahme Vertrieb der Perfect-Branchenl\u00f6sung f\u00fcr Fitnessclubs in Deutschland.<\/li>\n<li>1995: Entwicklung der MEDINAwin Software f\u00fcr Fitnessclubs in Deutschland, \u00d6sterreich, Schweiz, Frankreich, Italien.<\/li>\n<li>1997: Gastdozent an der Uni Heidelberg: Erfolgskriterien in der Fitness-Branche.<\/li>\n<li>2003: Entwicklung erster Webseiten mit Webshop.<\/li>\n<li>2003-2006: Projekt-Management f\u00fcr die DaimlerChrysler AG: VIP Zutrittskontrolle Catering IAA Frankfurt, IAA Nutzfahrzeuge Hannover.<\/li>\n<li>2004-2006:\u00a0Projekt-Management f\u00fcr die DaimlerChrysler AG Motorsport-Abteilung:\u00a0VIP Zutrittskontrolle Catering DTM- und FORMEL1-Rennen.<\/li>\n<li>2005: Entwicklung weiterer IT-Branchenl\u00f6sungen.<\/li>\n<li>2008: Projekt-Management, Sanierung von Fitness-Clubs, Unterst\u00fctzung branchenbekannter Unternehmen auf dem Weg zur Marktf\u00fchrerschaft.<\/li>\n<li>2016: Entwicklung der GoogleAds Marketing-Strategien f\u00fcr medizinische Produkte im B2C-Bereich.<\/li>\n<li>2020: Wegen des Corona-Shutdowns: Die Entscheidung, das seit 1993 erfolgreich funktionierende CMP Marketing-Konzept jetzt vollst\u00e4ndig zu digitalisieren, automatisieren und auf E-Mails umzustellen.<\/li>\n<\/ul>\n<p>[\/et_pb_text][\/et_pb_column][\/et_pb_row][et_pb_row column_structure=&#8220;2_5,3_5&#8243; disabled_on=&#8220;on|on|on&#8220; _builder_version=&#8220;4.23.1&#8243; _module_preset=&#8220;default&#8220; disabled=&#8220;on&#8220; global_colors_info=&#8220;{}&#8220;][et_pb_column type=&#8220;2_5&#8243; _builder_version=&#8220;4.18.1&#8243; _module_preset=&#8220;default&#8220; border_radii=&#8220;off|10px|0px|0px|10px&#8220; global_colors_info=&#8220;{}&#8220;][et_pb_image src=&#8220;https:\/\/www.cellactiva.com\/de-de\/wp-content\/uploads\/sites\/2\/2022\/10\/Vita-Andreas-Wegermann.jpg&#8220; title_text=&#8220;Vita-Andreas-Wegermann&#8220; _builder_version=&#8220;4.18.1&#8243; _module_preset=&#8220;default&#8220; border_radii=&#8220;on|20px|20px|20px|20px&#8220; global_colors_info=&#8220;{}&#8220;][\/et_pb_image][et_pb_text _builder_version=&#8220;4.21.0&#8243; _module_preset=&#8220;default&#8220; text_font=&#8220;||||||||&#8220; custom_margin=&#8220;10px||||false|false&#8220; global_colors_info=&#8220;{}&#8220;]<\/p>\n<p style=\"text-align: left;\">Immer einen Schritt voraus &#8211; Mammut-Marsch<\/p>\n<p>[\/et_pb_text][\/et_pb_column][et_pb_column type=&#8220;3_5&#8243; _builder_version=&#8220;4.18.1&#8243; _module_preset=&#8220;default&#8220; border_radii=&#8220;off|0px|10px|10px|0px&#8220; global_colors_info=&#8220;{}&#8220;][et_pb_text _builder_version=&#8220;4.19.2&#8243; _module_preset=&#8220;default&#8220; global_colors_info=&#8220;{}&#8220;]<\/p>\n<h2><strong>Andreas Wegermann<\/strong><\/h2>\n<p><strong>IT- &amp; Online-Marketing-Management<\/strong><\/p>\n<p>Vom IT-Nerd zum Online-Marketing-Berater im American Football.<\/p>\n<p>&nbsp;<\/p>\n<ul>\n<li>Erfahrungen im Webdesign seit 1995<\/li>\n<li>Erfahrungen im Online-Marketing seit 1999<\/li>\n<li>Erfahrungen im internationalen Agentur-Alltag<\/li>\n<li>Zertifizierter Online-Marketing-Consultant (IHK)<\/li>\n<li>Zertifizierter Content-Marketing-Manager (IHK)<\/li>\n<li>Zertifizierter Social-Media-Marketing-Manager (IHK)<\/li>\n<\/ul>\n<p>[\/et_pb_text][\/et_pb_column][\/et_pb_row][\/et_pb_section]<\/p>\n","protected":false},"excerpt":{"rendered":"<p>\u00dcber unsGuten Tag, liebe Leserin, lieber Leser, mein Name ist Petra Falke. Seit \u00fcber 25 Jahren arbeite ich als selbst\u00e4ndige Unternehmerin. Ich liebe Sport, am liebsten jogge ich oder wandere in den Bergen und genie\u00dfe die Natur. Dazu achte ich auf meine Ern\u00e4hrung und bin immer daran interessiert, was ich selbst f\u00fcr meine Gesundheit tun [&hellip;]<\/p>\n","protected":false},"author":3,"featured_media":0,"parent":0,"menu_order":0,"comment_status":"closed","ping_status":"closed","template":"","meta":{"_acf_changed":false,"_et_pb_use_builder":"on","_et_pb_old_content":"","_et_gb_content_width":"","footnotes":""},"class_list":["post-309","page","type-page","status-publish","hentry"],"acf":[],"yoast_head":"<!-- This site is optimized with the Yoast SEO plugin v25.3 - https:\/\/yoast.com\/wordpress\/plugins\/seo\/ -->\n<title>\u00dcber uns - cellactiva de-DE<\/title>\n<meta name=\"robots\" content=\"index, follow, max-snippet:-1, max-image-preview:large, max-video-preview:-1\" \/>\n<link rel=\"canonical\" href=\"https:\/\/www.cellactiva.com\/de-de\/ueber-uns\/\" \/>\n<meta property=\"og:locale\" content=\"de_DE\" \/>\n<meta property=\"og:type\" content=\"article\" \/>\n<meta property=\"og:title\" content=\"\u00dcber uns - cellactiva de-DE\" \/>\n<meta property=\"og:description\" content=\"\u00dcber unsGuten Tag, liebe Leserin, lieber Leser, mein Name ist Petra Falke. Seit \u00fcber 25 Jahren arbeite ich als selbst\u00e4ndige Unternehmerin. Ich liebe Sport, am liebsten jogge ich oder wandere in den Bergen und genie\u00dfe die Natur. Dazu achte ich auf meine Ern\u00e4hrung und bin immer daran interessiert, was ich selbst f\u00fcr meine Gesundheit tun [&hellip;]\" \/>\n<meta property=\"og:url\" content=\"https:\/\/www.cellactiva.com\/de-de\/ueber-uns\/\" \/>\n<meta property=\"og:site_name\" content=\"cellactiva de-DE\" \/>\n<meta property=\"article:modified_time\" content=\"2024-07-09T09:04:08+00:00\" \/>\n<meta property=\"og:image\" content=\"https:\/\/www.cellactiva.com\/de-de\/wp-content\/uploads\/sites\/2\/2023\/01\/cellactiva_Robert-O-Becker_r-243x300.jpg\" \/>\n<meta name=\"twitter:card\" content=\"summary_large_image\" \/>\n<meta name=\"twitter:label1\" content=\"Gesch\u00e4tzte Lesezeit\" \/>\n\t<meta name=\"twitter:data1\" content=\"14\u00a0Minuten\" \/>\n<script type=\"application\/ld+json\" class=\"yoast-schema-graph\">{\"@context\":\"https:\/\/schema.org\",\"@graph\":[{\"@type\":\"WebPage\",\"@id\":\"https:\/\/www.cellactiva.com\/de-de\/ueber-uns\/\",\"url\":\"https:\/\/www.cellactiva.com\/de-de\/ueber-uns\/\",\"name\":\"\u00dcber uns - cellactiva de-DE\",\"isPartOf\":{\"@id\":\"https:\/\/www.cellactiva.com\/de-de\/#website\"},\"primaryImageOfPage\":{\"@id\":\"https:\/\/www.cellactiva.com\/de-de\/ueber-uns\/#primaryimage\"},\"image\":{\"@id\":\"https:\/\/www.cellactiva.com\/de-de\/ueber-uns\/#primaryimage\"},\"thumbnailUrl\":\"https:\/\/www.cellactiva.com\/de-de\/wp-content\/uploads\/sites\/2\/2023\/01\/cellactiva_Robert-O-Becker_r-243x300.jpg\",\"datePublished\":\"2022-10-13T11:38:41+00:00\",\"dateModified\":\"2024-07-09T09:04:08+00:00\",\"breadcrumb\":{\"@id\":\"https:\/\/www.cellactiva.com\/de-de\/ueber-uns\/#breadcrumb\"},\"inLanguage\":\"de\",\"potentialAction\":[{\"@type\":\"ReadAction\",\"target\":[\"https:\/\/www.cellactiva.com\/de-de\/ueber-uns\/\"]}]},{\"@type\":\"ImageObject\",\"inLanguage\":\"de\",\"@id\":\"https:\/\/www.cellactiva.com\/de-de\/ueber-uns\/#primaryimage\",\"url\":\"https:\/\/www.cellactiva.com\/de-de\/wp-content\/uploads\/sites\/2\/2023\/01\/cellactiva_Robert-O-Becker_r.jpg\",\"contentUrl\":\"https:\/\/www.cellactiva.com\/de-de\/wp-content\/uploads\/sites\/2\/2023\/01\/cellactiva_Robert-O-Becker_r.jpg\",\"width\":300,\"height\":371},{\"@type\":\"BreadcrumbList\",\"@id\":\"https:\/\/www.cellactiva.com\/de-de\/ueber-uns\/#breadcrumb\",\"itemListElement\":[{\"@type\":\"ListItem\",\"position\":1,\"name\":\"Startseite\",\"item\":\"https:\/\/www.cellactiva.com\/de-de\/\"},{\"@type\":\"ListItem\",\"position\":2,\"name\":\"\u00dcber uns\"}]},{\"@type\":\"WebSite\",\"@id\":\"https:\/\/www.cellactiva.com\/de-de\/#website\",\"url\":\"https:\/\/www.cellactiva.com\/de-de\/\",\"name\":\"cellactiva de-DE\",\"description\":\"Bio-Physikalische Gef\u00e4\u00dftherapie\",\"publisher\":{\"@id\":\"https:\/\/www.cellactiva.com\/de-de\/#organization\"},\"potentialAction\":[{\"@type\":\"SearchAction\",\"target\":{\"@type\":\"EntryPoint\",\"urlTemplate\":\"https:\/\/www.cellactiva.com\/de-de\/?s={search_term_string}\"},\"query-input\":{\"@type\":\"PropertyValueSpecification\",\"valueRequired\":true,\"valueName\":\"search_term_string\"}}],\"inLanguage\":\"de\"},{\"@type\":\"Organization\",\"@id\":\"https:\/\/www.cellactiva.com\/de-de\/#organization\",\"name\":\"cellactiva de-DE\",\"url\":\"https:\/\/www.cellactiva.com\/de-de\/\",\"logo\":{\"@type\":\"ImageObject\",\"inLanguage\":\"de\",\"@id\":\"https:\/\/www.cellactiva.com\/de-de\/#\/schema\/logo\/image\/\",\"url\":\"https:\/\/www.cellactiva.com\/de-de\/wp-content\/uploads\/sites\/2\/2022\/10\/cellactiva_Logo_Schrift_.png\",\"contentUrl\":\"https:\/\/www.cellactiva.com\/de-de\/wp-content\/uploads\/sites\/2\/2022\/10\/cellactiva_Logo_Schrift_.png\",\"width\":361,\"height\":54,\"caption\":\"cellactiva de-DE\"},\"image\":{\"@id\":\"https:\/\/www.cellactiva.com\/de-de\/#\/schema\/logo\/image\/\"}}]}<\/script>\n<!-- \/ Yoast SEO plugin. -->","yoast_head_json":{"title":"\u00dcber uns - cellactiva de-DE","robots":{"index":"index","follow":"follow","max-snippet":"max-snippet:-1","max-image-preview":"max-image-preview:large","max-video-preview":"max-video-preview:-1"},"canonical":"https:\/\/www.cellactiva.com\/de-de\/ueber-uns\/","og_locale":"de_DE","og_type":"article","og_title":"\u00dcber uns - cellactiva de-DE","og_description":"\u00dcber unsGuten Tag, liebe Leserin, lieber Leser, mein Name ist Petra Falke. Seit \u00fcber 25 Jahren arbeite ich als selbst\u00e4ndige Unternehmerin. Ich liebe Sport, am liebsten jogge ich oder wandere in den Bergen und genie\u00dfe die Natur. Dazu achte ich auf meine Ern\u00e4hrung und bin immer daran interessiert, was ich selbst f\u00fcr meine Gesundheit tun [&hellip;]","og_url":"https:\/\/www.cellactiva.com\/de-de\/ueber-uns\/","og_site_name":"cellactiva de-DE","article_modified_time":"2024-07-09T09:04:08+00:00","og_image":[{"url":"https:\/\/www.cellactiva.com\/de-de\/wp-content\/uploads\/sites\/2\/2023\/01\/cellactiva_Robert-O-Becker_r-243x300.jpg","type":"","width":"","height":""}],"twitter_card":"summary_large_image","twitter_misc":{"Gesch\u00e4tzte Lesezeit":"14\u00a0Minuten"},"schema":{"@context":"https:\/\/schema.org","@graph":[{"@type":"WebPage","@id":"https:\/\/www.cellactiva.com\/de-de\/ueber-uns\/","url":"https:\/\/www.cellactiva.com\/de-de\/ueber-uns\/","name":"\u00dcber uns - cellactiva de-DE","isPartOf":{"@id":"https:\/\/www.cellactiva.com\/de-de\/#website"},"primaryImageOfPage":{"@id":"https:\/\/www.cellactiva.com\/de-de\/ueber-uns\/#primaryimage"},"image":{"@id":"https:\/\/www.cellactiva.com\/de-de\/ueber-uns\/#primaryimage"},"thumbnailUrl":"https:\/\/www.cellactiva.com\/de-de\/wp-content\/uploads\/sites\/2\/2023\/01\/cellactiva_Robert-O-Becker_r-243x300.jpg","datePublished":"2022-10-13T11:38:41+00:00","dateModified":"2024-07-09T09:04:08+00:00","breadcrumb":{"@id":"https:\/\/www.cellactiva.com\/de-de\/ueber-uns\/#breadcrumb"},"inLanguage":"de","potentialAction":[{"@type":"ReadAction","target":["https:\/\/www.cellactiva.com\/de-de\/ueber-uns\/"]}]},{"@type":"ImageObject","inLanguage":"de","@id":"https:\/\/www.cellactiva.com\/de-de\/ueber-uns\/#primaryimage","url":"https:\/\/www.cellactiva.com\/de-de\/wp-content\/uploads\/sites\/2\/2023\/01\/cellactiva_Robert-O-Becker_r.jpg","contentUrl":"https:\/\/www.cellactiva.com\/de-de\/wp-content\/uploads\/sites\/2\/2023\/01\/cellactiva_Robert-O-Becker_r.jpg","width":300,"height":371},{"@type":"BreadcrumbList","@id":"https:\/\/www.cellactiva.com\/de-de\/ueber-uns\/#breadcrumb","itemListElement":[{"@type":"ListItem","position":1,"name":"Startseite","item":"https:\/\/www.cellactiva.com\/de-de\/"},{"@type":"ListItem","position":2,"name":"\u00dcber uns"}]},{"@type":"WebSite","@id":"https:\/\/www.cellactiva.com\/de-de\/#website","url":"https:\/\/www.cellactiva.com\/de-de\/","name":"cellactiva de-DE","description":"Bio-Physikalische Gef\u00e4\u00dftherapie","publisher":{"@id":"https:\/\/www.cellactiva.com\/de-de\/#organization"},"potentialAction":[{"@type":"SearchAction","target":{"@type":"EntryPoint","urlTemplate":"https:\/\/www.cellactiva.com\/de-de\/?s={search_term_string}"},"query-input":{"@type":"PropertyValueSpecification","valueRequired":true,"valueName":"search_term_string"}}],"inLanguage":"de"},{"@type":"Organization","@id":"https:\/\/www.cellactiva.com\/de-de\/#organization","name":"cellactiva de-DE","url":"https:\/\/www.cellactiva.com\/de-de\/","logo":{"@type":"ImageObject","inLanguage":"de","@id":"https:\/\/www.cellactiva.com\/de-de\/#\/schema\/logo\/image\/","url":"https:\/\/www.cellactiva.com\/de-de\/wp-content\/uploads\/sites\/2\/2022\/10\/cellactiva_Logo_Schrift_.png","contentUrl":"https:\/\/www.cellactiva.com\/de-de\/wp-content\/uploads\/sites\/2\/2022\/10\/cellactiva_Logo_Schrift_.png","width":361,"height":54,"caption":"cellactiva de-DE"},"image":{"@id":"https:\/\/www.cellactiva.com\/de-de\/#\/schema\/logo\/image\/"}}]}},"_links":{"self":[{"href":"https:\/\/www.cellactiva.com\/de-de\/wp-json\/wp\/v2\/pages\/309","targetHints":{"allow":["GET"]}}],"collection":[{"href":"https:\/\/www.cellactiva.com\/de-de\/wp-json\/wp\/v2\/pages"}],"about":[{"href":"https:\/\/www.cellactiva.com\/de-de\/wp-json\/wp\/v2\/types\/page"}],"author":[{"embeddable":true,"href":"https:\/\/www.cellactiva.com\/de-de\/wp-json\/wp\/v2\/users\/3"}],"replies":[{"embeddable":true,"href":"https:\/\/www.cellactiva.com\/de-de\/wp-json\/wp\/v2\/comments?post=309"}],"version-history":[{"count":32,"href":"https:\/\/www.cellactiva.com\/de-de\/wp-json\/wp\/v2\/pages\/309\/revisions"}],"predecessor-version":[{"id":2984,"href":"https:\/\/www.cellactiva.com\/de-de\/wp-json\/wp\/v2\/pages\/309\/revisions\/2984"}],"wp:attachment":[{"href":"https:\/\/www.cellactiva.com\/de-de\/wp-json\/wp\/v2\/media?parent=309"}],"curies":[{"name":"wp","href":"https:\/\/api.w.org\/{rel}","templated":true}]}}